{"id":9555,"date":"2026-03-13T13:43:35","date_gmt":"2026-03-13T12:43:35","guid":{"rendered":"https:\/\/www.eteach-thueringen.de\/gpp\/?post_type=lehrkonzept&#038;p=9555"},"modified":"2026-03-13T13:43:35","modified_gmt":"2026-03-13T12:43:35","slug":"selbstlerneinheiten-zur-reflexion-ueber-arbeitsfelder-der-sozialen-arbeit","status":"publish","type":"lehrkonzept","link":"https:\/\/www.eteach-thueringen.de\/gpp\/en\/lehrkonzept\/self-study-units-for-reflection-on-fields-of-social-work\/","title":{"rendered":"Self-study units for reflection on fields of social work"},"content":{"rendered":"<p><span class=\"BZ_Pyq_fadeIn\">In the <\/span><span class=\"BZ_Pyq_fadeIn\">Project <\/span><span class=\"BZ_Pyq_fadeIn\">were <\/span><span class=\"BZ_Pyq_fadeIn\">three <\/span><span class=\"BZ_Pyq_fadeIn\">Self-learning units <\/span><span class=\"BZ_Pyq_fadeIn\">with <\/span><span class=\"BZ_Pyq_fadeIn\">Articulate <\/span><span class=\"BZ_Pyq_fadeIn\">Rise <\/span><span class=\"BZ_Pyq_fadeIn\">developed, <\/span><span class=\"BZ_Pyq_fadeIn\">the <\/span><span class=\"BZ_Pyq_fadeIn\">Students <\/span><span class=\"BZ_Pyq_fadeIn\">in addition <\/span><span class=\"BZ_Pyq_fadeIn\">instruct, <\/span><span class=\"BZ_Pyq_fadeIn\">their <\/span><span class=\"BZ_Pyq_fadeIn\">Experience <\/span><span class=\"BZ_Pyq_fadeIn\">from <\/span><span class=\"BZ_Pyq_fadeIn\">the <\/span><span class=\"BZ_Pyq_fadeIn\">Service<\/span><span class=\"BZ_Pyq_fadeIn\">Learning and their knowledge of the fields of social work <\/span><span class=\"BZ_Pyq_fadeIn\">systematic <\/span><span class=\"BZ_Pyq_fadeIn\">to <\/span><span class=\"BZ_Pyq_fadeIn\">reflect<\/span><span class=\"BZ_Pyq_fadeIn\">. <\/span><span class=\"BZ_Pyq_fadeIn\">Goal <\/span><span class=\"BZ_Pyq_fadeIn\">is <\/span><span class=\"BZ_Pyq_fadeIn\">it, <\/span><span class=\"BZ_Pyq_fadeIn\">superficial <\/span><span class=\"BZ_Pyq_fadeIn\">Reflections <\/span><span class=\"BZ_Pyq_fadeIn\">to <\/span><span class=\"BZ_Pyq_fadeIn\">overcome <\/span><span class=\"BZ_Pyq_fadeIn\">and <\/span><span class=\"BZ_Pyq_fadeIn\">the <\/span><span class=\"BZ_Pyq_fadeIn\">Students <\/span><span class=\"BZ_Pyq_fadeIn\">to <\/span><span class=\"BZ_Pyq_fadeIn\">one <\/span><span class=\"BZ_Pyq_fadeIn\">deeper <\/span><span class=\"BZ_Pyq_fadeIn\">Debate <\/span><span class=\"BZ_Pyq_fadeIn\">with <\/span><span class=\"BZ_Pyq_fadeIn\">their <\/span><span class=\"BZ_Pyq_fadeIn\">Learning <\/span><span class=\"BZ_Pyq_fadeIn\">and <\/span><span class=\"BZ_Pyq_fadeIn\">Practical experience <\/span><span class=\"BZ_Pyq_fadeIn\">to <\/span><span class=\"BZ_Pyq_fadeIn\">enable, <\/span>which are continued together in subsequent online tutorials.<\/p>","protected":false},"author":22,"featured_media":9567,"comment_status":"open","ping_status":"closed","template":"","format":[726],"categories":[],"faechergruppe":[554],"hochschule":[582],"veranstaltungsformat":[619],"schlagwort":[803,804,805],"zielgruppe":[593],"class_list":["post-9555","lehrkonzept","type-lehrkonzept","status-publish","has-post-thumbnail","hentry","faechergruppe-03-rechts-wirtschafts-und-sozialwissenschaften","hochschule-hochschule-nordhausen","veranstaltungsformat-asynchron","schlagwort-reflexion","schlagwort-selbstlerneinheiten","schlagwort-soziale-arbeit","format-selbststudium","zielgruppe-bachelor"],"acf":[],"yoast_head":"<!-- This site is optimized with the Yoast SEO plugin v27.4 - https:\/\/yoast.com\/product\/yoast-seo-wordpress\/ -->\n<title>Praxisbeispiel: Selbstlerneinheiten zur Reflexion \u00fcber Arbeitsfelder der Sozialen Arbeit<\/title>\n<meta name=\"robots\" content=\"index, follow, max-snippet:-1, max-image-preview:large, max-video-preview:-1\" \/>\n<link rel=\"canonical\" href=\"https:\/\/www.eteach-thueringen.de\/gpp\/en\/lehrkonzept\/self-study-units-for-reflection-on-fields-of-social-work\/\" \/>\n<meta property=\"og:locale\" content=\"en_GB\" \/>\n<meta property=\"og:type\" content=\"article\" \/>\n<meta property=\"og:title\" content=\"Praxisbeispiel: Selbstlerneinheiten zur Reflexion \u00fcber Arbeitsfelder der Sozialen Arbeit\" \/>\n<meta property=\"og:description\" content=\"Im Projekt wurden drei Selbstlerneinheiten mit Articulate Rise entwickelt, die Studierende dazu anleiten, ihre Erfahrungen aus dem Service-Learning und ihr Wissen \u00fcber Arbeitsfelder der Sozialen Arbeit systematisch zu reflektieren. Ziel ist es, oberfl\u00e4chliche Reflexionen zu \u00fcberwinden und die Studierenden zu einer tiefergehenden Auseinandersetzung mit ihren Lern- und Praxiserfahrungen zu bef\u00e4higen, die in anschlie\u00dfenden Online-Tutorien gemeinsam [&hellip;]\" \/>\n<meta property=\"og:url\" content=\"https:\/\/www.eteach-thueringen.de\/gpp\/en\/lehrkonzept\/self-study-units-for-reflection-on-fields-of-social-work\/\" \/>\n<meta property=\"og:site_name\" content=\"Good Practice Plattform\" \/>\n<meta property=\"og:image\" content=\"https:\/\/www.eteach-thueringen.de\/gpp\/wp-content\/uploads\/2026\/03\/gemini-2.5-flash-image_Erstelle_mir_eine_Grafik_in_dem_Stil_der_Referenzbilder-1.jpg\" \/>\n\t<meta property=\"og:image:width\" content=\"864\" \/>\n\t<meta property=\"og:image:height\" content=\"666\" \/>\n\t<meta property=\"og:image:type\" content=\"image\/jpeg\" \/>\n<meta name=\"twitter:card\" content=\"summary_large_image\" \/>\n<meta name=\"twitter:label1\" content=\"Estimated reading time\" \/>\n\t<meta name=\"twitter:data1\" content=\"1 minute\" \/>\n<script type=\"application\/ld+json\" class=\"yoast-schema-graph\">{\"@context\":\"https:\\\/\\\/schema.org\",\"@graph\":[{\"@type\":\"WebPage\",\"@id\":\"https:\\\/\\\/www.eteach-thueringen.de\\\/gpp\\\/lehrkonzept\\\/selbstlerneinheiten-zur-reflexion-ueber-arbeitsfelder-der-sozialen-arbeit\\\/\",\"url\":\"https:\\\/\\\/www.eteach-thueringen.de\\\/gpp\\\/lehrkonzept\\\/selbstlerneinheiten-zur-reflexion-ueber-arbeitsfelder-der-sozialen-arbeit\\\/\",\"name\":\"Praxisbeispiel: Selbstlerneinheiten zur Reflexion \u00fcber Arbeitsfelder der Sozialen Arbeit\",\"isPartOf\":{\"@id\":\"https:\\\/\\\/www.eteach-thueringen.de\\\/gpp\\\/#website\"},\"primaryImageOfPage\":{\"@id\":\"https:\\\/\\\/www.eteach-thueringen.de\\\/gpp\\\/lehrkonzept\\\/selbstlerneinheiten-zur-reflexion-ueber-arbeitsfelder-der-sozialen-arbeit\\\/#primaryimage\"},\"image\":{\"@id\":\"https:\\\/\\\/www.eteach-thueringen.de\\\/gpp\\\/lehrkonzept\\\/selbstlerneinheiten-zur-reflexion-ueber-arbeitsfelder-der-sozialen-arbeit\\\/#primaryimage\"},\"thumbnailUrl\":\"https:\\\/\\\/www.eteach-thueringen.de\\\/gpp\\\/wp-content\\\/uploads\\\/2026\\\/03\\\/gemini-2.5-flash-image_Erstelle_mir_eine_Grafik_in_dem_Stil_der_Referenzbilder-1.jpg\",\"datePublished\":\"2026-03-13T12:43:35+00:00\",\"breadcrumb\":{\"@id\":\"https:\\\/\\\/www.eteach-thueringen.de\\\/gpp\\\/lehrkonzept\\\/selbstlerneinheiten-zur-reflexion-ueber-arbeitsfelder-der-sozialen-arbeit\\\/#breadcrumb\"},\"inLanguage\":\"en-GB\",\"potentialAction\":[{\"@type\":\"ReadAction\",\"target\":[\"https:\\\/\\\/www.eteach-thueringen.de\\\/gpp\\\/lehrkonzept\\\/selbstlerneinheiten-zur-reflexion-ueber-arbeitsfelder-der-sozialen-arbeit\\\/\"]}]},{\"@type\":\"ImageObject\",\"inLanguage\":\"en-GB\",\"@id\":\"https:\\\/\\\/www.eteach-thueringen.de\\\/gpp\\\/lehrkonzept\\\/selbstlerneinheiten-zur-reflexion-ueber-arbeitsfelder-der-sozialen-arbeit\\\/#primaryimage\",\"url\":\"https:\\\/\\\/www.eteach-thueringen.de\\\/gpp\\\/wp-content\\\/uploads\\\/2026\\\/03\\\/gemini-2.5-flash-image_Erstelle_mir_eine_Grafik_in_dem_Stil_der_Referenzbilder-1.jpg\",\"contentUrl\":\"https:\\\/\\\/www.eteach-thueringen.de\\\/gpp\\\/wp-content\\\/uploads\\\/2026\\\/03\\\/gemini-2.5-flash-image_Erstelle_mir_eine_Grafik_in_dem_Stil_der_Referenzbilder-1.jpg\",\"width\":864,\"height\":666},{\"@type\":\"BreadcrumbList\",\"@id\":\"https:\\\/\\\/www.eteach-thueringen.de\\\/gpp\\\/lehrkonzept\\\/selbstlerneinheiten-zur-reflexion-ueber-arbeitsfelder-der-sozialen-arbeit\\\/#breadcrumb\",\"itemListElement\":[{\"@type\":\"ListItem\",\"position\":1,\"name\":\"Startseite\",\"item\":\"https:\\\/\\\/www.eteach-thueringen.de\\\/gpp\\\/\"},{\"@type\":\"ListItem\",\"position\":2,\"name\":\"Lehrkonzepte\",\"item\":\"https:\\\/\\\/www.eteach-thueringen.de\\\/gpp\\\/lehrkonzepte\\\/\"},{\"@type\":\"ListItem\",\"position\":3,\"name\":\"Selbstlerneinheiten zur Reflexion \u00fcber Arbeitsfelder der Sozialen Arbeit\"}]},{\"@type\":\"WebSite\",\"@id\":\"https:\\\/\\\/www.eteach-thueringen.de\\\/gpp\\\/#website\",\"url\":\"https:\\\/\\\/www.eteach-thueringen.de\\\/gpp\\\/\",\"name\":\"Good Practice Plattform\",\"description\":\"Erprobte Praxisbeispiele aus dem Lernen, Lehren und Pr\u00fcfen an den Th\u00fcringer Hochschulen\",\"publisher\":{\"@id\":\"https:\\\/\\\/www.eteach-thueringen.de\\\/gpp\\\/#organization\"},\"potentialAction\":[{\"@type\":\"SearchAction\",\"target\":{\"@type\":\"EntryPoint\",\"urlTemplate\":\"https:\\\/\\\/www.eteach-thueringen.de\\\/gpp\\\/?s={search_term_string}\"},\"query-input\":{\"@type\":\"PropertyValueSpecification\",\"valueRequired\":true,\"valueName\":\"search_term_string\"}}],\"inLanguage\":\"en-GB\"},{\"@type\":\"Organization\",\"@id\":\"https:\\\/\\\/www.eteach-thueringen.de\\\/gpp\\\/#organization\",\"name\":\"Good Practice Plattform\",\"url\":\"https:\\\/\\\/www.eteach-thueringen.de\\\/gpp\\\/\",\"logo\":{\"@type\":\"ImageObject\",\"inLanguage\":\"en-GB\",\"@id\":\"https:\\\/\\\/www.eteach-thueringen.de\\\/gpp\\\/#\\\/schema\\\/logo\\\/image\\\/\",\"url\":\"https:\\\/\\\/www.eteach-thueringen.de\\\/gpp\\\/wp-content\\\/uploads\\\/2024\\\/01\\\/gpp-new-logo-inline-white.svg\",\"contentUrl\":\"https:\\\/\\\/www.eteach-thueringen.de\\\/gpp\\\/wp-content\\\/uploads\\\/2024\\\/01\\\/gpp-new-logo-inline-white.svg\",\"width\":456,\"height\":41,\"caption\":\"Good Practice Plattform\"},\"image\":{\"@id\":\"https:\\\/\\\/www.eteach-thueringen.de\\\/gpp\\\/#\\\/schema\\\/logo\\\/image\\\/\"}}]}<\/script>\n<!-- \/ Yoast SEO plugin. -->","yoast_head_json":{"title":"Practical example: Self-study units for reflecting on fields of social work","robots":{"index":"index","follow":"follow","max-snippet":"max-snippet:-1","max-image-preview":"max-image-preview:large","max-video-preview":"max-video-preview:-1"},"canonical":"https:\/\/www.eteach-thueringen.de\/gpp\/en\/lehrkonzept\/self-study-units-for-reflection-on-fields-of-social-work\/","og_locale":"en_GB","og_type":"article","og_title":"Praxisbeispiel: Selbstlerneinheiten zur Reflexion \u00fcber Arbeitsfelder der Sozialen Arbeit","og_description":"Im Projekt wurden drei Selbstlerneinheiten mit Articulate Rise entwickelt, die Studierende dazu anleiten, ihre Erfahrungen aus dem Service-Learning und ihr Wissen \u00fcber Arbeitsfelder der Sozialen Arbeit systematisch zu reflektieren. Ziel ist es, oberfl\u00e4chliche Reflexionen zu \u00fcberwinden und die Studierenden zu einer tiefergehenden Auseinandersetzung mit ihren Lern- und Praxiserfahrungen zu bef\u00e4higen, die in anschlie\u00dfenden Online-Tutorien gemeinsam [&hellip;]","og_url":"https:\/\/www.eteach-thueringen.de\/gpp\/en\/lehrkonzept\/self-study-units-for-reflection-on-fields-of-social-work\/","og_site_name":"Good Practice Plattform","og_image":[{"width":864,"height":666,"url":"https:\/\/www.eteach-thueringen.de\/gpp\/wp-content\/uploads\/2026\/03\/gemini-2.5-flash-image_Erstelle_mir_eine_Grafik_in_dem_Stil_der_Referenzbilder-1.jpg","type":"image\/jpeg"}],"twitter_card":"summary_large_image","twitter_misc":{"Estimated reading time":"1 minute"},"schema":{"@context":"https:\/\/schema.org","@graph":[{"@type":"WebPage","@id":"https:\/\/www.eteach-thueringen.de\/gpp\/lehrkonzept\/selbstlerneinheiten-zur-reflexion-ueber-arbeitsfelder-der-sozialen-arbeit\/","url":"https:\/\/www.eteach-thueringen.de\/gpp\/lehrkonzept\/selbstlerneinheiten-zur-reflexion-ueber-arbeitsfelder-der-sozialen-arbeit\/","name":"Practical example: Self-study units for reflecting on fields of social work","isPartOf":{"@id":"https:\/\/www.eteach-thueringen.de\/gpp\/#website"},"primaryImageOfPage":{"@id":"https:\/\/www.eteach-thueringen.de\/gpp\/lehrkonzept\/selbstlerneinheiten-zur-reflexion-ueber-arbeitsfelder-der-sozialen-arbeit\/#primaryimage"},"image":{"@id":"https:\/\/www.eteach-thueringen.de\/gpp\/lehrkonzept\/selbstlerneinheiten-zur-reflexion-ueber-arbeitsfelder-der-sozialen-arbeit\/#primaryimage"},"thumbnailUrl":"https:\/\/www.eteach-thueringen.de\/gpp\/wp-content\/uploads\/2026\/03\/gemini-2.5-flash-image_Erstelle_mir_eine_Grafik_in_dem_Stil_der_Referenzbilder-1.jpg","datePublished":"2026-03-13T12:43:35+00:00","breadcrumb":{"@id":"https:\/\/www.eteach-thueringen.de\/gpp\/lehrkonzept\/selbstlerneinheiten-zur-reflexion-ueber-arbeitsfelder-der-sozialen-arbeit\/#breadcrumb"},"inLanguage":"en-GB","potentialAction":[{"@type":"ReadAction","target":["https:\/\/www.eteach-thueringen.de\/gpp\/lehrkonzept\/selbstlerneinheiten-zur-reflexion-ueber-arbeitsfelder-der-sozialen-arbeit\/"]}]},{"@type":"ImageObject","inLanguage":"en-GB","@id":"https:\/\/www.eteach-thueringen.de\/gpp\/lehrkonzept\/selbstlerneinheiten-zur-reflexion-ueber-arbeitsfelder-der-sozialen-arbeit\/#primaryimage","url":"https:\/\/www.eteach-thueringen.de\/gpp\/wp-content\/uploads\/2026\/03\/gemini-2.5-flash-image_Erstelle_mir_eine_Grafik_in_dem_Stil_der_Referenzbilder-1.jpg","contentUrl":"https:\/\/www.eteach-thueringen.de\/gpp\/wp-content\/uploads\/2026\/03\/gemini-2.5-flash-image_Erstelle_mir_eine_Grafik_in_dem_Stil_der_Referenzbilder-1.jpg","width":864,"height":666},{"@type":"BreadcrumbList","@id":"https:\/\/www.eteach-thueringen.de\/gpp\/lehrkonzept\/selbstlerneinheiten-zur-reflexion-ueber-arbeitsfelder-der-sozialen-arbeit\/#breadcrumb","itemListElement":[{"@type":"ListItem","position":1,"name":"Startseite","item":"https:\/\/www.eteach-thueringen.de\/gpp\/"},{"@type":"ListItem","position":2,"name":"Lehrkonzepte","item":"https:\/\/www.eteach-thueringen.de\/gpp\/lehrkonzepte\/"},{"@type":"ListItem","position":3,"name":"Selbstlerneinheiten zur Reflexion \u00fcber Arbeitsfelder der Sozialen Arbeit"}]},{"@type":"WebSite","@id":"https:\/\/www.eteach-thueringen.de\/gpp\/#website","url":"https:\/\/www.eteach-thueringen.de\/gpp\/","name":"Good practice platform","description":"Tried and tested practical examples of learning, teaching and assessment at Thuringian universities","publisher":{"@id":"https:\/\/www.eteach-thueringen.de\/gpp\/#organization"},"potentialAction":[{"@type":"SearchAction","target":{"@type":"EntryPoint","urlTemplate":"https:\/\/www.eteach-thueringen.de\/gpp\/?s={search_term_string}"},"query-input":{"@type":"PropertyValueSpecification","valueRequired":true,"valueName":"search_term_string"}}],"inLanguage":"en-GB"},{"@type":"Organization","@id":"https:\/\/www.eteach-thueringen.de\/gpp\/#organization","name":"Good practice platform","url":"https:\/\/www.eteach-thueringen.de\/gpp\/","logo":{"@type":"ImageObject","inLanguage":"en-GB","@id":"https:\/\/www.eteach-thueringen.de\/gpp\/#\/schema\/logo\/image\/","url":"https:\/\/www.eteach-thueringen.de\/gpp\/wp-content\/uploads\/2024\/01\/gpp-new-logo-inline-white.svg","contentUrl":"https:\/\/www.eteach-thueringen.de\/gpp\/wp-content\/uploads\/2024\/01\/gpp-new-logo-inline-white.svg","width":456,"height":41,"caption":"Good Practice Plattform"},"image":{"@id":"https:\/\/www.eteach-thueringen.de\/gpp\/#\/schema\/logo\/image\/"}}]}},"_links":{"self":[{"href":"https:\/\/www.eteach-thueringen.de\/gpp\/en\/wp-json\/wp\/v2\/lehrkonzept\/9555","targetHints":{"allow":["GET"]}}],"collection":[{"href":"https:\/\/www.eteach-thueringen.de\/gpp\/en\/wp-json\/wp\/v2\/lehrkonzept"}],"about":[{"href":"https:\/\/www.eteach-thueringen.de\/gpp\/en\/wp-json\/wp\/v2\/types\/lehrkonzept"}],"author":[{"embeddable":true,"href":"https:\/\/www.eteach-thueringen.de\/gpp\/en\/wp-json\/wp\/v2\/users\/22"}],"replies":[{"embeddable":true,"href":"https:\/\/www.eteach-thueringen.de\/gpp\/en\/wp-json\/wp\/v2\/comments?post=9555"}],"version-history":[{"count":5,"href":"https:\/\/www.eteach-thueringen.de\/gpp\/en\/wp-json\/wp\/v2\/lehrkonzept\/9555\/revisions"}],"predecessor-version":[{"id":9561,"href":"https:\/\/www.eteach-thueringen.de\/gpp\/en\/wp-json\/wp\/v2\/lehrkonzept\/9555\/revisions\/9561"}],"wp:featuredmedia":[{"embeddable":true,"href":"https:\/\/www.eteach-thueringen.de\/gpp\/en\/wp-json\/wp\/v2\/media\/9567"}],"wp:attachment":[{"href":"https:\/\/www.eteach-thueringen.de\/gpp\/en\/wp-json\/wp\/v2\/media?parent=9555"}],"wp:term":[{"taxonomy":"category","embeddable":true,"href":"https:\/\/www.eteach-thueringen.de\/gpp\/en\/wp-json\/wp\/v2\/categories?post=9555"},{"taxonomy":"faechergruppe","embeddable":true,"href":"https:\/\/www.eteach-thueringen.de\/gpp\/en\/wp-json\/wp\/v2\/faechergruppe?post=9555"},{"taxonomy":"hochschule","embeddable":true,"href":"https:\/\/www.eteach-thueringen.de\/gpp\/en\/wp-json\/wp\/v2\/hochschule?post=9555"},{"taxonomy":"veranstaltungsformat","embeddable":true,"href":"https:\/\/www.eteach-thueringen.de\/gpp\/en\/wp-json\/wp\/v2\/veranstaltungsformat?post=9555"},{"taxonomy":"schlagwort","embeddable":true,"href":"https:\/\/www.eteach-thueringen.de\/gpp\/en\/wp-json\/wp\/v2\/schlagwort?post=9555"},{"taxonomy":"format","embeddable":true,"href":"https:\/\/www.eteach-thueringen.de\/gpp\/en\/wp-json\/wp\/v2\/format?post=9555"},{"taxonomy":"zielgruppe","embeddable":true,"href":"https:\/\/www.eteach-thueringen.de\/gpp\/en\/wp-json\/wp\/v2\/zielgruppe?post=9555"}],"curies":[{"name":"wp","href":"https:\/\/api.w.org\/{rel}","templated":true}]}}