{"id":5580,"date":"2014-03-04T15:28:24","date_gmt":"2014-03-04T14:28:24","guid":{"rendered":"http:\/\/gpp.local\/lehrkonzept\/planer-als-betroffene-perspektivwechsel\/"},"modified":"2025-10-28T09:14:06","modified_gmt":"2025-10-28T08:14:06","slug":"planer-als-betroffene-perspektivwechsel","status":"publish","type":"lehrkonzept","link":"https:\/\/www.eteach-thueringen.de\/gpp\/en\/lehrkonzept\/planners-as-affected-persons-change-of-perspective\/","title":{"rendered":"Planners as stakeholders - change of perspective"},"content":{"rendered":"<p>The method of changing perspective helps students to visualise their future tasks (e.g. as planners). In this case, however, it is not only carried out mentally but is transformed into a realistic simulation using aids, making it particularly impressive.<\/p>\n<p>Students are put in the position of a person with a physical disability or perceptual deficits and are then asked to carry out a typical inspection of the space\/object to be planned, e.g. as a severely visually impaired person. The aim is to sensitise them to the special needs and requirements and to develop an understanding of disabilities.<\/p>\n<p>The aim of the course is to learn planning activities, such as concept development and the design of elements of the overall concept (e.g. paths, stops), taking into account the requirements of specific target groups \/ user groups. Space is deliberately left for creativity and initially seemingly crazy ideas. Students should learn to consider and weigh up all impairments when developing the concept.<\/p>","protected":false},"author":7,"featured_media":3703,"comment_status":"open","ping_status":"closed","template":"","format":[],"categories":[382],"faechergruppe":[656,554],"hochschule":[581],"veranstaltungsformat":[],"schlagwort":[689],"zielgruppe":[593,594],"class_list":["post-5580","lehrkonzept","type-lehrkonzept","status-publish","has-post-thumbnail","hentry","category-stadt-und-raumplanung","faechergruppe-raumplanung","faechergruppe-03-rechts-wirtschafts-und-sozialwissenschaften","hochschule-fachhochschule-erfurt","schlagwort-praxisbezug","zielgruppe-bachelor","zielgruppe-master"],"acf":[],"yoast_head":"<!-- This site is optimized with the Yoast SEO plugin v27.4 - https:\/\/yoast.com\/product\/yoast-seo-wordpress\/ -->\n<title>Praxisbeispiel: Planer als Betroffene \u2013 Perspektivwechsel<\/title>\n<meta name=\"robots\" content=\"index, follow, max-snippet:-1, max-image-preview:large, max-video-preview:-1\" \/>\n<link rel=\"canonical\" href=\"https:\/\/www.eteach-thueringen.de\/gpp\/en\/lehrkonzept\/planners-as-affected-persons-change-of-perspective\/\" \/>\n<meta property=\"og:locale\" content=\"en_GB\" \/>\n<meta property=\"og:type\" content=\"article\" \/>\n<meta property=\"og:title\" content=\"Praxisbeispiel: Planer als Betroffene \u2013 Perspektivwechsel\" \/>\n<meta property=\"og:description\" content=\"Um Studierenden ein Bild ihrer zuk\u00fcnftigen Aufgaben (z.B. als Planer) zu vermitteln, hilft die Methode des Perspektivwechsels. In diesem Fall wird sie jedoch nicht nur gedanklich vollzogen sondern mit Hilfsmitteln in eine realistische Simulation verwandelt und so besonders eindr\u00fccklich. Studierende werden in die Lage eines durch k\u00f6rperliche Behinderung oder Wahrnehmungsdefizite beeintr\u00e4chtigten Menschen versetzt und sollen [&hellip;]\" \/>\n<meta property=\"og:url\" content=\"https:\/\/www.eteach-thueringen.de\/gpp\/en\/lehrkonzept\/planners-as-affected-persons-change-of-perspective\/\" \/>\n<meta property=\"og:site_name\" content=\"Good Practice Plattform\" \/>\n<meta property=\"article:modified_time\" content=\"2025-10-28T08:14:06+00:00\" \/>\n<meta property=\"og:image\" content=\"https:\/\/www.eteach-thueringen.de\/gpp\/wp-content\/uploads\/2014\/03\/140416_FHE_0021-e1400596457914.jpg\" \/>\n\t<meta property=\"og:image:width\" content=\"1600\" \/>\n\t<meta property=\"og:image:height\" content=\"1067\" \/>\n\t<meta property=\"og:image:type\" content=\"image\/jpeg\" \/>\n<meta name=\"twitter:card\" content=\"summary_large_image\" \/>\n<meta name=\"twitter:label1\" content=\"Estimated reading time\" \/>\n\t<meta name=\"twitter:data1\" content=\"1 minute\" \/>\n<script type=\"application\/ld+json\" class=\"yoast-schema-graph\">{\"@context\":\"https:\\\/\\\/schema.org\",\"@graph\":[{\"@type\":\"WebPage\",\"@id\":\"https:\\\/\\\/www.eteach-thueringen.de\\\/gpp\\\/lehrkonzept\\\/planer-als-betroffene-perspektivwechsel\\\/\",\"url\":\"https:\\\/\\\/www.eteach-thueringen.de\\\/gpp\\\/lehrkonzept\\\/planer-als-betroffene-perspektivwechsel\\\/\",\"name\":\"Praxisbeispiel: Planer als Betroffene \u2013 Perspektivwechsel\",\"isPartOf\":{\"@id\":\"https:\\\/\\\/www.eteach-thueringen.de\\\/gpp\\\/#website\"},\"primaryImageOfPage\":{\"@id\":\"https:\\\/\\\/www.eteach-thueringen.de\\\/gpp\\\/lehrkonzept\\\/planer-als-betroffene-perspektivwechsel\\\/#primaryimage\"},\"image\":{\"@id\":\"https:\\\/\\\/www.eteach-thueringen.de\\\/gpp\\\/lehrkonzept\\\/planer-als-betroffene-perspektivwechsel\\\/#primaryimage\"},\"thumbnailUrl\":\"https:\\\/\\\/www.eteach-thueringen.de\\\/gpp\\\/wp-content\\\/uploads\\\/2014\\\/03\\\/140416_FHE_0021-e1400596457914.jpg\",\"datePublished\":\"2014-03-04T14:28:24+00:00\",\"dateModified\":\"2025-10-28T08:14:06+00:00\",\"breadcrumb\":{\"@id\":\"https:\\\/\\\/www.eteach-thueringen.de\\\/gpp\\\/lehrkonzept\\\/planer-als-betroffene-perspektivwechsel\\\/#breadcrumb\"},\"inLanguage\":\"en-GB\",\"potentialAction\":[{\"@type\":\"ReadAction\",\"target\":[\"https:\\\/\\\/www.eteach-thueringen.de\\\/gpp\\\/lehrkonzept\\\/planer-als-betroffene-perspektivwechsel\\\/\"]}]},{\"@type\":\"ImageObject\",\"inLanguage\":\"en-GB\",\"@id\":\"https:\\\/\\\/www.eteach-thueringen.de\\\/gpp\\\/lehrkonzept\\\/planer-als-betroffene-perspektivwechsel\\\/#primaryimage\",\"url\":\"https:\\\/\\\/www.eteach-thueringen.de\\\/gpp\\\/wp-content\\\/uploads\\\/2014\\\/03\\\/140416_FHE_0021-e1400596457914.jpg\",\"contentUrl\":\"https:\\\/\\\/www.eteach-thueringen.de\\\/gpp\\\/wp-content\\\/uploads\\\/2014\\\/03\\\/140416_FHE_0021-e1400596457914.jpg\",\"width\":1600,\"height\":1067},{\"@type\":\"BreadcrumbList\",\"@id\":\"https:\\\/\\\/www.eteach-thueringen.de\\\/gpp\\\/lehrkonzept\\\/planer-als-betroffene-perspektivwechsel\\\/#breadcrumb\",\"itemListElement\":[{\"@type\":\"ListItem\",\"position\":1,\"name\":\"Startseite\",\"item\":\"https:\\\/\\\/www.eteach-thueringen.de\\\/gpp\\\/\"},{\"@type\":\"ListItem\",\"position\":2,\"name\":\"Lehrkonzepte\",\"item\":\"https:\\\/\\\/www.eteach-thueringen.de\\\/gpp\\\/lehrkonzepte\\\/\"},{\"@type\":\"ListItem\",\"position\":3,\"name\":\"Planer als Betroffene \u2013 Perspektivwechsel\"}]},{\"@type\":\"WebSite\",\"@id\":\"https:\\\/\\\/www.eteach-thueringen.de\\\/gpp\\\/#website\",\"url\":\"https:\\\/\\\/www.eteach-thueringen.de\\\/gpp\\\/\",\"name\":\"Good Practice Plattform\",\"description\":\"Erprobte Praxisbeispiele aus dem Lernen, Lehren und Pr\u00fcfen an den Th\u00fcringer Hochschulen\",\"publisher\":{\"@id\":\"https:\\\/\\\/www.eteach-thueringen.de\\\/gpp\\\/#organization\"},\"potentialAction\":[{\"@type\":\"SearchAction\",\"target\":{\"@type\":\"EntryPoint\",\"urlTemplate\":\"https:\\\/\\\/www.eteach-thueringen.de\\\/gpp\\\/?s={search_term_string}\"},\"query-input\":{\"@type\":\"PropertyValueSpecification\",\"valueRequired\":true,\"valueName\":\"search_term_string\"}}],\"inLanguage\":\"en-GB\"},{\"@type\":\"Organization\",\"@id\":\"https:\\\/\\\/www.eteach-thueringen.de\\\/gpp\\\/#organization\",\"name\":\"Good Practice Plattform\",\"url\":\"https:\\\/\\\/www.eteach-thueringen.de\\\/gpp\\\/\",\"logo\":{\"@type\":\"ImageObject\",\"inLanguage\":\"en-GB\",\"@id\":\"https:\\\/\\\/www.eteach-thueringen.de\\\/gpp\\\/#\\\/schema\\\/logo\\\/image\\\/\",\"url\":\"https:\\\/\\\/www.eteach-thueringen.de\\\/gpp\\\/wp-content\\\/uploads\\\/2024\\\/01\\\/gpp-new-logo-inline-white.svg\",\"contentUrl\":\"https:\\\/\\\/www.eteach-thueringen.de\\\/gpp\\\/wp-content\\\/uploads\\\/2024\\\/01\\\/gpp-new-logo-inline-white.svg\",\"width\":456,\"height\":41,\"caption\":\"Good Practice Plattform\"},\"image\":{\"@id\":\"https:\\\/\\\/www.eteach-thueringen.de\\\/gpp\\\/#\\\/schema\\\/logo\\\/image\\\/\"}}]}<\/script>\n<!-- \/ Yoast SEO plugin. -->","yoast_head_json":{"title":"Practical example: Planners as stakeholders - change of perspective","robots":{"index":"index","follow":"follow","max-snippet":"max-snippet:-1","max-image-preview":"max-image-preview:large","max-video-preview":"max-video-preview:-1"},"canonical":"https:\/\/www.eteach-thueringen.de\/gpp\/en\/lehrkonzept\/planners-as-affected-persons-change-of-perspective\/","og_locale":"en_GB","og_type":"article","og_title":"Praxisbeispiel: Planer als Betroffene \u2013 Perspektivwechsel","og_description":"Um Studierenden ein Bild ihrer zuk\u00fcnftigen Aufgaben (z.B. als Planer) zu vermitteln, hilft die Methode des Perspektivwechsels. In diesem Fall wird sie jedoch nicht nur gedanklich vollzogen sondern mit Hilfsmitteln in eine realistische Simulation verwandelt und so besonders eindr\u00fccklich. Studierende werden in die Lage eines durch k\u00f6rperliche Behinderung oder Wahrnehmungsdefizite beeintr\u00e4chtigten Menschen versetzt und sollen [&hellip;]","og_url":"https:\/\/www.eteach-thueringen.de\/gpp\/en\/lehrkonzept\/planners-as-affected-persons-change-of-perspective\/","og_site_name":"Good Practice Plattform","article_modified_time":"2025-10-28T08:14:06+00:00","og_image":[{"width":1600,"height":1067,"url":"https:\/\/www.eteach-thueringen.de\/gpp\/wp-content\/uploads\/2014\/03\/140416_FHE_0021-e1400596457914.jpg","type":"image\/jpeg"}],"twitter_card":"summary_large_image","twitter_misc":{"Estimated reading time":"1 minute"},"schema":{"@context":"https:\/\/schema.org","@graph":[{"@type":"WebPage","@id":"https:\/\/www.eteach-thueringen.de\/gpp\/lehrkonzept\/planer-als-betroffene-perspektivwechsel\/","url":"https:\/\/www.eteach-thueringen.de\/gpp\/lehrkonzept\/planer-als-betroffene-perspektivwechsel\/","name":"Practical example: Planners as stakeholders - change of perspective","isPartOf":{"@id":"https:\/\/www.eteach-thueringen.de\/gpp\/#website"},"primaryImageOfPage":{"@id":"https:\/\/www.eteach-thueringen.de\/gpp\/lehrkonzept\/planer-als-betroffene-perspektivwechsel\/#primaryimage"},"image":{"@id":"https:\/\/www.eteach-thueringen.de\/gpp\/lehrkonzept\/planer-als-betroffene-perspektivwechsel\/#primaryimage"},"thumbnailUrl":"https:\/\/www.eteach-thueringen.de\/gpp\/wp-content\/uploads\/2014\/03\/140416_FHE_0021-e1400596457914.jpg","datePublished":"2014-03-04T14:28:24+00:00","dateModified":"2025-10-28T08:14:06+00:00","breadcrumb":{"@id":"https:\/\/www.eteach-thueringen.de\/gpp\/lehrkonzept\/planer-als-betroffene-perspektivwechsel\/#breadcrumb"},"inLanguage":"en-GB","potentialAction":[{"@type":"ReadAction","target":["https:\/\/www.eteach-thueringen.de\/gpp\/lehrkonzept\/planer-als-betroffene-perspektivwechsel\/"]}]},{"@type":"ImageObject","inLanguage":"en-GB","@id":"https:\/\/www.eteach-thueringen.de\/gpp\/lehrkonzept\/planer-als-betroffene-perspektivwechsel\/#primaryimage","url":"https:\/\/www.eteach-thueringen.de\/gpp\/wp-content\/uploads\/2014\/03\/140416_FHE_0021-e1400596457914.jpg","contentUrl":"https:\/\/www.eteach-thueringen.de\/gpp\/wp-content\/uploads\/2014\/03\/140416_FHE_0021-e1400596457914.jpg","width":1600,"height":1067},{"@type":"BreadcrumbList","@id":"https:\/\/www.eteach-thueringen.de\/gpp\/lehrkonzept\/planer-als-betroffene-perspektivwechsel\/#breadcrumb","itemListElement":[{"@type":"ListItem","position":1,"name":"Startseite","item":"https:\/\/www.eteach-thueringen.de\/gpp\/"},{"@type":"ListItem","position":2,"name":"Lehrkonzepte","item":"https:\/\/www.eteach-thueringen.de\/gpp\/lehrkonzepte\/"},{"@type":"ListItem","position":3,"name":"Planer als Betroffene \u2013 Perspektivwechsel"}]},{"@type":"WebSite","@id":"https:\/\/www.eteach-thueringen.de\/gpp\/#website","url":"https:\/\/www.eteach-thueringen.de\/gpp\/","name":"Good practice platform","description":"Tried and tested practical examples of learning, teaching and assessment at Thuringian universities","publisher":{"@id":"https:\/\/www.eteach-thueringen.de\/gpp\/#organization"},"potentialAction":[{"@type":"SearchAction","target":{"@type":"EntryPoint","urlTemplate":"https:\/\/www.eteach-thueringen.de\/gpp\/?s={search_term_string}"},"query-input":{"@type":"PropertyValueSpecification","valueRequired":true,"valueName":"search_term_string"}}],"inLanguage":"en-GB"},{"@type":"Organization","@id":"https:\/\/www.eteach-thueringen.de\/gpp\/#organization","name":"Good practice platform","url":"https:\/\/www.eteach-thueringen.de\/gpp\/","logo":{"@type":"ImageObject","inLanguage":"en-GB","@id":"https:\/\/www.eteach-thueringen.de\/gpp\/#\/schema\/logo\/image\/","url":"https:\/\/www.eteach-thueringen.de\/gpp\/wp-content\/uploads\/2024\/01\/gpp-new-logo-inline-white.svg","contentUrl":"https:\/\/www.eteach-thueringen.de\/gpp\/wp-content\/uploads\/2024\/01\/gpp-new-logo-inline-white.svg","width":456,"height":41,"caption":"Good Practice Plattform"},"image":{"@id":"https:\/\/www.eteach-thueringen.de\/gpp\/#\/schema\/logo\/image\/"}}]}},"_links":{"self":[{"href":"https:\/\/www.eteach-thueringen.de\/gpp\/en\/wp-json\/wp\/v2\/lehrkonzept\/5580","targetHints":{"allow":["GET"]}}],"collection":[{"href":"https:\/\/www.eteach-thueringen.de\/gpp\/en\/wp-json\/wp\/v2\/lehrkonzept"}],"about":[{"href":"https:\/\/www.eteach-thueringen.de\/gpp\/en\/wp-json\/wp\/v2\/types\/lehrkonzept"}],"author":[{"embeddable":true,"href":"https:\/\/www.eteach-thueringen.de\/gpp\/en\/wp-json\/wp\/v2\/users\/7"}],"replies":[{"embeddable":true,"href":"https:\/\/www.eteach-thueringen.de\/gpp\/en\/wp-json\/wp\/v2\/comments?post=5580"}],"version-history":[{"count":1,"href":"https:\/\/www.eteach-thueringen.de\/gpp\/en\/wp-json\/wp\/v2\/lehrkonzept\/5580\/revisions"}],"predecessor-version":[{"id":7217,"href":"https:\/\/www.eteach-thueringen.de\/gpp\/en\/wp-json\/wp\/v2\/lehrkonzept\/5580\/revisions\/7217"}],"wp:featuredmedia":[{"embeddable":true,"href":"https:\/\/www.eteach-thueringen.de\/gpp\/en\/wp-json\/wp\/v2\/media\/3703"}],"wp:attachment":[{"href":"https:\/\/www.eteach-thueringen.de\/gpp\/en\/wp-json\/wp\/v2\/media?parent=5580"}],"wp:term":[{"taxonomy":"category","embeddable":true,"href":"https:\/\/www.eteach-thueringen.de\/gpp\/en\/wp-json\/wp\/v2\/categories?post=5580"},{"taxonomy":"faechergruppe","embeddable":true,"href":"https:\/\/www.eteach-thueringen.de\/gpp\/en\/wp-json\/wp\/v2\/faechergruppe?post=5580"},{"taxonomy":"hochschule","embeddable":true,"href":"https:\/\/www.eteach-thueringen.de\/gpp\/en\/wp-json\/wp\/v2\/hochschule?post=5580"},{"taxonomy":"veranstaltungsformat","embeddable":true,"href":"https:\/\/www.eteach-thueringen.de\/gpp\/en\/wp-json\/wp\/v2\/veranstaltungsformat?post=5580"},{"taxonomy":"schlagwort","embeddable":true,"href":"https:\/\/www.eteach-thueringen.de\/gpp\/en\/wp-json\/wp\/v2\/schlagwort?post=5580"},{"taxonomy":"format","embeddable":true,"href":"https:\/\/www.eteach-thueringen.de\/gpp\/en\/wp-json\/wp\/v2\/format?post=5580"},{"taxonomy":"zielgruppe","embeddable":true,"href":"https:\/\/www.eteach-thueringen.de\/gpp\/en\/wp-json\/wp\/v2\/zielgruppe?post=5580"}],"curies":[{"name":"wp","href":"https:\/\/api.w.org\/{rel}","templated":true}]}}