{"id":5550,"date":"2014-03-04T15:28:26","date_gmt":"2014-03-04T14:28:26","guid":{"rendered":"http:\/\/gpp.local\/lehrkonzept\/die-lernissage-als-themenspeicher\/"},"modified":"2025-10-28T09:08:58","modified_gmt":"2025-10-28T08:08:58","slug":"die-lernissage-als-themenspeicher","status":"publish","type":"lehrkonzept","link":"https:\/\/www.eteach-thueringen.de\/gpp\/en\/lehrkonzept\/the-learning-exhibition-as-a-theme-store\/","title":{"rendered":"The learning exhibition as a theme memory"},"content":{"rendered":"<p>In order to do justice to the students' ideas and wishes, they can simply be asked about them in one of the first courses. This often leads - especially in the first semesters - to results with little content, if not a great deal of silence. A variation of the learning mission can help here.<\/p>\n<p>In the style of a vernissage, posters are displayed in the room for viewing and evaluation. These may already be labelled with topics from the course, while other posters are still empty. During the learning exhibition, students move from poster to poster and can comment on what is on display, add to it or substantiate it with examples. Empty posters can be labelled with completely new topics and supplemented with examples.<\/p>\n<p>The results of the learning journey are used to create a repository of topics that teachers can discuss, structure and, if necessary, filter with their students. Students see their wishes taken into account and integrated.<\/p>","protected":false},"author":7,"featured_media":3683,"comment_status":"open","ping_status":"closed","template":"","format":[],"categories":[370],"faechergruppe":[657],"hochschule":[581],"veranstaltungsformat":[],"schlagwort":[],"zielgruppe":[593,594],"class_list":["post-5550","lehrkonzept","type-lehrkonzept","status-publish","has-post-thumbnail","hentry","category-bauingenieurwesen","faechergruppe-bauingenieurwesen","hochschule-fachhochschule-erfurt","zielgruppe-bachelor","zielgruppe-master"],"acf":[],"yoast_head":"<!-- This site is optimized with the Yoast SEO plugin v27.4 - https:\/\/yoast.com\/product\/yoast-seo-wordpress\/ -->\n<title>Praxisbeispiel: Die Lernissage als Themenspeicher<\/title>\n<meta name=\"robots\" content=\"index, follow, max-snippet:-1, max-image-preview:large, max-video-preview:-1\" \/>\n<link rel=\"canonical\" href=\"https:\/\/www.eteach-thueringen.de\/gpp\/en\/lehrkonzept\/the-learning-exhibition-as-a-theme-store\/\" \/>\n<meta property=\"og:locale\" content=\"en_GB\" \/>\n<meta property=\"og:type\" content=\"article\" \/>\n<meta property=\"og:title\" content=\"Praxisbeispiel: Die Lernissage als Themenspeicher\" \/>\n<meta property=\"og:description\" content=\"Um inhaltlichen Vorstellungen und W\u00fcnschen der Studierenden gerecht zu werden, kann in einer der ersten Lehrveranstaltungen schlicht danach gefragt werden. H\u00e4ufig f\u00fchrt dies &#8211; gerade in ersten Semestern &#8211; zu wenig inhaltsreichen Ergebnissen, wenn nicht gar zum gro\u00dfen Schweigen. Hier kann eine Variation der Lernissage helfen. In Anlehnung an eine Vernissage sind Poster im Raum [&hellip;]\" \/>\n<meta property=\"og:url\" content=\"https:\/\/www.eteach-thueringen.de\/gpp\/en\/lehrkonzept\/the-learning-exhibition-as-a-theme-store\/\" \/>\n<meta property=\"og:site_name\" content=\"Good Practice Plattform\" \/>\n<meta property=\"article:modified_time\" content=\"2025-10-28T08:08:58+00:00\" \/>\n<meta property=\"og:image\" content=\"https:\/\/www.eteach-thueringen.de\/gpp\/wp-content\/uploads\/2014\/03\/2014-05-19_Agenda-Lehre_Foto-e1400590023670.jpg\" \/>\n\t<meta property=\"og:image:width\" content=\"1600\" \/>\n\t<meta property=\"og:image:height\" content=\"900\" \/>\n\t<meta property=\"og:image:type\" content=\"image\/jpeg\" \/>\n<meta name=\"twitter:card\" content=\"summary_large_image\" \/>\n<meta name=\"twitter:label1\" content=\"Estimated reading time\" \/>\n\t<meta name=\"twitter:data1\" content=\"1 minute\" \/>\n<script type=\"application\/ld+json\" class=\"yoast-schema-graph\">{\"@context\":\"https:\\\/\\\/schema.org\",\"@graph\":[{\"@type\":\"WebPage\",\"@id\":\"https:\\\/\\\/www.eteach-thueringen.de\\\/gpp\\\/lehrkonzept\\\/die-lernissage-als-themenspeicher\\\/\",\"url\":\"https:\\\/\\\/www.eteach-thueringen.de\\\/gpp\\\/lehrkonzept\\\/die-lernissage-als-themenspeicher\\\/\",\"name\":\"Praxisbeispiel: Die Lernissage als Themenspeicher\",\"isPartOf\":{\"@id\":\"https:\\\/\\\/www.eteach-thueringen.de\\\/gpp\\\/#website\"},\"primaryImageOfPage\":{\"@id\":\"https:\\\/\\\/www.eteach-thueringen.de\\\/gpp\\\/lehrkonzept\\\/die-lernissage-als-themenspeicher\\\/#primaryimage\"},\"image\":{\"@id\":\"https:\\\/\\\/www.eteach-thueringen.de\\\/gpp\\\/lehrkonzept\\\/die-lernissage-als-themenspeicher\\\/#primaryimage\"},\"thumbnailUrl\":\"https:\\\/\\\/www.eteach-thueringen.de\\\/gpp\\\/wp-content\\\/uploads\\\/2014\\\/03\\\/2014-05-19_Agenda-Lehre_Foto-e1400590023670.jpg\",\"datePublished\":\"2014-03-04T14:28:26+00:00\",\"dateModified\":\"2025-10-28T08:08:58+00:00\",\"breadcrumb\":{\"@id\":\"https:\\\/\\\/www.eteach-thueringen.de\\\/gpp\\\/lehrkonzept\\\/die-lernissage-als-themenspeicher\\\/#breadcrumb\"},\"inLanguage\":\"en-GB\",\"potentialAction\":[{\"@type\":\"ReadAction\",\"target\":[\"https:\\\/\\\/www.eteach-thueringen.de\\\/gpp\\\/lehrkonzept\\\/die-lernissage-als-themenspeicher\\\/\"]}]},{\"@type\":\"ImageObject\",\"inLanguage\":\"en-GB\",\"@id\":\"https:\\\/\\\/www.eteach-thueringen.de\\\/gpp\\\/lehrkonzept\\\/die-lernissage-als-themenspeicher\\\/#primaryimage\",\"url\":\"https:\\\/\\\/www.eteach-thueringen.de\\\/gpp\\\/wp-content\\\/uploads\\\/2014\\\/03\\\/2014-05-19_Agenda-Lehre_Foto-e1400590023670.jpg\",\"contentUrl\":\"https:\\\/\\\/www.eteach-thueringen.de\\\/gpp\\\/wp-content\\\/uploads\\\/2014\\\/03\\\/2014-05-19_Agenda-Lehre_Foto-e1400590023670.jpg\",\"width\":1600,\"height\":900},{\"@type\":\"BreadcrumbList\",\"@id\":\"https:\\\/\\\/www.eteach-thueringen.de\\\/gpp\\\/lehrkonzept\\\/die-lernissage-als-themenspeicher\\\/#breadcrumb\",\"itemListElement\":[{\"@type\":\"ListItem\",\"position\":1,\"name\":\"Startseite\",\"item\":\"https:\\\/\\\/www.eteach-thueringen.de\\\/gpp\\\/\"},{\"@type\":\"ListItem\",\"position\":2,\"name\":\"Lehrkonzepte\",\"item\":\"https:\\\/\\\/www.eteach-thueringen.de\\\/gpp\\\/lehrkonzepte\\\/\"},{\"@type\":\"ListItem\",\"position\":3,\"name\":\"Die Lernissage als Themenspeicher\"}]},{\"@type\":\"WebSite\",\"@id\":\"https:\\\/\\\/www.eteach-thueringen.de\\\/gpp\\\/#website\",\"url\":\"https:\\\/\\\/www.eteach-thueringen.de\\\/gpp\\\/\",\"name\":\"Good Practice Plattform\",\"description\":\"Erprobte Praxisbeispiele aus dem Lernen, Lehren und Pr\u00fcfen an den Th\u00fcringer Hochschulen\",\"publisher\":{\"@id\":\"https:\\\/\\\/www.eteach-thueringen.de\\\/gpp\\\/#organization\"},\"potentialAction\":[{\"@type\":\"SearchAction\",\"target\":{\"@type\":\"EntryPoint\",\"urlTemplate\":\"https:\\\/\\\/www.eteach-thueringen.de\\\/gpp\\\/?s={search_term_string}\"},\"query-input\":{\"@type\":\"PropertyValueSpecification\",\"valueRequired\":true,\"valueName\":\"search_term_string\"}}],\"inLanguage\":\"en-GB\"},{\"@type\":\"Organization\",\"@id\":\"https:\\\/\\\/www.eteach-thueringen.de\\\/gpp\\\/#organization\",\"name\":\"Good Practice Plattform\",\"url\":\"https:\\\/\\\/www.eteach-thueringen.de\\\/gpp\\\/\",\"logo\":{\"@type\":\"ImageObject\",\"inLanguage\":\"en-GB\",\"@id\":\"https:\\\/\\\/www.eteach-thueringen.de\\\/gpp\\\/#\\\/schema\\\/logo\\\/image\\\/\",\"url\":\"https:\\\/\\\/www.eteach-thueringen.de\\\/gpp\\\/wp-content\\\/uploads\\\/2024\\\/01\\\/gpp-new-logo-inline-white.svg\",\"contentUrl\":\"https:\\\/\\\/www.eteach-thueringen.de\\\/gpp\\\/wp-content\\\/uploads\\\/2024\\\/01\\\/gpp-new-logo-inline-white.svg\",\"width\":456,\"height\":41,\"caption\":\"Good Practice Plattform\"},\"image\":{\"@id\":\"https:\\\/\\\/www.eteach-thueringen.de\\\/gpp\\\/#\\\/schema\\\/logo\\\/image\\\/\"}}]}<\/script>\n<!-- \/ Yoast SEO plugin. -->","yoast_head_json":{"title":"Practical example: The learning exhibition as a topic memory","robots":{"index":"index","follow":"follow","max-snippet":"max-snippet:-1","max-image-preview":"max-image-preview:large","max-video-preview":"max-video-preview:-1"},"canonical":"https:\/\/www.eteach-thueringen.de\/gpp\/en\/lehrkonzept\/the-learning-exhibition-as-a-theme-store\/","og_locale":"en_GB","og_type":"article","og_title":"Praxisbeispiel: Die Lernissage als Themenspeicher","og_description":"Um inhaltlichen Vorstellungen und W\u00fcnschen der Studierenden gerecht zu werden, kann in einer der ersten Lehrveranstaltungen schlicht danach gefragt werden. H\u00e4ufig f\u00fchrt dies &#8211; gerade in ersten Semestern &#8211; zu wenig inhaltsreichen Ergebnissen, wenn nicht gar zum gro\u00dfen Schweigen. Hier kann eine Variation der Lernissage helfen. In Anlehnung an eine Vernissage sind Poster im Raum [&hellip;]","og_url":"https:\/\/www.eteach-thueringen.de\/gpp\/en\/lehrkonzept\/the-learning-exhibition-as-a-theme-store\/","og_site_name":"Good Practice Plattform","article_modified_time":"2025-10-28T08:08:58+00:00","og_image":[{"width":1600,"height":900,"url":"https:\/\/www.eteach-thueringen.de\/gpp\/wp-content\/uploads\/2014\/03\/2014-05-19_Agenda-Lehre_Foto-e1400590023670.jpg","type":"image\/jpeg"}],"twitter_card":"summary_large_image","twitter_misc":{"Estimated reading time":"1 minute"},"schema":{"@context":"https:\/\/schema.org","@graph":[{"@type":"WebPage","@id":"https:\/\/www.eteach-thueringen.de\/gpp\/lehrkonzept\/die-lernissage-als-themenspeicher\/","url":"https:\/\/www.eteach-thueringen.de\/gpp\/lehrkonzept\/die-lernissage-als-themenspeicher\/","name":"Practical example: The learning exhibition as a topic memory","isPartOf":{"@id":"https:\/\/www.eteach-thueringen.de\/gpp\/#website"},"primaryImageOfPage":{"@id":"https:\/\/www.eteach-thueringen.de\/gpp\/lehrkonzept\/die-lernissage-als-themenspeicher\/#primaryimage"},"image":{"@id":"https:\/\/www.eteach-thueringen.de\/gpp\/lehrkonzept\/die-lernissage-als-themenspeicher\/#primaryimage"},"thumbnailUrl":"https:\/\/www.eteach-thueringen.de\/gpp\/wp-content\/uploads\/2014\/03\/2014-05-19_Agenda-Lehre_Foto-e1400590023670.jpg","datePublished":"2014-03-04T14:28:26+00:00","dateModified":"2025-10-28T08:08:58+00:00","breadcrumb":{"@id":"https:\/\/www.eteach-thueringen.de\/gpp\/lehrkonzept\/die-lernissage-als-themenspeicher\/#breadcrumb"},"inLanguage":"en-GB","potentialAction":[{"@type":"ReadAction","target":["https:\/\/www.eteach-thueringen.de\/gpp\/lehrkonzept\/die-lernissage-als-themenspeicher\/"]}]},{"@type":"ImageObject","inLanguage":"en-GB","@id":"https:\/\/www.eteach-thueringen.de\/gpp\/lehrkonzept\/die-lernissage-als-themenspeicher\/#primaryimage","url":"https:\/\/www.eteach-thueringen.de\/gpp\/wp-content\/uploads\/2014\/03\/2014-05-19_Agenda-Lehre_Foto-e1400590023670.jpg","contentUrl":"https:\/\/www.eteach-thueringen.de\/gpp\/wp-content\/uploads\/2014\/03\/2014-05-19_Agenda-Lehre_Foto-e1400590023670.jpg","width":1600,"height":900},{"@type":"BreadcrumbList","@id":"https:\/\/www.eteach-thueringen.de\/gpp\/lehrkonzept\/die-lernissage-als-themenspeicher\/#breadcrumb","itemListElement":[{"@type":"ListItem","position":1,"name":"Startseite","item":"https:\/\/www.eteach-thueringen.de\/gpp\/"},{"@type":"ListItem","position":2,"name":"Lehrkonzepte","item":"https:\/\/www.eteach-thueringen.de\/gpp\/lehrkonzepte\/"},{"@type":"ListItem","position":3,"name":"Die Lernissage als Themenspeicher"}]},{"@type":"WebSite","@id":"https:\/\/www.eteach-thueringen.de\/gpp\/#website","url":"https:\/\/www.eteach-thueringen.de\/gpp\/","name":"Good practice platform","description":"Tried and tested practical examples of learning, teaching and assessment at Thuringian universities","publisher":{"@id":"https:\/\/www.eteach-thueringen.de\/gpp\/#organization"},"potentialAction":[{"@type":"SearchAction","target":{"@type":"EntryPoint","urlTemplate":"https:\/\/www.eteach-thueringen.de\/gpp\/?s={search_term_string}"},"query-input":{"@type":"PropertyValueSpecification","valueRequired":true,"valueName":"search_term_string"}}],"inLanguage":"en-GB"},{"@type":"Organization","@id":"https:\/\/www.eteach-thueringen.de\/gpp\/#organization","name":"Good practice platform","url":"https:\/\/www.eteach-thueringen.de\/gpp\/","logo":{"@type":"ImageObject","inLanguage":"en-GB","@id":"https:\/\/www.eteach-thueringen.de\/gpp\/#\/schema\/logo\/image\/","url":"https:\/\/www.eteach-thueringen.de\/gpp\/wp-content\/uploads\/2024\/01\/gpp-new-logo-inline-white.svg","contentUrl":"https:\/\/www.eteach-thueringen.de\/gpp\/wp-content\/uploads\/2024\/01\/gpp-new-logo-inline-white.svg","width":456,"height":41,"caption":"Good Practice Plattform"},"image":{"@id":"https:\/\/www.eteach-thueringen.de\/gpp\/#\/schema\/logo\/image\/"}}]}},"_links":{"self":[{"href":"https:\/\/www.eteach-thueringen.de\/gpp\/en\/wp-json\/wp\/v2\/lehrkonzept\/5550","targetHints":{"allow":["GET"]}}],"collection":[{"href":"https:\/\/www.eteach-thueringen.de\/gpp\/en\/wp-json\/wp\/v2\/lehrkonzept"}],"about":[{"href":"https:\/\/www.eteach-thueringen.de\/gpp\/en\/wp-json\/wp\/v2\/types\/lehrkonzept"}],"author":[{"embeddable":true,"href":"https:\/\/www.eteach-thueringen.de\/gpp\/en\/wp-json\/wp\/v2\/users\/7"}],"replies":[{"embeddable":true,"href":"https:\/\/www.eteach-thueringen.de\/gpp\/en\/wp-json\/wp\/v2\/comments?post=5550"}],"version-history":[{"count":1,"href":"https:\/\/www.eteach-thueringen.de\/gpp\/en\/wp-json\/wp\/v2\/lehrkonzept\/5550\/revisions"}],"predecessor-version":[{"id":7196,"href":"https:\/\/www.eteach-thueringen.de\/gpp\/en\/wp-json\/wp\/v2\/lehrkonzept\/5550\/revisions\/7196"}],"wp:featuredmedia":[{"embeddable":true,"href":"https:\/\/www.eteach-thueringen.de\/gpp\/en\/wp-json\/wp\/v2\/media\/3683"}],"wp:attachment":[{"href":"https:\/\/www.eteach-thueringen.de\/gpp\/en\/wp-json\/wp\/v2\/media?parent=5550"}],"wp:term":[{"taxonomy":"category","embeddable":true,"href":"https:\/\/www.eteach-thueringen.de\/gpp\/en\/wp-json\/wp\/v2\/categories?post=5550"},{"taxonomy":"faechergruppe","embeddable":true,"href":"https:\/\/www.eteach-thueringen.de\/gpp\/en\/wp-json\/wp\/v2\/faechergruppe?post=5550"},{"taxonomy":"hochschule","embeddable":true,"href":"https:\/\/www.eteach-thueringen.de\/gpp\/en\/wp-json\/wp\/v2\/hochschule?post=5550"},{"taxonomy":"veranstaltungsformat","embeddable":true,"href":"https:\/\/www.eteach-thueringen.de\/gpp\/en\/wp-json\/wp\/v2\/veranstaltungsformat?post=5550"},{"taxonomy":"schlagwort","embeddable":true,"href":"https:\/\/www.eteach-thueringen.de\/gpp\/en\/wp-json\/wp\/v2\/schlagwort?post=5550"},{"taxonomy":"format","embeddable":true,"href":"https:\/\/www.eteach-thueringen.de\/gpp\/en\/wp-json\/wp\/v2\/format?post=5550"},{"taxonomy":"zielgruppe","embeddable":true,"href":"https:\/\/www.eteach-thueringen.de\/gpp\/en\/wp-json\/wp\/v2\/zielgruppe?post=5550"}],"curies":[{"name":"wp","href":"https:\/\/api.w.org\/{rel}","templated":true}]}}