{"id":7085,"date":"2024-03-12T15:48:00","date_gmt":"2024-03-12T14:48:00","guid":{"rendered":"https:\/\/www.eteach-thueringen.de\/wp\/?page_id=7085"},"modified":"2024-04-23T10:56:37","modified_gmt":"2024-04-23T08:56:37","slug":"eteach-annual-conference-2022-workshops-panel-presentations","status":"publish","type":"page","link":"https:\/\/www.eteach-thueringen.de\/en\/eteach-jahrestagung-2022-workshops-panel-vortraege\/","title":{"rendered":"eTeach Annual Conference 2022 - Workshops, Panel &amp; Presentations"},"content":{"rendered":"\t\t<div data-elementor-type=\"wp-page\" data-elementor-id=\"7085\" class=\"elementor elementor-7085\" data-elementor-post-type=\"page\">\n\t\t\t\t<div class=\"elementor-element elementor-element-550b4c6 e-flex e-con-boxed e-con e-parent\" data-id=\"550b4c6\" data-element_type=\"container\" data-e-type=\"container\" id=\"jt-22-workshops\">\n\t\t\t\t\t<div class=\"e-con-inner\">\n\t\t\t\t<div class=\"elementor-element elementor-element-7d05d37 elementor-widget elementor-widget-heading\" data-id=\"7d05d37\" data-element_type=\"widget\" data-e-type=\"widget\" data-widget_type=\"heading.default\">\n\t\t\t\t<div class=\"elementor-widget-container\">\n\t\t\t\t\t<h3 class=\"elementor-heading-title elementor-size-default\">Workshops<\/h3>\t\t\t\t<\/div>\n\t\t\t\t<\/div>\n\t\t\t\t<div class=\"elementor-element elementor-element-ed4a200 elementor-widget elementor-widget-text-editor\" data-id=\"ed4a200\" data-element_type=\"widget\" data-e-type=\"widget\" data-widget_type=\"text-editor.default\">\n\t\t\t\t<div class=\"elementor-widget-container\">\n\t\t\t\t\t\t\t\t\t<div id=\"c456818\" class=\"csc-default  layout-topheader\"><div class=\"csc-textpic csc-textpic-intext-right\"><div class=\"csc-textpic-imagewrap\" data-csc-images=\"1\" data-csc-cols=\"2\"><figure class=\"csc-textpic-image csc-textpic-last\"><img loading=\"lazy\" decoding=\"async\" class=\"alignright\" src=\"https:\/\/www.uni-weimar.de\/fileadmin\/_processed_\/d\/b\/csm_Sexauer_Bandtel_Cho_e651455b1a.jpg\" alt=\"\" width=\"150\" height=\"200\" \/><\/figure><\/div><div class=\"csc-textpic-text\"><p class=\"bodytext\"><strong>Andreas Sexauer, Matthias Bandtel &amp; Jena Cho,\u00a0Karlsruher Institut f\u00fcr Technologie (KIT), Hochschulnetzwerk Digitalisierung der Lehre Baden-W\u00fcrttemberg (HND-BW\u00a0&#8222;Die Zukunft hybrider Lehre: Systematische Erfahrungssammlung und evidenzbasierte Weiterentwicklung synchroner Online-Pr\u00e4senz-Mischformen&#8220;<\/strong>\u00a0<em>(18.11., 9.30 Uhr, Raum 1337 und BBB1)\u00a0<\/em>Hybride Lehre wird im aktuellen Diskurs entweder als Br\u00fccke aus dem Emergency Remote Teaching in die postpandemische Hochschullehre verkl\u00e4rt oder als technizistische Utopie abgetan (Wiarda 2020). Der Workshop stellt dem eine systematische Sammlung und Auswertung konkreter Umsetzungserfahrungen entgegen. Vorgestellt wird ein hochschul\u00fcbergreifender am Design-Based-Researchs orientierter Ansatz (Reinmann 2017; Cursio\/Jahn o.J.), mit dem hybride Lehr-Lernszenarien an Hochschulen in Baden-W\u00fcrttemberg begleitet werden. Dabei konnten f\u00fcnf Idealtypen hybrider Lehr-Lernveranstaltungen gebildet werden. Die Befunde zeigen, dass Lehrende und Studierende gro\u00dfe Vorteile im Beibehalt hybrider Lehre in bestimmten Einsatzkontexten sehen. Allerdings gibt es didaktische, technische und organisatorische Herausforderungen. Es bedarf einer Weiterentwicklung der Rahmenbedingungen sowie eines Einstellungswandels, um die Potentiale hybrider Lehre aussch\u00f6pfen zu k\u00f6nnen. Die Herausforderungen und Potentiale werden im Workshop diskutiert und systematisiert.<\/p><p class=\"bodytext\"><strong>Kontakt:\u00a0<\/strong><a class=\"csc-content-link\" title=\"\u00d6ffnet Link\">matthias.bandtel[at]kit.edu<\/a><\/p><\/div><\/div><\/div>\t\t\t\t\t\t\t\t<\/div>\n\t\t\t\t<\/div>\n\t\t\t\t<div class=\"elementor-element elementor-element-3a8f7df elementor-widget elementor-widget-text-editor\" data-id=\"3a8f7df\" data-element_type=\"widget\" data-e-type=\"widget\" data-widget_type=\"text-editor.default\">\n\t\t\t\t<div class=\"elementor-widget-container\">\n\t\t\t\t\t\t\t\t\t<div id=\"c456819\" class=\"csc-default  layout-topheader\"><div class=\"csc-textpic csc-textpic-intext-right\"><div class=\"csc-textpic-imagewrap\" data-csc-images=\"1\" data-csc-cols=\"2\"><figure class=\"csc-textpic-image csc-textpic-last\"><img loading=\"lazy\" decoding=\"async\" class=\"alignright\" src=\"https:\/\/www.uni-weimar.de\/fileadmin\/_processed_\/3\/f\/csm_BettinaPfaendner_3ee0dd926c.jpg\" alt=\"\" width=\"180\" height=\"133\" \/><\/figure><\/div><div class=\"csc-textpic-text\"><p class=\"bodytext\"><strong>Bettina Pf\u00e4ndner,\u00a0<\/strong><strong>Swinburne University of Technology: &#8222;Vom Konzept zur operativen Umsetzung hybrider Lehrsettings an einer australischen Hochschule.&#8220;<\/strong>\u00a0<em>(18.11., 9.30 Uhr, Raum 1222 und BBB2)\u00a0<\/em>Anfang 2022 hat die Swinburne University of Technology in Melborne die Blended University als Standard ausgerufen und alle undergraduate Kurse zu blended Kursen erkl\u00e4rt, ein wichtiger Bestandteil der Vision 2025 Universit\u00e4tsstrategie. Wie dieser logistische Aufwand bew\u00e4ltigt wurde, und alle Lehrende auf dieser Reise mitgenommen wurden, zeigt dieser Workshop mit einem Blick hinter die Kulissen und mit einer gemeinsamen \u00dcbung zur Gestaltung eines blended Kurses. Als Digital and Strategic Projects Coordinator in der Learning Transformations Unit an der Swinburne University in Melbourne designt und organisiert Bettina aktuell die Swinburne eigene Konferenz\u00a0 &#8222;Future of Learning Week&#8220; mit einem reichhaltigen Programm f\u00fcr Ende November 2022. Bettina arbeitete erfolgreich als TV Produzentin und leitet Workshops f\u00fcr digital storytelling in der Lehre.<\/p><p class=\"bodytext\"><strong>Kontakt:\u00a0<\/strong><a class=\"csc-content-link\" title=\"\u00d6ffnet Link\">bpfandner[at]swin.edu.au<\/a><\/p><\/div><\/div><\/div>\t\t\t\t\t\t\t\t<\/div>\n\t\t\t\t<\/div>\n\t\t\t\t<div class=\"elementor-element elementor-element-4798012 elementor-widget elementor-widget-text-editor\" data-id=\"4798012\" data-element_type=\"widget\" data-e-type=\"widget\" data-widget_type=\"text-editor.default\">\n\t\t\t\t<div class=\"elementor-widget-container\">\n\t\t\t\t\t\t\t\t\t<div id=\"c456776\" class=\"csc-default  layout-topheader\"><div class=\"csc-textpic csc-textpic-intext-right\"><div class=\"csc-textpic-imagewrap\" data-csc-images=\"1\" data-csc-cols=\"2\"><figure class=\"csc-textpic-image csc-textpic-last\"><img loading=\"lazy\" decoding=\"async\" class=\"alignright\" src=\"https:\/\/www.uni-weimar.de\/fileadmin\/_processed_\/1\/3\/csm_HB_WBS_c0e61166c4.jpg\" alt=\"\" width=\"180\" height=\"170\" \/><\/figure><\/div><div class=\"csc-textpic-text\"><p class=\"bodytext\"><strong>Hasnain Bokhari:\u00a0Willy Brandt School of Public Policy, Universit\u00e4t Erfurt: &#8222;Flexibel, mobil, sensibel &#8211; Collaborative International Learning in Th\u00fcringen&#8220;<\/strong>\u00a0<em>(18.11., 9.30 Uhr, Raum 1220 und BBB3) <\/em>Interaktivit\u00e4t, Kollaboration und interkulturelles Lernen stehen im Mittelpunkt des digitalen Lernens an der Willy Brandt School of Public Policy an der Universit\u00e4t Erfurt. In den vergangenen Monaten haben wir erfolgreich Online-Lehr- und Lernmethoden wie Online-Seminare, gemeinsame Online-Kurse und Collaborative Online International Learning (COIL) mit unseren Partnern im Globalen S\u00fcden und im Globalen Norden eingef\u00fchrt. Bei der Konzeption dieser Aktivit\u00e4ten stellten wir uns die Frage, wie unsere Online-Angebote eine bessere Kollaboration und interkulturelles Lernen mit weniger &#8222;Bildschirmstress&#8220; f\u00f6rdern konnten. In diesem Beitrag stellen wir unsere Erfahrungen bei der Planung dieser Aktivit\u00e4ten, die didaktischen Ans\u00e4tze sowie die mobile und flexible technologische Vorbereitung vor, die sowohl f\u00fcr die Lehrkr\u00e4fte als auch f\u00fcr die Lernenden gleicherma\u00dfen geeignet sind.<\/p><p class=\"bodytext\"><strong>Kontakt:\u00a0<\/strong><a class=\"csc-content-link\" title=\"\u00d6ffnet Link\">hasnain.bokhari[at]uni-erfurt.de<\/a><\/p><\/div><\/div><\/div>\t\t\t\t\t\t\t\t<\/div>\n\t\t\t\t<\/div>\n\t\t\t\t\t<\/div>\n\t\t\t\t<\/div>\n\t\t<div class=\"elementor-element elementor-element-c691fe2 e-flex e-con-boxed e-con e-parent\" data-id=\"c691fe2\" data-element_type=\"container\" data-e-type=\"container\" id=\"jt-22-panel-1\">\n\t\t\t\t\t<div class=\"e-con-inner\">\n\t\t\t\t<div class=\"elementor-element elementor-element-4bbb05c elementor-widget elementor-widget-heading\" data-id=\"4bbb05c\" data-element_type=\"widget\" data-e-type=\"widget\" data-widget_type=\"heading.default\">\n\t\t\t\t<div class=\"elementor-widget-container\">\n\t\t\t\t\t<h3 class=\"elementor-heading-title elementor-size-default\">Panel Technologien in der Lehre<\/h3>\t\t\t\t<\/div>\n\t\t\t\t<\/div>\n\t\t\t\t<div class=\"elementor-element elementor-element-d59a4a1 elementor-widget elementor-widget-text-editor\" data-id=\"d59a4a1\" data-element_type=\"widget\" data-e-type=\"widget\" data-widget_type=\"text-editor.default\">\n\t\t\t\t<div class=\"elementor-widget-container\">\n\t\t\t\t\t\t\t\t\t<div id=\"c456901\" class=\"csc-default  layout-topheader\"><div class=\"csc-textpic csc-textpic-intext-right\"><div class=\"csc-textpic-imagewrap\" data-csc-images=\"1\" data-csc-cols=\"2\"><figure class=\"csc-textpic-image csc-textpic-last\"><img loading=\"lazy\" decoding=\"async\" class=\"alignright\" src=\"https:\/\/www.uni-weimar.de\/fileadmin\/_processed_\/d\/9\/csm_Felix_Foto_168b27dd6d.jpg\" alt=\"\" width=\"180\" height=\"171\" \/><\/figure><\/div><div class=\"csc-textpic-text\"><p class=\"bodytext\"><strong>Felix N\u00fcbold, Rapidmooc: &#8222;All-in-one Videostudio: das &#8222;e&#8220;-T\u00fcpfelchen Ihrer Learning-Strategie&#8220;<\/strong>\u00a0<em>(18.11., 11.30 Uhr, Raum 1337 und BBB1) <\/em>Im Vortrag \u201eAll-in-one Videostudio: das \u201ee\u201d-T\u00fcpfelchen Ihrer Learning-Strategie\u201c geht Felix N\u00fcbold auf die Herausforderung ein, digitale &amp; hybride Lerninhalte m\u00f6glichst einfach zu produzieren, ohne dabei einen gestiegenen Qualit\u00e4tsanspruch zu vernachl\u00e4ssigen. Anhand des Rapidmoocs erkl\u00e4rt er, wie die technische Komponente des E-Learnings wieder das werden kann, was sie sein sollte: ein zuverl\u00e4ssiger Begleiter und kein Zeitfresser! Denn am Ende hei\u00dft es immer noch: Content is king!<\/p><p class=\"bodytext\"><strong>Kontakt:\u00a0<\/strong><a class=\"csc-content-link\" title=\"\u00d6ffnet Link\">f.nuebold[at]rapidmooc.com<\/a><\/p><\/div><\/div><\/div>\t\t\t\t\t\t\t\t<\/div>\n\t\t\t\t<\/div>\n\t\t\t\t<div class=\"elementor-element elementor-element-6559ef1 elementor-widget elementor-widget-text-editor\" data-id=\"6559ef1\" data-element_type=\"widget\" data-e-type=\"widget\" data-widget_type=\"text-editor.default\">\n\t\t\t\t<div class=\"elementor-widget-container\">\n\t\t\t\t\t\t\t\t\t<div id=\"c456902\" class=\"csc-default  layout-topheader\"><div class=\"csc-textpic csc-textpic-intext-right\"><div class=\"csc-textpic-imagewrap\" data-csc-images=\"1\" data-csc-cols=\"2\"><figure class=\"csc-textpic-image csc-textpic-last\"><img loading=\"lazy\" decoding=\"async\" class=\"alignright\" src=\"https:\/\/www.uni-weimar.de\/fileadmin\/_processed_\/2\/9\/csm_male-g450dac682_1280_457e3cd229.png\" alt=\"\" width=\"180\" height=\"128\" \/><\/figure><\/div><div class=\"csc-textpic-text\"><p class=\"bodytext\"><strong>Jakob H\u00fcfner, J\u00f6rg,\u00a0<\/strong><strong>Hintzer, Lucas H\u00fcbner, Leon Etienne K\u00fchr,\u00a0Bauhaus-Universit\u00e4t Weimar: &#8222;Modulare Leinwand &#8211; Plattform f\u00fcr haptisches &amp; interaktives Storytelling&#8220;<\/strong>\u00a0<em>(18.11., 11.30 Uhr, Raum 1337 und BBB1)\u00a0<\/em>Wie k\u00f6nnen visuelle und audititve Inhalte haptisch und interaktiv vermittelt werden, damit Nutzer*innen im wahrsten Sinne durch &#8222;begreifen&#8220; Wissen erfahren. Die auf Motion tracking und Projectionmapping basierende modulare Leinwand erm\u00f6glicht es aktiv &amp; selbstbestimmt Inhalte zu gestalten und zwar indem sie bewegt, geschoben oder gedreht werden, denn die modulare Leinwand besteht aus 12 Kuben, die von den Nutzer*innen bewegt und dadurch neue Bewegtbildinhalte zum Vorschein bringen k\u00f6nnen. Die Plattform k\u00f6nnte f\u00fcr einfache Rechenaufgaben genutzt, aber auch zur Vermittlung komplexer Inhalte, da die Nutzer*innen selbst entscheiden wie tief sie in die jeweilige Thematik eintauchen wollen<strong>.<\/strong><\/p><p class=\"bodytext\"><strong>Kontakt:\u00a0<\/strong><a class=\"csc-content-link\" title=\"\u00d6ffnet Link\">jakob.huefner[at]uni-weimar.de<\/a><\/p><\/div><\/div><\/div>\t\t\t\t\t\t\t\t<\/div>\n\t\t\t\t<\/div>\n\t\t\t\t<div class=\"elementor-element elementor-element-9dee010 elementor-widget elementor-widget-text-editor\" data-id=\"9dee010\" data-element_type=\"widget\" data-e-type=\"widget\" data-widget_type=\"text-editor.default\">\n\t\t\t\t<div class=\"elementor-widget-container\">\n\t\t\t\t\t\t\t\t\t<div id=\"c457214\" class=\"csc-default  layout-topheader\"><div class=\"csc-textpic csc-textpic-intext-right\"><div class=\"csc-textpic-imagewrap\" data-csc-images=\"1\" data-csc-cols=\"2\"><figure class=\"csc-textpic-image csc-textpic-last\"><img loading=\"lazy\" decoding=\"async\" class=\"alignright\" src=\"https:\/\/www.uni-weimar.de\/fileadmin\/_processed_\/6\/8\/csm_AbrahamMasha_c5dd9f9023.png\" alt=\"\" width=\"180\" height=\"112\" \/><\/figure><\/div><div class=\"csc-textpic-text\"><p class=\"bodytext\"><strong>Mahsa Mirboland und Lars Abrahamczyk,\u00a0Bauhaus-Universit\u00e4t Weimar: &#8222;Interaktive VR-Touren f\u00fcr Erdbeben-, Wind- und Brandversuche; Titel des Beitrags: Virtuelle Experimente f\u00fcr die Lehre im konstruktiven Ingenieurbau<\/strong><strong>&#8222;<\/strong><em>\u00a0(18.11., 11.30 Uhr, Raum 1337 und BBB1)\u00a0<\/em>Die Teilnahme an Experimenten erm\u00f6glicht es Studierenden, ihr theoretisches Wissen und ihre Kompetenzen bei der L\u00f6sung komplexer praktischer Aufgaben anzuwenden. Es unterst\u00fctzt das Gesamtverst\u00e4ndnis des Lehrstoffs durch den Aufbau eines &#8222;mentalen Modells&#8220;. In diesem Zusammenhang bietet die virtuelle Realit\u00e4t eine M\u00f6glichkeit f\u00fcr Studierende, virtuell an Experimenten teilzunehmen, die an einem anderen Institut durchgef\u00fchrt werden, ohne dass die Realit\u00e4tsn\u00e4he und inhaltliche Korrektheit des Experiments beeintr\u00e4chtigt wird. Ziel des Projektes PARFORCE ist es, eine gemeinsame Plattform f\u00fcr digitale\/virtuelle Laborexperimente zu entwickeln und verschiedene Laborexperimente virtuell zur Verf\u00fcgung zu stellen, die nicht zur Standardausbildung an jeder Universit\u00e4t geh\u00f6ren, sondern an spezialisierten Instituten durchgef\u00fchrt werden.<\/p><p class=\"bodytext\"><strong>Kontakt:\u00a0<\/strong><a class=\"csc-content-link\">mahsa.mirboland[at]uni-weimar.de<\/a>\u00a0und <a class=\"csc-content-link\">lars.abrahamczyk[at]uni-weimar.de<\/a> <\/p><\/div><\/div><\/div>\t\t\t\t\t\t\t\t<\/div>\n\t\t\t\t<\/div>\n\t\t\t\t<div class=\"elementor-element elementor-element-a49d78b elementor-widget elementor-widget-text-editor\" data-id=\"a49d78b\" data-element_type=\"widget\" data-e-type=\"widget\" data-widget_type=\"text-editor.default\">\n\t\t\t\t<div class=\"elementor-widget-container\">\n\t\t\t\t\t\t\t\t\t<div id=\"c456903\" class=\"csc-default  layout-topheader\"><div class=\"csc-textpic csc-textpic-intext-right\"><div class=\"csc-textpic-imagewrap\" data-csc-images=\"1\" data-csc-cols=\"2\"><figure class=\"csc-textpic-image csc-textpic-last\"><img loading=\"lazy\" decoding=\"async\" class=\"alignright\" src=\"https:\/\/www.uni-weimar.de\/fileadmin\/_processed_\/8\/7\/csm_BartschFliegner_69955bb0c5.jpg\" alt=\"\" width=\"180\" height=\"100\" \/><\/figure><\/div><div class=\"csc-textpic-text\"><p class=\"bodytext\"><strong>Heike Bartsch, Caroline Fliegner, Technische Universit\u00e4t Ilmenau<\/strong><strong>: &#8222;<\/strong><strong>Kombination verschiedener Methoden zur nachhaltigen Wissensvermittlung in der Mikro- und Nanotechnologie&#8220;<\/strong>\u00a0<em>(18.11., 11.30 Uhr, Raum 1337 und BBB1)\u00a0<\/em>Die Ausbildung auf dem Gebiet der Mikro- und Nanotechnologien fordert von den Studenten zun\u00e4chst den Erwerb eines umfangreichen theoretischen Wissens, welches Sie dann bef\u00e4higt Zusammenh\u00e4nge zu erkennen und auf praktische Probleml\u00f6sungen anzuwenden. Deshalb muss zur Festigung der Lernstoff oft wiederholt werden. Am Beispiel der Lehrveranstaltung Elektroniktechnologie wird gezeigt, wie das Zusammenspiel aus Vorlesungs-Videos, Selbstlerninhalten in Moodle und live-Seminaren erfolgreich gestaltet wurde. Die Vorlesungsvideos sind kurz gehalten und enden mit Fragen zur Wiederholung und Reflektion der Inhalte. Die Seminare erm\u00f6glichen individuelle Fragen und direktes Feedback, auch im Austausch mit anderen Studierenden. Die Arbeit im Plenum wird erg\u00e4nzt durch verschiedene Gruppenarbeiten. Spielerische Elemente wie Kahoot-Quizze lockern auf und erhalten die Aufmerksamkeit. Die Plattform Moodle bietet erg\u00e4nzend weitere \u00dcbungsaufgaben, die Schritt f\u00fcr Schritt durch komplexere Themen f\u00fchren<strong>.<\/strong><\/p><p class=\"bodytext\"><strong>Kontakt:\u00a0<\/strong><a class=\"csc-content-link\" title=\"\u00d6ffnet Link\">heike.bartsch[at]tu-ilmenau.de<\/a>\u00a0und <a class=\"csc-content-link\" title=\"\u00d6ffnet Link\">caroline.fliegner[at]tu-ilmenau.de<\/a><\/p><\/div><\/div><\/div>\t\t\t\t\t\t\t\t<\/div>\n\t\t\t\t<\/div>\n\t\t\t\t\t<\/div>\n\t\t\t\t<\/div>\n\t\t<div class=\"elementor-element elementor-element-de9f0e4 e-flex e-con-boxed e-con e-parent\" data-id=\"de9f0e4\" data-element_type=\"container\" data-e-type=\"container\" id=\"jt-22-panel-2\">\n\t\t\t\t\t<div class=\"e-con-inner\">\n\t\t\t\t<div class=\"elementor-element elementor-element-43d0d37 elementor-widget elementor-widget-heading\" data-id=\"43d0d37\" data-element_type=\"widget\" data-e-type=\"widget\" data-widget_type=\"heading.default\">\n\t\t\t\t<div class=\"elementor-widget-container\">\n\t\t\t\t\t<h3 class=\"elementor-heading-title elementor-size-default\">Panel Digitales Pr\u00fcfen<\/h3>\t\t\t\t<\/div>\n\t\t\t\t<\/div>\n\t\t\t\t<div class=\"elementor-element elementor-element-406deb1 elementor-widget elementor-widget-text-editor\" data-id=\"406deb1\" data-element_type=\"widget\" data-e-type=\"widget\" data-widget_type=\"text-editor.default\">\n\t\t\t\t<div class=\"elementor-widget-container\">\n\t\t\t\t\t\t\t\t\t<div id=\"c456904\" class=\"csc-default  layout-topheader\"><div class=\"csc-textpic csc-textpic-intext-right\"><div class=\"csc-textpic-imagewrap\" data-csc-images=\"1\" data-csc-cols=\"2\"><figure class=\"csc-textpic-image csc-textpic-last\"><img loading=\"lazy\" decoding=\"async\" class=\"alignright\" src=\"https:\/\/www.uni-weimar.de\/fileadmin\/_processed_\/2\/9\/csm_male-g450dac682_1280_894be3a46a.png\" alt=\"\" width=\"180\" height=\"138\" \/><\/figure><\/div><div class=\"csc-textpic-text\"><p class=\"indent\"><strong>Hendrick Fehr und Albrecht Gensior<\/strong><strong>, Technische Universit\u00e4t Ilmenau<\/strong><strong>: &#8222;<\/strong><strong>Kollaboratives Arbeiten mit Git als digitales Pr\u00fcfungskonzept&#8220;<\/strong>\u00a0<em>(18.11., 11.30 Uhr, Raum 1222 und BBB2)\u00a0<\/em>Bei der Arbeit mit Git wird jede Quelltext\u00e4nderung im Kontext der Vorg\u00e4ngerversionen festgehalten und einem bestimmten Autor zugeschrieben. Damit entsteht eine Struktur aufeinander aufbauender Bearbeitungsst\u00e4nde, welche die Entstehungsgeschichte des Quelltextes dokumentiert und in als gerichteter Graph dargestellt werden kann. Es ist also naheliegend, dieses Werkzeug in Programmierveranstaltungen einzusetzen, insbesondere wenn das Kompetenzspektrum die gemeinsame Erstellung eines Quelltextes umfasst. Das skizzierte Pr\u00fcfungskonzept wurde f\u00fcr die Veranstaltung &#8222;Mikrocontroller- und Signalprozessortechnik 1&#8220; im Angebot der Ingenieursausbildung der TU Ilmenau implementiert, wo das Erlernen der Programmierung eines Controllers im Vordergrund steht. Der Beitrag gibt einen Erfahrungsbericht \u00fcber diese Form der digital unterst\u00fctzten Pr\u00fcfung sowohl aus Sicht der Lehrenden als auch der Lernenden. Dar\u00fcber hinaus werden M\u00f6glichkeiten er\u00f6rtert, das Konzept auf andere Veranstaltungen zu \u00fcbertragen sowie spezielle Eigenschaften, bspw. hinsichtlich der Anf\u00e4lligkeit f\u00fcr T\u00e4uschungsversuche, sowie m\u00f6gliche Nachteile diskutiert.<\/p><p class=\"indent\"><strong>Kontakt:\u00a0<\/strong><a class=\"csc-content-link\" title=\"\u00d6ffnet Link\">hendrik.fehr[at]tu-ilmenau.de<\/a><\/p><\/div><\/div><\/div>\t\t\t\t\t\t\t\t<\/div>\n\t\t\t\t<\/div>\n\t\t\t\t<div class=\"elementor-element elementor-element-c1fb0df elementor-widget elementor-widget-text-editor\" data-id=\"c1fb0df\" data-element_type=\"widget\" data-e-type=\"widget\" data-widget_type=\"text-editor.default\">\n\t\t\t\t<div class=\"elementor-widget-container\">\n\t\t\t\t\t\t\t\t\t<div id=\"c456906\" class=\"csc-default  layout-topheader\"><div class=\"csc-textpic csc-textpic-intext-right\"><div class=\"csc-textpic-imagewrap\" data-csc-images=\"1\" data-csc-cols=\"2\"><figure class=\"csc-textpic-image csc-textpic-last\"><img loading=\"lazy\" decoding=\"async\" class=\"alignright\" src=\"https:\/\/www.uni-weimar.de\/fileadmin\/_processed_\/b\/f\/csm_Foto_Hoenemann_b00f63f308.jpg\" alt=\"\" width=\"180\" height=\"217\" \/><\/figure><\/div><div class=\"csc-textpic-text\"><p class=\"bodytext\"><strong>Claudia H\u00f6nemann, Stefan\u00a0<\/strong><strong>Lutherdt, Hartmut Witte,\u00a0<\/strong><strong>Technische Universit\u00e4t Ilmenau:\u00a0<\/strong><strong>&#8222;Einf\u00fchrung, Nutzbarmachung und Evaluation der Ergebnisse von Online-Pr\u00fcfungen in digitalen Lernumgebungen und modellbasierten Online-Tools mittels EvaExam&#8220;<\/strong> (18.11., 11.30 Uhr, Raum 1222 und BBB2) Ziel des Teilprojekts DIGEXAM im Projekt examING ist die Nutzbarmachung und Evaluierung der M\u00f6glichkeiten zum kompetenzorientierten digitalen Pr\u00fcfen der Pr\u00fcfungssoftware EvaExam online. In unserem Beitrag zeigen wir im Weiteren die M\u00f6glichkeiten auf, die sich durch die Einbindung einer zus\u00e4tzlichen fachspezifischen Online-Lernsoftware (Complete Anatomy) bieten. Durch diese Kombination werden neue Lern-, \u00dcbungs- und Pr\u00fcfungsformate erm\u00f6glicht, deren Nutzung zu einer Kompetenzsteigerung bei den Studierenden f\u00fchren soll. Die Studierenden k\u00f6nnen sich durch die zur Verf\u00fcgung gestellte Lernsoftware Inhalte asynchron, ortsunabh\u00e4ngig, individuell, selbstgesteuert und im eigenen Lerntempo erarbeiten und den Lernfortschritt genauso individuell \u00fcberpr\u00fcfen. Zur \u00dcberpr\u00fcfung des erreichten Kompetenzniveaus sollen automatisiert auswertbare \u00dcbungspr\u00fcfungen erarbeitet und den Studierenden angeboten werden, die fortlaufend selbstst\u00e4ndig ablegt werden k\u00f6nnen mit der M\u00f6glichkeit, Bonuspunkte zu sammeln.<\/p><p class=\"bodytext\"><strong>Kontakt:\u00a0<\/strong><a class=\"csc-content-link\" title=\"\u00d6ffnet Link\">claudia.hoenemann[at]tu-ilmenau.de<\/a><\/p><\/div><\/div><\/div>\t\t\t\t\t\t\t\t<\/div>\n\t\t\t\t<\/div>\n\t\t\t\t<div class=\"elementor-element elementor-element-6fd50d3 elementor-widget elementor-widget-text-editor\" data-id=\"6fd50d3\" data-element_type=\"widget\" data-e-type=\"widget\" data-widget_type=\"text-editor.default\">\n\t\t\t\t<div class=\"elementor-widget-container\">\n\t\t\t\t\t\t\t\t\t<div id=\"c456905\" class=\"csc-default  layout-topheader\"><div class=\"csc-textpic csc-textpic-intext-right\"><div class=\"csc-textpic-imagewrap\" data-csc-images=\"1\" data-csc-cols=\"2\"><figure class=\"csc-textpic-image csc-textpic-last\"><img loading=\"lazy\" decoding=\"async\" class=\"alignright\" src=\"https:\/\/www.uni-weimar.de\/fileadmin\/_processed_\/5\/7\/csm_tefkestaudemeyer_ac7045c488.jpg\" alt=\"\" width=\"180\" height=\"117\" \/><\/figure><\/div><div class=\"csc-textpic-text\"><p class=\"bodytext\"><strong>Tobias Tefke, Ralf Staudemeyer,\u00a0Schmalkalden University of Applied Sciences: &#8222;Umsetzung von Online-Pr\u00fcfungen mit WorkAdventure&#8220;<\/strong>\u00a0<em>(18.11., 11.30 Uhr, Raum 1222 und BBB2)\u00a0<\/em>An der Fakult\u00e4t f\u00fcr Informatik der Hochschule Schmalkalden hat sich das von Studierenden f\u00fcr die Online-Lehre entwickelte Schmalkalden University Security Laboratory (SUASecLab) etabliert. Dieses basiert auf dem Online-Konferenzsystem WorkAdventure. Zahlreiche Funktionalit\u00e4ten und Erweiterungen, die eine kostenfreie und datenschutzfreundliche Nutzung des Systems erm\u00f6glichen, wurden (re-)implementiert. Das SUASecLab wurde von uns in 2022 um einen Online-Pr\u00fcfungsmodus erweitert. Bei Pr\u00fcfungsbeginn erhalten die Kandidaten jeweils einen frischen virtuellen PC. Auf diesem stehen alle zur Bearbeitung der Aufgaben erforderlich Programme zur Verf\u00fcgung. Die Kommunikations- und Bewegungsm\u00f6glichkeiten des Systems sind jedoch w\u00e4hrend der Pr\u00fcfung deaktiviert. Nach Ablauf der Pr\u00fcfungszeit werden die erarbeiteten L\u00f6sungen von dem virtuellen PCs aus auf einen zentralen Server hochgeladen und k\u00f6nnen dort anschlie\u00dfend vom Korrektor eingesehen werden.<\/p><p class=\"bodytext\"><strong>Kontakt:<\/strong>\u00a0<a class=\"csc-content-link\" title=\"\u00d6ffnet Link\">t.tefke[at]stud.fh-sm.de<\/a><\/p><\/div><\/div><\/div>\t\t\t\t\t\t\t\t<\/div>\n\t\t\t\t<\/div>\n\t\t\t\t\t<\/div>\n\t\t\t\t<\/div>\n\t\t<div class=\"elementor-element elementor-element-181d2f0 e-flex e-con-boxed e-con e-parent\" data-id=\"181d2f0\" data-element_type=\"container\" data-e-type=\"container\" id=\"jt-22-panel-3\">\n\t\t\t\t\t<div class=\"e-con-inner\">\n\t\t\t\t<div class=\"elementor-element elementor-element-7f621a7 elementor-widget elementor-widget-heading\" data-id=\"7f621a7\" data-element_type=\"widget\" data-e-type=\"widget\" data-widget_type=\"heading.default\">\n\t\t\t\t<div class=\"elementor-widget-container\">\n\t\t\t\t\t<h3 class=\"elementor-heading-title elementor-size-default\">Panel Unterst\u00fctzungsszenarien<\/h3>\t\t\t\t<\/div>\n\t\t\t\t<\/div>\n\t\t\t\t<div class=\"elementor-element elementor-element-e4af785 elementor-widget elementor-widget-text-editor\" data-id=\"e4af785\" data-element_type=\"widget\" data-e-type=\"widget\" data-widget_type=\"text-editor.default\">\n\t\t\t\t<div class=\"elementor-widget-container\">\n\t\t\t\t\t\t\t\t\t<div id=\"c456907\" class=\"csc-default  layout-topheader\"><div class=\"csc-textpic csc-textpic-intext-right\"><div class=\"csc-textpic-imagewrap\" data-csc-images=\"1\" data-csc-cols=\"2\"><figure class=\"csc-textpic-image csc-textpic-last\"><img loading=\"lazy\" decoding=\"async\" class=\"alignright\" src=\"https:\/\/www.uni-weimar.de\/fileadmin\/_processed_\/b\/f\/csm_photo_mikhailova_374513b2ae.jpg\" alt=\"\" width=\"180\" height=\"120\" \/><\/figure><\/div><div class=\"csc-textpic-text\"><p class=\"bodytext\"><strong>Veronika Mikhailova &amp; Nicola D\u00f6ring,\u00a0Technische Universit\u00e4t Ilmenau:\u00a0&#8222;Teaching Academic Skills with a Moodle-Based Online Course&#8220;<\/strong> (18.11., 13.45 Uhr, Raum 1337 und BBB1)\u00a0Academic skills are vital for students of various study programs. The presentation introduces a self-learning online Moodle course \u201cAcademic Skills in Communication Science\u201d that was developed as part of the VEDIAS (Vorbereitung und Erprobung digitaler, international ausgerichteter Studieng\u00e4nge mit Social Virtual Reality-Anwendung) project. The course contains seven bi-weekly study sessions with integrated interactive H5P learning quizzes that guide students through the main steps of an empirical research process in communication science. Evaluation at the end of the semester showed that a course fully implemented on Moodle can create positive teaching and learning experiences. For students, it gives the opportunity to work independently at an individual pace, while still receiving professional supervision and feedback. For teaching staff, implementation of semi-automatic Moodle components helps reduce organisational workload.<\/p><p class=\"bodytext\"><strong>Kontakt:\u00a0<\/strong><a class=\"csc-content-link\" title=\"\u00d6ffnet Link\">veronika.mikhailova[at]tu-ilmenau.d<\/a><\/p><\/div><\/div><\/div>\t\t\t\t\t\t\t\t<\/div>\n\t\t\t\t<\/div>\n\t\t\t\t<div class=\"elementor-element elementor-element-6cee496 elementor-widget elementor-widget-text-editor\" data-id=\"6cee496\" data-element_type=\"widget\" data-e-type=\"widget\" data-widget_type=\"text-editor.default\">\n\t\t\t\t<div class=\"elementor-widget-container\">\n\t\t\t\t\t\t\t\t\t<div id=\"c456908\" class=\"csc-default  layout-topheader\"><div class=\"csc-textpic csc-textpic-intext-right\"><div class=\"csc-textpic-imagewrap\" data-csc-images=\"1\" data-csc-cols=\"2\"><figure class=\"csc-textpic-image csc-textpic-last\"><img loading=\"lazy\" decoding=\"async\" class=\"alignright\" src=\"https:\/\/www.uni-weimar.de\/fileadmin\/_processed_\/f\/6\/csm_schwabe_9328367801.jpg\" alt=\"\" width=\"180\" height=\"118\" \/><\/figure><\/div><div class=\"csc-textpic-text\"><p class=\"bodytext\"><strong>Gerald Schwabe,\u00a0Hochschule Bremen &#8222;<\/strong>Ein studentisches Unterst\u00fctzungssystem f\u00fcr hybride Lehre\u00a0<strong>&#8222;<\/strong> (18.11., 13.45 Uhr, Raum 1337 und BBB1, online zugeschaltet)\u00a0F\u00fcr das vergangene Wintersemester wurde von der Hochschule Bremen ein hybrides Semester ausgerufen. Dazu wurde Technik f\u00fcr hybride Lehrveranstaltungen beschafft und in vielen Veranstaltungsr\u00e4umen aufgebaut. Um einer m\u00f6glichen \u00dcberforderung von Lehrenden vorzubeugen, wurde durch das Zentrum f\u00fcr Lehren und Lernen neben intensiver Schulung ein studentisches Unterst\u00fctzungssystem f\u00fcr die Lehrenden ins Leben gerufen. Daf\u00fcr wurde ein Pool von studentischen Hilfskr\u00e4ften eingestellt, entsprechend eingewiesen und \u00fcber ein Verteilsystem zur vor-Ort Begleitung von Lehrveranstaltungen eingesetzt. Dabei konnten interessierte Lehrende Unterst\u00fctzung in unterschiedlichem Umfang anfordern. In dem Beitrag werden unsere Herangehensweise und unsere Erfahrungen dargelegt sowie die Schl\u00fcsse, die wir daraus gezogen haben.<\/p><p class=\"bodytext\"><strong>Kontakt:\u00a0<\/strong><a class=\"csc-content-link\" title=\"\u00d6ffnet Link\">gerald.schwabe[at]hs-bremen.de<\/a><\/p><\/div><\/div><\/div>\t\t\t\t\t\t\t\t<\/div>\n\t\t\t\t<\/div>\n\t\t\t\t<div class=\"elementor-element elementor-element-73b4601 elementor-widget elementor-widget-text-editor\" data-id=\"73b4601\" data-element_type=\"widget\" data-e-type=\"widget\" data-widget_type=\"text-editor.default\">\n\t\t\t\t<div class=\"elementor-widget-container\">\n\t\t\t\t\t\t\t\t\t<div id=\"c456909\" class=\"csc-default  layout-topheader\"><div class=\"csc-textpic csc-textpic-intext-right\"><div class=\"csc-textpic-imagewrap\" data-csc-images=\"1\" data-csc-cols=\"2\"><figure class=\"csc-textpic-image csc-textpic-last\"><img loading=\"lazy\" decoding=\"async\" class=\"alignright\" src=\"https:\/\/www.uni-weimar.de\/fileadmin\/_processed_\/8\/c\/csm_IMG_7235__2__57c6dd685a.jpg\" alt=\"\" width=\"180\" height=\"179\" \/><\/figure><\/div><div class=\"csc-textpic-text\"><p class=\"bodytext\"><strong>Bilal Zafar, Technische Universit\u00e4t Ilmenau: &#8222;<\/strong>Digital teaching in MSCSP &#8211; Best practice examples<strong>&#8222;<\/strong> (18.11., 13.45 Uhr, Raum 1337 und BBB1, online zugeschaltet) A summary of the various methods used to aid the digital teaching in our masters program on communication and signal processing (MSCSP). The presentation will highlight various tools employed by us over the last two years (hybrid lectures, inverted classroom, asynchronous video lectures, interactive exams and quizzes, project presentations with VR, automated and relative grading, etc.), and present a brief discussion on their efficacy.<\/p><p class=\"bodytext\"><strong>Kontakt:\u00a0<\/strong><a class=\"csc-content-link\" title=\"\u00d6ffnet Link\">bilal.zafar[at]tu-ilmenau.de<\/a><\/p><\/div><\/div><\/div>\t\t\t\t\t\t\t\t<\/div>\n\t\t\t\t<\/div>\n\t\t\t\t<div class=\"elementor-element elementor-element-3880c52 elementor-widget elementor-widget-text-editor\" data-id=\"3880c52\" data-element_type=\"widget\" data-e-type=\"widget\" data-widget_type=\"text-editor.default\">\n\t\t\t\t<div class=\"elementor-widget-container\">\n\t\t\t\t\t\t\t\t\t<div id=\"c457950\" class=\"csc-default  layout-topheader\"><div class=\"csc-textpic csc-textpic-intext-right\"><div class=\"csc-textpic-imagewrap\" data-csc-images=\"1\" data-csc-cols=\"2\"><figure class=\"csc-textpic-image csc-textpic-last\"><img loading=\"lazy\" decoding=\"async\" class=\"alignright\" src=\"https:\/\/www.uni-weimar.de\/fileadmin\/_processed_\/1\/f\/csm_erbring_71163868eb.jpg\" alt=\"\" width=\"180\" height=\"121\" \/><\/figure><\/div><div class=\"csc-textpic-text\"><p class=\"bodytext\"><strong>Saskia Erbring, Fachhochschule Erfurt: &#8222;<\/strong>E-Portfolioarbeit mit Schl\u00fcsselsituationen als Lernsetting f\u00fcr Studierende<strong>&#8222;<\/strong>\u00a0<em>(18.11., 13.45 Uhr, Raum 1337 und BBB1, online zugeschaltet)<\/em> E-Portfolios sind digitale Lerntageb\u00fccher, die studienbegleitend auf der Lernplattform Mahara gef\u00fchrt werden. Mahara fungiert dabei einerseits als Arbeits- und Speicherort und erweitert die schriftbasierte Tagebuchform durch Blogs, Podcasts, Visualisierungen und Videos. Die Plattform ist somit auch ein medialer Ort f\u00fcr Interaktionen der Studierenden und Lehrenden. Ergebnisoffene Fallszenarios aus Beratungssituationen (Schl\u00fcsselsituationen) dienen als Reflexionsanl\u00e4sse. Durch mehrstufige Reflexionsschleifen im Umgang mit den Fallszenarios werden Studierende dazu angeregt, ihr professionelles Handeln mittels Reflexion weiterzuentwickeln, u.a. Dilemmata auszuhalten, multiple Perspektiven zu integrieren, sich kritisch mit eigenen und fremden Beitr\u00e4gen und Haltungen auseinander zu setzen. Auf didaktischer Zielebene bedeutet dies, dass Studierende zur \u00dcbernahme von Verantwortung f\u00fcr ihre professionelle Entwicklung veranlasst werden und eigene Leitlinien beraterischen Handelns entwickeln.<\/p><p class=\"bodytext\"><strong>Kontakt:\u00a0<\/strong><a class=\"csc-content-link\">saskia.erbring[at]fh-erfurt.de<\/a> <\/p><\/div><\/div><\/div>\t\t\t\t\t\t\t\t<\/div>\n\t\t\t\t<\/div>\n\t\t\t\t\t<\/div>\n\t\t\t\t<\/div>\n\t\t<div class=\"elementor-element elementor-element-e61be1f e-flex e-con-boxed e-con e-parent\" data-id=\"e61be1f\" data-element_type=\"container\" data-e-type=\"container\" id=\"jt-22-panel-4\">\n\t\t\t\t\t<div class=\"e-con-inner\">\n\t\t\t\t<div class=\"elementor-element elementor-element-6252929 elementor-widget elementor-widget-heading\" data-id=\"6252929\" data-element_type=\"widget\" data-e-type=\"widget\" data-widget_type=\"heading.default\">\n\t\t\t\t<div class=\"elementor-widget-container\">\n\t\t\t\t\t<h3 class=\"elementor-heading-title elementor-size-default\">Panel Soziales Miteinander<\/h3>\t\t\t\t<\/div>\n\t\t\t\t<\/div>\n\t\t\t\t<div class=\"elementor-element elementor-element-414e5c0 elementor-widget elementor-widget-text-editor\" data-id=\"414e5c0\" data-element_type=\"widget\" data-e-type=\"widget\" data-widget_type=\"text-editor.default\">\n\t\t\t\t<div class=\"elementor-widget-container\">\n\t\t\t\t\t\t\t\t\t<div id=\"c456910\" class=\"csc-default  layout-topheader\"><div class=\"csc-textpic csc-textpic-intext-right\"><div class=\"csc-textpic-imagewrap\" data-csc-images=\"1\" data-csc-cols=\"2\"><figure class=\"csc-textpic-image csc-textpic-last\"><img loading=\"lazy\" decoding=\"async\" class=\"alignright\" src=\"https:\/\/www.uni-weimar.de\/fileadmin\/_processed_\/2\/3\/csm_Kruse-Portrait2019_1zu1-comp_24c7880501.jpg\" alt=\"\" width=\"180\" height=\"180\" \/><\/figure><\/div><div class=\"csc-textpic-text\"><p class=\"bodytext\"><strong>Rolf Kruse, Fachhochschule Erfurt: &#8222;Social Virtual Reality f\u00fcr hochschul\u00fcbergreifende Lehrveranstaltungen&#8220;\u00a0<\/strong>(18.11., 13.45 Uhr, Raum 1222 und BBB2) In Social VR-Anwendungen k\u00f6nnen Lehrende und Lernende trotz Distanz als Avatare in einem gemeinsamen Lernraum kollaborativ arbeiten und lernen. Webbasierte Social VR-Anwendungen verringern die Einstiegsh\u00fcrden f\u00fcr ein solches Erleben von Co-Pr\u00e4senz. Sie bieten eine L\u00f6sung f\u00fcr hochschul\u00fcbergreifende Kollaborationen von Lehrenden und Lernenden und tragen\u00a0 zur didaktischen Bereicherung des Lernens bei. Im Projekt Immersive Lernplattform Th\u00fcringen (ILT) wurden gemeinsam mit Lehrenden &amp; Lernenden der FH Erfurt und der TU Ilmenau immersive Umgebungen auf Basis der Social VR-Plattform Mozilla Hubs f\u00fcr verschiedene Lern- &amp; Lehrformate zur hochschul\u00fcbergreifenden Kooperation und Kollaboration konzipiert, entwickelt sowie mit und ohne VR-Brille praktisch erprobt. Der Panelbeitrag\u00a0 gibt einen \u00dcberblick zu den Konzepten und Erprobungen von Lern-\/ Lehrformaten, Projekterkenntnissen und den Beteiligungsoptionen.<\/p><p class=\"bodytext\"><strong>Kontakt: <\/strong><a class=\"csc-content-link\" title=\"\u00d6ffnet Link\">rolf.kruse[at]fh-erfurt.de<\/a><\/p><\/div><\/div><\/div>\t\t\t\t\t\t\t\t<\/div>\n\t\t\t\t<\/div>\n\t\t\t\t<div class=\"elementor-element elementor-element-0e36fcd elementor-widget elementor-widget-text-editor\" data-id=\"0e36fcd\" data-element_type=\"widget\" data-e-type=\"widget\" data-widget_type=\"text-editor.default\">\n\t\t\t\t<div class=\"elementor-widget-container\">\n\t\t\t\t\t\t\t\t\t<div id=\"c456911\" class=\"csc-default  layout-topheader\"><div class=\"csc-textpic csc-textpic-intext-right\"><div class=\"csc-textpic-imagewrap\" data-csc-images=\"1\" data-csc-cols=\"2\"><figure class=\"csc-textpic-image csc-textpic-last\"><img loading=\"lazy\" decoding=\"async\" class=\"alignright\" src=\"https:\/\/www.uni-weimar.de\/fileadmin\/_processed_\/e\/4\/csm_Kreutzberger_58412d7b4f.jpg\" alt=\"\" width=\"180\" height=\"133\" \/><\/figure><\/div><div class=\"csc-textpic-text\"><p class=\"bodytext\"><strong>Gunter Kreuzberger, Technische Universit\u00e4t Ilmenau: &#8222;<\/strong><strong>Portfolio-Arbeit im virtuellen Raum&#8220;\u00a0<\/strong>(18.11., 13.45 Uhr, Raum 1222 und BBB2) e-Portfolio-Arbeit fokussiert als Lern- und Bewertungsmethode den Lernprozess. Sie eignet sich besonders f\u00fcr kompetenzorientiertes Lernen, unterst\u00fctzt informelles sowie lebenslanges Lernen. Sie f\u00f6rdert kollaboratives Arbeiten und vernetztes Lernen in sogenannten Learning Communities und tr\u00e4gt so zur Herausbildung sozialer Interaktionsr\u00e4ume bei. Diese k\u00f6nnen mit erweiterter Realit\u00e4t (XR) zu virtuellen Lernr\u00e4umen weiterentwickelt werden. Social VR bietet hierf\u00fcr einen Zugang, ist jedoch auch mit organisatorischen und technischen Herausforderungen verbunden, vor allem hinsichtlich der Erm\u00f6glichung vernetzten Lernens. Der Beitrag befasst sich mit ersten Versuchen, e-Portfolio-Arbeit in Social VR umzusetzen. Thematisiert werden die Herangehensweise, technische und didaktische Rahmenbedingungen sowie konkrete Erfahrungen und das weitere Vorgehen.<\/p><p class=\"bodytext\"><strong>Kontakt:\u00a0<\/strong><a class=\"csc-content-link\" title=\"\u00d6ffnet Link\">gunther.kreuzberger[at]tu-ilmenau.de<\/a><\/p><\/div><\/div><\/div>\t\t\t\t\t\t\t\t<\/div>\n\t\t\t\t<\/div>\n\t\t\t\t<div class=\"elementor-element elementor-element-e6edd9a elementor-widget elementor-widget-text-editor\" data-id=\"e6edd9a\" data-element_type=\"widget\" data-e-type=\"widget\" data-widget_type=\"text-editor.default\">\n\t\t\t\t<div class=\"elementor-widget-container\">\n\t\t\t\t\t\t\t\t\t<div id=\"c456912\" class=\"csc-default  layout-topheader\"><div class=\"csc-textpic csc-textpic-intext-right\"><div class=\"csc-textpic-imagewrap\" data-csc-images=\"1\" data-csc-cols=\"2\"><figure class=\"csc-textpic-image csc-textpic-last\"><img loading=\"lazy\" decoding=\"async\" class=\"alignright\" src=\"https:\/\/www.uni-weimar.de\/fileadmin\/_processed_\/5\/7\/csm_TribuseanXu2_18f0ee3371.jpg\" alt=\"\" width=\"180\" height=\"108\" \/><\/figure><\/div><div class=\"csc-textpic-text\"><p class=\"bodytext\"><strong>Irina Tribusean und Yi Xu, Technische Universit\u00e4t Ilmenau: &#8222;<\/strong><strong>Using Social VR in teaching intercultural communication<\/strong><strong>&#8220;\u00a0<\/strong>(18.11., 13.45 Uhr, Raum 1222 und BBB2) We designed the \u201cIntercultural Communication\u201d course incorporating Social VR, enabling online students to experience cultural differences immersively. In a VR lecture, participants met in a virtual Audimax hall where students \u201csat\u201d in audience rows as in onsite classroom. After an interactive game we gave a lecture about identity negotiation and management. In VR seminars, students walked into four \u201ccultural rooms\u201d (i.e. virtual rooms depicting Latin-American, Arab-African, Asian and European cultures). To evaluate the course, students participated in online surveys and interviews. Feedback was positive, although technical problems were prominent and overshadowed the concentration of developing communication skills. Experience shows that VR can successfully be applied in teaching intercultural communication, though challenges from teachers\u2019 and students\u2019 sides need to be addressed.<\/p><p class=\"bodytext\"><strong>Kontakt:\u00a0<\/strong><a class=\"csc-content-link\">yi.xu[at]tu-ilmenau.de<\/a>\u00a0und <a class=\"csc-content-link\">irina.tribusean[at]tu-ilmenau.de<\/a> <\/p><\/div><\/div><\/div>\t\t\t\t\t\t\t\t<\/div>\n\t\t\t\t<\/div>\n\t\t\t\t<div class=\"elementor-element elementor-element-2b1c355 elementor-widget elementor-widget-text-editor\" data-id=\"2b1c355\" data-element_type=\"widget\" data-e-type=\"widget\" data-widget_type=\"text-editor.default\">\n\t\t\t\t<div class=\"elementor-widget-container\">\n\t\t\t\t\t\t\t\t\t<div id=\"c456913\" class=\"csc-default layout-topheader\"><div class=\"csc-textpic csc-textpic-intext-right\"><div id=\"c456913\" class=\"csc-default  layout-topheader\"><div class=\"csc-textpic csc-textpic-intext-right\"><div class=\"csc-textpic-imagewrap\" data-csc-images=\"1\" data-csc-cols=\"2\"><figure class=\"csc-textpic-image csc-textpic-last\"><img loading=\"lazy\" decoding=\"async\" class=\"alignright\" src=\"https:\/\/www.uni-weimar.de\/fileadmin\/_processed_\/2\/9\/csm_male-g450dac682_1280_923ebe6722.png\" alt=\"\" width=\"180\" height=\"136\" \/><\/figure><\/div><div class=\"csc-textpic-text\"><p class=\"bodytext\"><strong>Yuliia Danyliuk, Technische Universit\u00e4t Ilmenau: &#8222;<\/strong><strong>Soziales Miteinander im digitalen Studium: Best Practices und Herausforderungen&#8220;\u00a0<\/strong>(18.11., 13.45 Uhr, Raum 1222 und BBB2) Ein gelingendes soziales Miteinander ist eine bedeutende Grundlage f\u00fcr ein erfolgreiches Studium. Wie kann aber dieser soziale Aspekt im digitalen Studium gew\u00e4hrleistet werden, wenn die Studierenden von ihren Heimatl\u00e4ndern aus studieren? In diesem Beitrag werden Best Practices und Herausforderungen anhand des digitalen soziokulturellen Betreuungs- und Begleitkonzeptes im Rahmen des VEDIAS-Projekts an der TU Ilmenau geschildert und diskutiert. Ziel der digitalen Betreuung ist, dass Distanz-Studierenden die M\u00f6glichkeit geboten wird sich mit Kultur und studentischem Alltag in Deutschland und an der TU Ilmenau vertraut zu machen und in Studierenden-Netzwerken aktiv zu sein. Es wird auf die wichtigsten Ans\u00e4tze des Konzepts und dessen Implementierung eingegangen: digitale Veranstaltungen vom Studierendenservice we4you und Begegnungen auf dem virtuellen Campus, digitales Buddy-Programm, Instagram Challenge, virtuelle Tandempartner*innen. Es wird gezeigt, welche digitalen Formate von den Studierenden gut wahrgenommen wurden und an welchen Angeboten die Studierenden weniger interessiert waren. Des Weiteren wird ein digitaler Raum, d.h. das Coffee House in Social Virtual Reality, pr\u00e4sentiert und dessen Vor- und Nachteile f\u00fcr das digitale soziale Miteinander analysiert.<\/p><p class=\"bodytext\"><strong>Kontakt:\u00a0<\/strong><a class=\"csc-content-link\">yuliia.danyliuk[at]tu-ilmenau.de<\/a>\u00a0<\/p><\/div><\/div><\/div><\/div><\/div>\t\t\t\t\t\t\t\t<\/div>\n\t\t\t\t<\/div>\n\t\t\t\t\t<\/div>\n\t\t\t\t<\/div>\n\t\t<div class=\"elementor-element elementor-element-6973a9b e-flex e-con-boxed e-con e-parent\" data-id=\"6973a9b\" data-element_type=\"container\" data-e-type=\"container\" id=\"jt-22-vortraege\">\n\t\t\t\t\t<div class=\"e-con-inner\">\n\t\t\t\t<div class=\"elementor-element elementor-element-366ad26 elementor-widget elementor-widget-heading\" data-id=\"366ad26\" data-element_type=\"widget\" data-e-type=\"widget\" data-widget_type=\"heading.default\">\n\t\t\t\t<div class=\"elementor-widget-container\">\n\t\t\t\t\t<h3 class=\"elementor-heading-title elementor-size-default\">Vortr\u00e4ge<\/h3>\t\t\t\t<\/div>\n\t\t\t\t<\/div>\n\t\t\t\t<div class=\"elementor-element elementor-element-e400288 elementor-widget elementor-widget-text-editor\" data-id=\"e400288\" data-element_type=\"widget\" data-e-type=\"widget\" data-widget_type=\"text-editor.default\">\n\t\t\t\t<div class=\"elementor-widget-container\">\n\t\t\t\t\t\t\t\t\t<div id=\"c456822\" class=\"csc-default  layout-topheader\"><div class=\"csc-textpic csc-textpic-intext-right\"><div class=\"csc-textpic-imagewrap\" data-csc-images=\"1\" data-csc-cols=\"2\"><figure class=\"csc-textpic-image csc-textpic-last\"><img loading=\"lazy\" decoding=\"async\" class=\"alignright\" src=\"https:\/\/www.uni-weimar.de\/fileadmin\/_processed_\/5\/0\/csm_Foto_links_Rothenberger__Liane_2_138b07d9e8.jpg\" alt=\"\" width=\"180\" height=\"120\" \/><\/figure><\/div><div class=\"csc-textpic-text\"><p class=\"bodytext\"><strong>Liane Rothenberger, KU Eichst\u00e4tt-Ingolstadt: &#8222;Social Virtual Reality in einer journalistischen Anwendung \u2013 ein studentisches Praxisprojekt&#8220;<\/strong><strong>:\u00a0<\/strong><em>(18.11., 11.30 Uhr, Raum 1220 und BBB3)\u00a0<\/em>Im Studiengang Journalistik entstand im Sommersemester 2022 ein Pilotprojekt, in dem vier studentische Gruppen innovative journalistische Formate f\u00fcr die Tagesschau entwickelten. Eine der vier studentischen Gruppen entschied sich daf\u00fcr, einen VR-Raum zum Thema \u201eFlucht und Migration\u201c zu entwickeln. Dies geschah mit Unterst\u00fctzung durch das Immersive Learning Lab (ILL) der FH Erfurt. Hier zeigte sich, dass die Studierenden inhaltlich gute Recherchen liefern, die Umsetzung in einem r\u00e4umlichen Umfeld (anstatt in einem linearen Artikel oder konventionellen TV-Beitrag) jedoch neu erlernen mussten.<\/p><p class=\"bodytext\"><strong>Kontakt:\u00a0<\/strong><a class=\"csc-content-link\" title=\"\u00d6ffnet Link\">liane.rothenberger[at]ku.de<\/a><\/p><\/div><\/div><\/div>\t\t\t\t\t\t\t\t<\/div>\n\t\t\t\t<\/div>\n\t\t\t\t<div class=\"elementor-element elementor-element-dac744e elementor-widget elementor-widget-text-editor\" data-id=\"dac744e\" data-element_type=\"widget\" data-e-type=\"widget\" data-widget_type=\"text-editor.default\">\n\t\t\t\t<div class=\"elementor-widget-container\">\n\t\t\t\t\t\t\t\t\t<div id=\"c456823\" class=\"csc-default  layout-topheader\"><div class=\"csc-textpic csc-textpic-intext-right\"><div class=\"csc-textpic-imagewrap\" data-csc-images=\"1\" data-csc-cols=\"2\"><figure class=\"csc-textpic-image csc-textpic-last\"><img loading=\"lazy\" decoding=\"async\" class=\"alignright\" src=\"https:\/\/www.uni-weimar.de\/fileadmin\/_processed_\/f\/e\/csm_Stadler_vbnw_2019_fa1e4a378c.jpg\" alt=\"\" width=\"180\" height=\"219\" \/><\/figure><\/div><div class=\"csc-textpic-text\"><p class=\"bodytext\"><strong>Uwe Stadler,\u00a0<\/strong><strong>Universit\u00e4tsbibliothek Wuppertal: &#8222;digi-komp.nrw: Informations- und Medienkompetenz f\u00fcr Studierende&#8220;:\u00a0<\/strong><em>(18.11., 11.30 Uhr, Raum 1220 und BBB3)\u00a0<\/em>digi-komp.nrw ist ein seit 2019 vom Ministerium f\u00fcr Kultur und Wissenschaft Nordrhein-Westfalen gef\u00f6rdertes Kooperationsprojekt, an dem mehrere Hochschulbibliotheken und wissenschaftliche Einrichtungen aus NRW beteiligt sind. Das Konsortium entwickelt interdisziplin\u00e4re und modular aufgebaute E-Learning-Selbstlernkurse zur F\u00f6rderung der Medien-, Informations- und Digitalkompetenz. Die digitalen Lernmaterialien werden zuk\u00fcnftig auf dem Landesportal Open Resources Campus NRW (ORCA.nrw) ver\u00f6ffentlicht. Das E-Learning-Angebot richtet sich im Besonderen an Studierende in der Studieneingangsphase (1.-3. Semester). Konzeptionell ist das Lernangebot als Selbstlernformat aber auch zur modularen Einbindung in hochschulische Lehre zugeschnitten. Die Schwerpunktthemensetzung des Projekts orientiert sich an der Strategie der KMK &#8222;Bildung in der digitalen Welt&#8220; und dem schulischen Medienkompetenzrahmen NRW.<\/p><p class=\"bodytext\"><strong>Kontakt:\u00a0<\/strong><a class=\"csc-content-link\" title=\"\u00d6ffnet Link\">stadler[at]uni-wuppertal.de<\/a><\/p><\/div><\/div><\/div>\t\t\t\t\t\t\t\t<\/div>\n\t\t\t\t<\/div>\n\t\t\t\t<div class=\"elementor-element elementor-element-35cf118 elementor-widget elementor-widget-text-editor\" data-id=\"35cf118\" data-element_type=\"widget\" data-e-type=\"widget\" data-widget_type=\"text-editor.default\">\n\t\t\t\t<div class=\"elementor-widget-container\">\n\t\t\t\t\t\t\t\t\t<div id=\"c456825\" class=\"csc-default  layout-topheader\"><div class=\"csc-textpic csc-textpic-intext-right\"><div class=\"csc-textpic-imagewrap\" data-csc-images=\"1\" data-csc-cols=\"2\"><figure class=\"csc-textpic-image csc-textpic-last\"><img loading=\"lazy\" decoding=\"async\" class=\"alignright\" src=\"https:\/\/www.uni-weimar.de\/fileadmin\/_processed_\/e\/9\/csm_mira_3__3__291e517293.jpg\" alt=\"\" width=\"180\" height=\"173\" \/><\/figure><\/div><div class=\"csc-textpic-text\"><p class=\"bodytext\"><strong>Mira Rochyadi-Reetz,\u00a0Technische Universit\u00e4t Ilmenau &#8222;VR-Ansatz bei der Vermittlung \u00fcber deutsche Medien im politischen System<\/strong><strong>&#8220;\u00a0<\/strong><em>(18.11., 12.20 Uhr, Raum 1220 und BBB3)\u00a0<\/em>In Kombination mit anderen Online-Lehr- und Lernwerkzeugen bietet die soziale VR-Umgebung die Chance einer interaktiven Lernumgebung, die die immersive Erfahrung erm\u00f6glicht, in einem Raum &#8222;anwesend&#8220; zu sein. In meinem Vortrag m\u00f6chte ich die Erfahrung teilen, wie man Lehr- und Lernaktivit\u00e4ten zum deutschen Politik- und Mediensystem in einer VR-Sozialumgebung konzipiert und durchf\u00fchrt. Der Kurs wurde im Sommersemester 2022 f\u00fcr Masterstudenten in einem vollst\u00e4ndig online-basierten Format angeboten. Es waren 21 Studierende aus 12 L\u00e4ndern und 4 verschiedenen Kontinenten in den Kurs eingeschrieben. Diese Pr\u00e4sentation ist von gro\u00dfer Relevanz f\u00fcr all jene, die derzeit planen, VR in ihre Lehrt\u00e4tigkeit einzubeziehen.<\/p><p class=\"bodytext\"><strong>Kontakt:\u00a0<\/strong><a class=\"csc-content-link\" title=\"\u00d6ffnet Link\">mira.rochyadi-reetz[at]tu-ilmenau.de<\/a><\/p><\/div><\/div><\/div>\t\t\t\t\t\t\t\t<\/div>\n\t\t\t\t<\/div>\n\t\t\t\t<div class=\"elementor-element elementor-element-07089ec elementor-widget elementor-widget-text-editor\" data-id=\"07089ec\" data-element_type=\"widget\" data-e-type=\"widget\" data-widget_type=\"text-editor.default\">\n\t\t\t\t<div class=\"elementor-widget-container\">\n\t\t\t\t\t\t\t\t\t<div id=\"c456826\" class=\"csc-default  layout-topheader\"><div class=\"csc-textpic csc-textpic-intext-right\"><div class=\"csc-textpic-imagewrap\" data-csc-images=\"1\" data-csc-cols=\"2\"><figure class=\"csc-textpic-image csc-textpic-last\"><img loading=\"lazy\" decoding=\"async\" class=\"alignright\" src=\"https:\/\/www.uni-weimar.de\/fileadmin\/_processed_\/3\/e\/csm_htwkdresden_b1f5af9a8f.jpg\" alt=\"\" width=\"180\" height=\"110\" \/><\/figure><\/div><div class=\"csc-textpic-text\"><p class=\"bodytext\"><strong>Frank Thiel und\u00a0<\/strong><strong>Kerstin Kathy\u00a0Meyer-Ross<\/strong><strong>, Schwerelos durch Raum und Zeit<\/strong><strong>&#8220;\u00a0<\/strong>(18.11., 12.20 Uhr, Raum 1220 und BBB3) IWir haben einen identischen Projektmanagement-Kurs mit gleichen Lernzielen, Lehrinhalten und Pr\u00fcfungsleistungen einmal an der Fachhochschule und einmal an der Dualen Hochschule durchgef\u00fchrt. Der Kurs hat als zentrales Element eine Fallstudie, die auf einem realen Industrieprojekt basiert und in Kleingruppen bearbeitet wurde.Der Kurs hybrid konzipiert. Alle zum Kurs geh\u00f6renden Lernbl\u00f6cke und Lehrmaterialien und auch die Fallstudie sind sowohl in Distanz als auch in Pr\u00e4senz nutzbar. Die Lehrenden waren f\u00fcr die Studierenden bei Fragen ansprechbar, Lerninhalte erschlossen sich die Studierenden selbstbestimmt. Unsere Erkenntnis: Selbst ein identischer Kurs, stellt je nach Hochschulumfeld v\u00f6llig verschiedene Anforderungen an das hybride Setup.<\/p><p class=\"bodytext\"><strong>Kontakt:\u00a0<\/strong><a class=\"csc-content-link\" title=\"\u00d6ffnet Link\">kerstin-kathy.meyer-ross[at]htw-dresden.de<\/a>\u00a0und\u00a0<a class=\"csc-content-link\" title=\"\u00d6ffnet Link\">frank.thiel[at]mail.de<\/a><\/p><\/div><\/div><\/div>\t\t\t\t\t\t\t\t<\/div>\n\t\t\t\t<\/div>\n\t\t\t\t\t<\/div>\n\t\t\t\t<\/div>\n\t\t\t\t<\/div>\n\t\t","protected":false},"excerpt":{"rendered":"<p>Workshops Andreas Sexauer, Matthias Bandtel &amp; Jena Cho,\u00a0Karlsruher Institut f\u00fcr Technologie (KIT), Hochschulnetzwerk Digitalisierung der Lehre Baden-W\u00fcrttemberg (HND-BW\u00a0&#8222;Die Zukunft hybrider Lehre: Systematische Erfahrungssammlung und evidenzbasierte Weiterentwicklung synchroner Online-Pr\u00e4senz-Mischformen&#8220;\u00a0(18.11., 9.30 Uhr, Raum 1337 und BBB1)\u00a0Hybride Lehre wird im aktuellen Diskurs entweder als Br\u00fccke aus dem Emergency Remote Teaching in die postpandemische Hochschullehre verkl\u00e4rt oder als technizistische [&hellip;]<\/p>\n","protected":false},"author":15,"featured_media":0,"parent":0,"menu_order":0,"comment_status":"closed","ping_status":"closed","template":"","meta":{"footnotes":""},"class_list":["post-7085","page","type-page","status-publish","hentry"],"yoast_head":"<!-- This site is optimized with the Yoast SEO plugin v27.4 - https:\/\/yoast.com\/product\/yoast-seo-wordpress\/ -->\n<title>eTeach Jahrestagung 2022 \u2013 Workshops, Panel &amp; Vortr\u00e4ge - eTeach-Netzwerk Th\u00fcringen<\/title>\n<meta name=\"robots\" content=\"index, follow, max-snippet:-1, max-image-preview:large, max-video-preview:-1\" \/>\n<link rel=\"canonical\" href=\"https:\/\/www.eteach-thueringen.de\/en\/eteach-annual-conference-2022-workshops-panel-presentations\/\" \/>\n<meta property=\"og:locale\" content=\"en_US\" \/>\n<meta property=\"og:type\" content=\"article\" \/>\n<meta property=\"og:title\" content=\"eTeach Jahrestagung 2022 \u2013 Workshops, Panel &amp; Vortr\u00e4ge - eTeach-Netzwerk Th\u00fcringen\" \/>\n<meta property=\"og:description\" content=\"Workshops Andreas Sexauer, Matthias Bandtel &amp; Jena Cho,\u00a0Karlsruher Institut f\u00fcr Technologie (KIT), Hochschulnetzwerk Digitalisierung der Lehre Baden-W\u00fcrttemberg (HND-BW\u00a0&#8222;Die Zukunft hybrider Lehre: Systematische Erfahrungssammlung und evidenzbasierte Weiterentwicklung synchroner Online-Pr\u00e4senz-Mischformen&#8220;\u00a0(18.11., 9.30 Uhr, Raum 1337 und BBB1)\u00a0Hybride Lehre wird im aktuellen Diskurs entweder als Br\u00fccke aus dem Emergency Remote Teaching in die postpandemische Hochschullehre verkl\u00e4rt oder als technizistische [&hellip;]\" \/>\n<meta property=\"og:url\" content=\"https:\/\/www.eteach-thueringen.de\/en\/eteach-annual-conference-2022-workshops-panel-presentations\/\" \/>\n<meta property=\"og:site_name\" content=\"eTeach-Netzwerk Th\u00fcringen\" \/>\n<meta property=\"article:modified_time\" content=\"2024-04-23T08:56:37+00:00\" \/>\n<meta property=\"og:image\" content=\"https:\/\/www.uni-weimar.de\/fileadmin\/_processed_\/d\/b\/csm_Sexauer_Bandtel_Cho_e651455b1a.jpg\" \/>\n<meta name=\"twitter:card\" content=\"summary_large_image\" \/>\n<meta name=\"twitter:label1\" content=\"Est. reading time\" \/>\n\t<meta name=\"twitter:data1\" content=\"21 minutes\" \/>\n<script type=\"application\/ld+json\" class=\"yoast-schema-graph\">{\"@context\":\"https:\\\/\\\/schema.org\",\"@graph\":[{\"@type\":\"WebPage\",\"@id\":\"https:\\\/\\\/www.eteach-thueringen.de\\\/eteach-jahrestagung-2022-workshops-panel-vortraege\\\/\",\"url\":\"https:\\\/\\\/www.eteach-thueringen.de\\\/eteach-jahrestagung-2022-workshops-panel-vortraege\\\/\",\"name\":\"eTeach Jahrestagung 2022 \u2013 Workshops, Panel &amp; Vortr\u00e4ge - eTeach-Netzwerk Th\u00fcringen\",\"isPartOf\":{\"@id\":\"https:\\\/\\\/www.eteach-thueringen.de\\\/#website\"},\"primaryImageOfPage\":{\"@id\":\"https:\\\/\\\/www.eteach-thueringen.de\\\/eteach-jahrestagung-2022-workshops-panel-vortraege\\\/#primaryimage\"},\"image\":{\"@id\":\"https:\\\/\\\/www.eteach-thueringen.de\\\/eteach-jahrestagung-2022-workshops-panel-vortraege\\\/#primaryimage\"},\"thumbnailUrl\":\"https:\\\/\\\/www.uni-weimar.de\\\/fileadmin\\\/_processed_\\\/d\\\/b\\\/csm_Sexauer_Bandtel_Cho_e651455b1a.jpg\",\"datePublished\":\"2024-03-12T14:48:00+00:00\",\"dateModified\":\"2024-04-23T08:56:37+00:00\",\"breadcrumb\":{\"@id\":\"https:\\\/\\\/www.eteach-thueringen.de\\\/eteach-jahrestagung-2022-workshops-panel-vortraege\\\/#breadcrumb\"},\"inLanguage\":\"en-US\",\"potentialAction\":[{\"@type\":\"ReadAction\",\"target\":[\"https:\\\/\\\/www.eteach-thueringen.de\\\/eteach-jahrestagung-2022-workshops-panel-vortraege\\\/\"]}]},{\"@type\":\"ImageObject\",\"inLanguage\":\"en-US\",\"@id\":\"https:\\\/\\\/www.eteach-thueringen.de\\\/eteach-jahrestagung-2022-workshops-panel-vortraege\\\/#primaryimage\",\"url\":\"https:\\\/\\\/www.uni-weimar.de\\\/fileadmin\\\/_processed_\\\/d\\\/b\\\/csm_Sexauer_Bandtel_Cho_e651455b1a.jpg\",\"contentUrl\":\"https:\\\/\\\/www.uni-weimar.de\\\/fileadmin\\\/_processed_\\\/d\\\/b\\\/csm_Sexauer_Bandtel_Cho_e651455b1a.jpg\"},{\"@type\":\"BreadcrumbList\",\"@id\":\"https:\\\/\\\/www.eteach-thueringen.de\\\/eteach-jahrestagung-2022-workshops-panel-vortraege\\\/#breadcrumb\",\"itemListElement\":[{\"@type\":\"ListItem\",\"position\":1,\"name\":\"Startseite\",\"item\":\"https:\\\/\\\/www.eteach-thueringen.de\\\/\"},{\"@type\":\"ListItem\",\"position\":2,\"name\":\"eTeach Jahrestagung 2022 \u2013 Workshops, Panel &amp; Vortr\u00e4ge\"}]},{\"@type\":\"WebSite\",\"@id\":\"https:\\\/\\\/www.eteach-thueringen.de\\\/#website\",\"url\":\"https:\\\/\\\/www.eteach-thueringen.de\\\/\",\"name\":\"eTeach-Netzwerk Th\u00fcringen\",\"description\":\"\",\"publisher\":{\"@id\":\"https:\\\/\\\/www.eteach-thueringen.de\\\/#organization\"},\"potentialAction\":[{\"@type\":\"SearchAction\",\"target\":{\"@type\":\"EntryPoint\",\"urlTemplate\":\"https:\\\/\\\/www.eteach-thueringen.de\\\/?s={search_term_string}\"},\"query-input\":{\"@type\":\"PropertyValueSpecification\",\"valueRequired\":true,\"valueName\":\"search_term_string\"}}],\"inLanguage\":\"en-US\"},{\"@type\":\"Organization\",\"@id\":\"https:\\\/\\\/www.eteach-thueringen.de\\\/#organization\",\"name\":\"eTeach-Netzwerk Th\u00fcringen\",\"url\":\"https:\\\/\\\/www.eteach-thueringen.de\\\/\",\"logo\":{\"@type\":\"ImageObject\",\"inLanguage\":\"en-US\",\"@id\":\"https:\\\/\\\/www.eteach-thueringen.de\\\/#\\\/schema\\\/logo\\\/image\\\/\",\"url\":\"https:\\\/\\\/www.eteach-thueringen.de\\\/wp-content\\\/uploads\\\/2023\\\/01\\\/eTeach_Logo_offblack_offwhite_rund.png\",\"contentUrl\":\"https:\\\/\\\/www.eteach-thueringen.de\\\/wp-content\\\/uploads\\\/2023\\\/01\\\/eTeach_Logo_offblack_offwhite_rund.png\",\"width\":1151,\"height\":1152,\"caption\":\"eTeach-Netzwerk Th\u00fcringen\"},\"image\":{\"@id\":\"https:\\\/\\\/www.eteach-thueringen.de\\\/#\\\/schema\\\/logo\\\/image\\\/\"},\"sameAs\":[\"https:\\\/\\\/www.instagram.com\\\/eteachnetzwerk.thueringen\\\/\",\"https:\\\/\\\/www.linkedin.com\\\/company\\\/eteach-netzwerk-thringen\\\/\"]}]}<\/script>\n<!-- \/ Yoast SEO plugin. -->","yoast_head_json":{"title":"eTeach Annual Conference 2022 - Workshops, Panel &amp; Presentations - eTeach-Netzwerk Th\u00fcringen","robots":{"index":"index","follow":"follow","max-snippet":"max-snippet:-1","max-image-preview":"max-image-preview:large","max-video-preview":"max-video-preview:-1"},"canonical":"https:\/\/www.eteach-thueringen.de\/en\/eteach-annual-conference-2022-workshops-panel-presentations\/","og_locale":"en_US","og_type":"article","og_title":"eTeach Jahrestagung 2022 \u2013 Workshops, Panel &amp; Vortr\u00e4ge - eTeach-Netzwerk Th\u00fcringen","og_description":"Workshops Andreas Sexauer, Matthias Bandtel &amp; Jena Cho,\u00a0Karlsruher Institut f\u00fcr Technologie (KIT), Hochschulnetzwerk Digitalisierung der Lehre Baden-W\u00fcrttemberg (HND-BW\u00a0&#8222;Die Zukunft hybrider Lehre: Systematische Erfahrungssammlung und evidenzbasierte Weiterentwicklung synchroner Online-Pr\u00e4senz-Mischformen&#8220;\u00a0(18.11., 9.30 Uhr, Raum 1337 und BBB1)\u00a0Hybride Lehre wird im aktuellen Diskurs entweder als Br\u00fccke aus dem Emergency Remote Teaching in die postpandemische Hochschullehre verkl\u00e4rt oder als technizistische [&hellip;]","og_url":"https:\/\/www.eteach-thueringen.de\/en\/eteach-annual-conference-2022-workshops-panel-presentations\/","og_site_name":"eTeach-Netzwerk Th\u00fcringen","article_modified_time":"2024-04-23T08:56:37+00:00","og_image":[{"url":"https:\/\/www.uni-weimar.de\/fileadmin\/_processed_\/d\/b\/csm_Sexauer_Bandtel_Cho_e651455b1a.jpg","type":"","width":"","height":""}],"twitter_card":"summary_large_image","twitter_misc":{"Est. reading time":"21 minutes"},"schema":{"@context":"https:\/\/schema.org","@graph":[{"@type":"WebPage","@id":"https:\/\/www.eteach-thueringen.de\/eteach-jahrestagung-2022-workshops-panel-vortraege\/","url":"https:\/\/www.eteach-thueringen.de\/eteach-jahrestagung-2022-workshops-panel-vortraege\/","name":"eTeach Annual Conference 2022 - Workshops, Panel &amp; Presentations - eTeach-Netzwerk Th\u00fcringen","isPartOf":{"@id":"https:\/\/www.eteach-thueringen.de\/#website"},"primaryImageOfPage":{"@id":"https:\/\/www.eteach-thueringen.de\/eteach-jahrestagung-2022-workshops-panel-vortraege\/#primaryimage"},"image":{"@id":"https:\/\/www.eteach-thueringen.de\/eteach-jahrestagung-2022-workshops-panel-vortraege\/#primaryimage"},"thumbnailUrl":"https:\/\/www.uni-weimar.de\/fileadmin\/_processed_\/d\/b\/csm_Sexauer_Bandtel_Cho_e651455b1a.jpg","datePublished":"2024-03-12T14:48:00+00:00","dateModified":"2024-04-23T08:56:37+00:00","breadcrumb":{"@id":"https:\/\/www.eteach-thueringen.de\/eteach-jahrestagung-2022-workshops-panel-vortraege\/#breadcrumb"},"inLanguage":"en-US","potentialAction":[{"@type":"ReadAction","target":["https:\/\/www.eteach-thueringen.de\/eteach-jahrestagung-2022-workshops-panel-vortraege\/"]}]},{"@type":"ImageObject","inLanguage":"en-US","@id":"https:\/\/www.eteach-thueringen.de\/eteach-jahrestagung-2022-workshops-panel-vortraege\/#primaryimage","url":"https:\/\/www.uni-weimar.de\/fileadmin\/_processed_\/d\/b\/csm_Sexauer_Bandtel_Cho_e651455b1a.jpg","contentUrl":"https:\/\/www.uni-weimar.de\/fileadmin\/_processed_\/d\/b\/csm_Sexauer_Bandtel_Cho_e651455b1a.jpg"},{"@type":"BreadcrumbList","@id":"https:\/\/www.eteach-thueringen.de\/eteach-jahrestagung-2022-workshops-panel-vortraege\/#breadcrumb","itemListElement":[{"@type":"ListItem","position":1,"name":"Startseite","item":"https:\/\/www.eteach-thueringen.de\/"},{"@type":"ListItem","position":2,"name":"eTeach Jahrestagung 2022 \u2013 Workshops, Panel &amp; Vortr\u00e4ge"}]},{"@type":"WebSite","@id":"https:\/\/www.eteach-thueringen.de\/#website","url":"https:\/\/www.eteach-thueringen.de\/","name":"eTeach Network Thuringia","description":"","publisher":{"@id":"https:\/\/www.eteach-thueringen.de\/#organization"},"potentialAction":[{"@type":"SearchAction","target":{"@type":"EntryPoint","urlTemplate":"https:\/\/www.eteach-thueringen.de\/?s={search_term_string}"},"query-input":{"@type":"PropertyValueSpecification","valueRequired":true,"valueName":"search_term_string"}}],"inLanguage":"en-US"},{"@type":"Organization","@id":"https:\/\/www.eteach-thueringen.de\/#organization","name":"eTeach Network Thuringia","url":"https:\/\/www.eteach-thueringen.de\/","logo":{"@type":"ImageObject","inLanguage":"en-US","@id":"https:\/\/www.eteach-thueringen.de\/#\/schema\/logo\/image\/","url":"https:\/\/www.eteach-thueringen.de\/wp-content\/uploads\/2023\/01\/eTeach_Logo_offblack_offwhite_rund.png","contentUrl":"https:\/\/www.eteach-thueringen.de\/wp-content\/uploads\/2023\/01\/eTeach_Logo_offblack_offwhite_rund.png","width":1151,"height":1152,"caption":"eTeach-Netzwerk Th\u00fcringen"},"image":{"@id":"https:\/\/www.eteach-thueringen.de\/#\/schema\/logo\/image\/"},"sameAs":["https:\/\/www.instagram.com\/eteachnetzwerk.thueringen\/","https:\/\/www.linkedin.com\/company\/eteach-netzwerk-thringen\/"]}]}},"_links":{"self":[{"href":"https:\/\/www.eteach-thueringen.de\/en\/wp-json\/wp\/v2\/pages\/7085","targetHints":{"allow":["GET"]}}],"collection":[{"href":"https:\/\/www.eteach-thueringen.de\/en\/wp-json\/wp\/v2\/pages"}],"about":[{"href":"https:\/\/www.eteach-thueringen.de\/en\/wp-json\/wp\/v2\/types\/page"}],"author":[{"embeddable":true,"href":"https:\/\/www.eteach-thueringen.de\/en\/wp-json\/wp\/v2\/users\/15"}],"replies":[{"embeddable":true,"href":"https:\/\/www.eteach-thueringen.de\/en\/wp-json\/wp\/v2\/comments?post=7085"}],"version-history":[{"count":10,"href":"https:\/\/www.eteach-thueringen.de\/en\/wp-json\/wp\/v2\/pages\/7085\/revisions"}],"predecessor-version":[{"id":8910,"href":"https:\/\/www.eteach-thueringen.de\/en\/wp-json\/wp\/v2\/pages\/7085\/revisions\/8910"}],"wp:attachment":[{"href":"https:\/\/www.eteach-thueringen.de\/en\/wp-json\/wp\/v2\/media?parent=7085"}],"curies":[{"name":"wp","href":"https:\/\/api.w.org\/{rel}","templated":true}]}}