{"id":6254,"date":"2024-02-06T14:55:14","date_gmt":"2024-02-06T13:55:14","guid":{"rendered":"https:\/\/www.eteach-thueringen.de\/wp\/?page_id=6254"},"modified":"2024-04-23T10:56:52","modified_gmt":"2024-04-23T08:56:52","slug":"elementor-6254","status":"publish","type":"page","link":"https:\/\/www.eteach-thueringen.de\/en\/elementor-6254\/","title":{"rendered":"eTeach Annual Conference 2023 - Culture, technology and coordination"},"content":{"rendered":"\t\t<div data-elementor-type=\"wp-page\" data-elementor-id=\"6254\" class=\"elementor elementor-6254\" data-elementor-post-type=\"page\">\n\t\t\t\t<div class=\"elementor-element elementor-element-d25bc1a e-flex e-con-boxed e-con e-parent\" data-id=\"d25bc1a\" data-element_type=\"container\" data-e-type=\"container\">\n\t\t\t\t\t<div class=\"e-con-inner\">\n\t\t\t\t<div class=\"elementor-element elementor-element-1396194 elementor-widget elementor-widget-heading\" data-id=\"1396194\" data-element_type=\"widget\" data-e-type=\"widget\" data-widget_type=\"heading.default\">\n\t\t\t\t<div class=\"elementor-widget-container\">\n\t\t\t\t\t<h3 class=\"elementor-heading-title elementor-size-default\">Caf\u00e9 Aqua<\/h3>\t\t\t\t<\/div>\n\t\t\t\t<\/div>\n\t\t\t\t<div class=\"elementor-element elementor-element-438a4a1 elementor-widget elementor-widget-text-editor\" data-id=\"438a4a1\" data-element_type=\"widget\" data-e-type=\"widget\" data-widget_type=\"text-editor.default\">\n\t\t\t\t<div class=\"elementor-widget-container\">\n\t\t\t\t\t\t\t\t\t<div id=\"c470896\" class=\"csc-default layout-topheader\"><div class=\"csc-textpic csc-textpic-intext-right\"><div class=\"csc-textpic-imagewrap\" data-csc-images=\"1\" data-csc-cols=\"2\"><figure class=\"csc-textpic-image csc-textpic-last\"><img loading=\"lazy\" decoding=\"async\" class=\"alignright\" src=\"https:\/\/www.uni-weimar.de\/fileadmin\/_processed_\/6\/6\/csm_aqua-logo-circle_388b1b6171.jpg\" alt=\"\" width=\"180\" height=\"180\" \/><\/figure><\/div><div class=\"csc-textpic-text\"><p class=\"bodytext\">Das Studentencaf\u00e9 Aquarium wurde 1999 als Kommunikationszentrum zur Vernetzung der Fachschaften, Studierenden und Professor*Innen gegr\u00fcndet und ist seitdem ein beliebter Treffpunkt f\u00fcr Student*innen der FH Erfurt. Nach und nach entwickelte sich das Studentencaf\u00e9 zu dem, was es heute ist: eine abwechslungsreiche Location f\u00fcr musikinteressierte, und kontaktfreudige Leute. Das Caf\u00e9 versteht sich nicht nur als Ort des Ausgleichs und der Entspannung, sondern auch als Podium f\u00fcr studentische Ideen und Projekte. Hier gab es bereits Fotoabende, Vortragsreihen, Workshops und mehr. Falls du Interesse daran hast, coole Veranstaltungen im Aqua zu organisieren oder sogar gleich \u201eAqua\u201c-Mitglied zu werden oder einfach nur was zu trinken, bist du herzlich im \u201eCaf\u00e9 Aqua\u201c (Raum 11.E.30) willkommen! Mit der Unterst\u00fctzung des Studentencaf\u00e9-Teams organisieren und planen wir Events und k\u00fcmmern und um alles Organisatorische.<\/p><p class=\"bodytext\"><strong>Infos und Kontakt \u00fcber <a class=\"csc-content-link\" title=\"\u00d6ffnet Link\" href=\"https:\/\/stura.fh-erfurt.de\/studentisches-engagement\/die-hochschulgruppen\/cafe-aquarium\" target=\"_blank\" rel=\"noopener\">&gt;&gt;&gt; die Website<\/a><\/strong><\/p><\/div><\/div><\/div>\t\t\t\t\t\t\t\t<\/div>\n\t\t\t\t<\/div>\n\t\t\t\t\t<\/div>\n\t\t\t\t<\/div>\n\t\t<div class=\"elementor-element elementor-element-ee04401 e-flex e-con-boxed e-con e-parent\" data-id=\"ee04401\" data-element_type=\"container\" data-e-type=\"container\">\n\t\t\t\t\t<div class=\"e-con-inner\">\n\t\t\t\t<div class=\"elementor-element elementor-element-e426062 elementor-widget elementor-widget-heading\" data-id=\"e426062\" data-element_type=\"widget\" data-e-type=\"widget\" data-widget_type=\"heading.default\">\n\t\t\t\t<div class=\"elementor-widget-container\">\n\t\t\t\t\t<h3 class=\"elementor-heading-title elementor-size-default\">The Core: \"Concert in a Global Virtual Acoustic Space\"<\/h3>\t\t\t\t<\/div>\n\t\t\t\t<\/div>\n\t\t\t\t<div class=\"elementor-element elementor-element-a60d180 elementor-widget elementor-widget-text-editor\" data-id=\"a60d180\" data-element_type=\"widget\" data-e-type=\"widget\" data-widget_type=\"text-editor.default\">\n\t\t\t\t<div class=\"elementor-widget-container\">\n\t\t\t\t\t\t\t\t\t<div id=\"c470896\" class=\"csc-default layout-topheader\"><div class=\"csc-textpic csc-textpic-intext-right\"><div id=\"c470893\" class=\"csc-default  layout-topheader\"><div class=\"csc-textpic csc-textpic-intext-right\"><div class=\"csc-textpic-imagewrap\" data-csc-images=\"1\" data-csc-cols=\"2\"><figure class=\"csc-textpic-image csc-textpic-last\"><img loading=\"lazy\" decoding=\"async\" class=\"alignright\" src=\"https:\/\/www.uni-weimar.de\/fileadmin\/_processed_\/e\/7\/csm__DSC8310_1_11fbb44b9b.jpg\" alt=\"\" width=\"180\" height=\"121\" \/><\/figure><\/div><div class=\"csc-textpic-text\"><p class=\"bodytext\"><strong>&#8222;The Core&#8220;<\/strong> ist eine Gruppe von 6 Musikern, die &#8211; verteilt auf zwei Kontinenten &#8211; experimentelle Musik im Netzwerk spielen. Das Projekt entstand in den ersten Wochen der Pandemie, als keine andere M\u00f6glichkeit blieb, um gemeinsam zu musizieren. In w\u00f6chentlichen online Konzerten \u00fcber mehrere Jahre kamen dabei diverse Menschen aus verschiedenen Orten der Welt zusammen. The Core ist ein Teil davon, der seit den ersten Sessions dabei ist, quasi der Kern, mit Musikern aus den USA und Europa. Auch nach der Pandemie nutzen sie die gewachsenen technischen Mittel und die gemeinsame Erfahrung, um \u00fcber das Netzwerk weltweit auftreten zu k\u00f6nnen. F\u00fcr die anspruchsvolle Netzwerk-Audio-Verbindung setzt die Gruppe auf JackTrip Software, die von ihren Mitgliedern am CCRMA in Stanford entwickelt wird und weltweit in Forschung, Lehre und Auff\u00fchrungen zum Einsatz kommt. Dazu kommt weitere ma\u00dfgefertigte Software, die auch f\u00fcr das Publikum ein immersives Klangerlebnis schafft. Auch wenn verschiedene Konzepte der Komposition erprobt wurden, wird in der Regel improvisiert. \u00dcber Distanzen von tausenden Kilometern entsteht ein gemeinsamer musikalischer Raum &#8211; und das Publikum ist mittendrin. The Core sind: Constantin Basica (Stanford, CA: Keys &amp; Electronics) +++ Chris Chafe (Woodside, CA: Celetto) +++ Henrik von Coler (*: Synth, Synth, Electronics) +++ Fernando Lopez-Lezcano (San Carlos, CA: Modular Synth) +++ Juan Parra (Ghent, BE: Guitar &amp; Synth) +++ Klaus Scheuermann (Berlin, DE: Synth &amp; Modular). <em>Bild: Edgar Hartung<\/em><\/p><p class=\"bodytext\"><strong>Kontakt:<\/strong>\u00a0<a class=\"csc-content-link\" title=\"\u00d6ffnet Link\">voncoler[at]tu-berlin.de<\/a><\/p><\/div><\/div><\/div><\/div><\/div>\t\t\t\t\t\t\t\t<\/div>\n\t\t\t\t<\/div>\n\t\t\t\t\t<\/div>\n\t\t\t\t<\/div>\n\t\t<div class=\"elementor-element elementor-element-8c50d5a e-flex e-con-boxed e-con e-parent\" data-id=\"8c50d5a\" data-element_type=\"container\" data-e-type=\"container\">\n\t\t\t\t\t<div class=\"e-con-inner\">\n\t\t\t\t<div class=\"elementor-element elementor-element-760db3b elementor-widget elementor-widget-heading\" data-id=\"760db3b\" data-element_type=\"widget\" data-e-type=\"widget\" data-widget_type=\"heading.default\">\n\t\t\t\t<div class=\"elementor-widget-container\">\n\t\t\t\t\t<h3 class=\"elementor-heading-title elementor-size-default\">Lillie Elisabeth S\u00f6rries | Bilderfluten<\/h3>\t\t\t\t<\/div>\n\t\t\t\t<\/div>\n\t\t\t\t<div class=\"elementor-element elementor-element-af74527 elementor-widget elementor-widget-text-editor\" data-id=\"af74527\" data-element_type=\"widget\" data-e-type=\"widget\" data-widget_type=\"text-editor.default\">\n\t\t\t\t<div class=\"elementor-widget-container\">\n\t\t\t\t\t\t\t\t\t<div id=\"c470896\" class=\"csc-default layout-topheader\"><div class=\"csc-textpic csc-textpic-intext-right\"><div id=\"c470893\" class=\"csc-default layout-topheader\"><div class=\"csc-textpic csc-textpic-intext-right\"><div id=\"c486742\" class=\"csc-default  layout-topheader\"><div class=\"csc-textpic csc-textpic-intext-right\"><div class=\"csc-textpic-imagewrap\" data-csc-images=\"1\" data-csc-cols=\"2\"><figure class=\"csc-textpic-image csc-textpic-last\"><img loading=\"lazy\" decoding=\"async\" class=\"alignright\" src=\"https:\/\/www.uni-weimar.de\/fileadmin\/_processed_\/6\/d\/csm_Soerries_65659d72ad.jpg\" alt=\"\" width=\"180\" height=\"233\" \/><\/figure><\/div><div class=\"csc-textpic-text\"><p class=\"bodytext\">Lilli Elisabeth S\u00f6rries befindet sich im 3. Semester ihres Studiums der visuellen Kommunikation an der Bauhaus Universit\u00e4t. Ihre Installation, &#8222;TikToxic&#8220;, ist eine begehbare Erfahrung mit auditiven Elementen, die sich mit den Aspekten des toxischen Multitaskings und der visuellen Aufmerksamkeit auseinandersetzt. Die Grundlage f\u00fcr dieses Projekt bildet eine zweist\u00fcndige Selbstbeobachtung ihres Handykonsums, dokumentiert durch Screenshots. Inmitten der st\u00e4ndigen Ablenkung durch digitale Inhalte versucht sie, eine reflektierte Herangehensweise an diese Thematik zu entwickeln. Gleichzeitig soll die Installation auf der \u00fcberm\u00e4\u00dfigen Konsum sozialer Medien und die schwindende Aufmerksamkeitsspanne der jungen Generstion aufmerksam machen. &#8222;TikToxic&#8220; repr\u00e4sentiert eine Antwort auf die Herausforderungen einer von digitalen Inhalten gepr\u00e4gten Realit\u00e4t.<\/p><p class=\"bodytext\"><strong>Kontakt:\u00a0<\/strong><a class=\"csc-content-link\" title=\"\u00d6ffnet Link\">lilli.elisabeth.soerries[at]uni-weimar.de<\/a><\/p><\/div><\/div><\/div><\/div><\/div><\/div><\/div>\t\t\t\t\t\t\t\t<\/div>\n\t\t\t\t<\/div>\n\t\t\t\t\t<\/div>\n\t\t\t\t<\/div>\n\t\t<div class=\"elementor-element elementor-element-fbe02f2 e-flex e-con-boxed e-con e-parent\" data-id=\"fbe02f2\" data-element_type=\"container\" data-e-type=\"container\">\n\t\t\t\t\t<div class=\"e-con-inner\">\n\t\t\t\t<div class=\"elementor-element elementor-element-d706b88 elementor-widget elementor-widget-heading\" data-id=\"d706b88\" data-element_type=\"widget\" data-e-type=\"widget\" data-widget_type=\"heading.default\">\n\t\t\t\t<div class=\"elementor-widget-container\">\n\t\t\t\t\t<h3 class=\"elementor-heading-title elementor-size-default\">Technische Unterst\u00fctzung<\/h3>\t\t\t\t<\/div>\n\t\t\t\t<\/div>\n\t\t\t\t<div class=\"elementor-element elementor-element-339a4cf elementor-widget elementor-widget-text-editor\" data-id=\"339a4cf\" data-element_type=\"widget\" data-e-type=\"widget\" data-widget_type=\"text-editor.default\">\n\t\t\t\t<div class=\"elementor-widget-container\">\n\t\t\t\t\t\t\t\t\t<div id=\"c470896\" class=\"csc-default layout-topheader\"><div class=\"csc-textpic csc-textpic-intext-right\"><div id=\"c470893\" class=\"csc-default layout-topheader\"><div class=\"csc-textpic csc-textpic-intext-right\"><br \/><div id=\"c470890\" class=\"csc-default  layout-topheader\"><div class=\"csc-textpic csc-textpic-intext-right\"><div class=\"csc-textpic-imagewrap\" data-csc-images=\"1\" data-csc-cols=\"2\"><figure class=\"csc-textpic-image csc-textpic-last\"><img loading=\"lazy\" decoding=\"async\" class=\"alignright\" src=\"https:\/\/www.uni-weimar.de\/fileadmin\/user\/uni\/hauptseiten\/Studium\/Digital_Studieren\/eTeach\/Jahrestagung23\/FotosBilder\/Konferenz_Symposium_Tagung.svg\" alt=\"\" width=\"180\" height=\"61\" \/><\/figure><\/div><div class=\"csc-textpic-text\"><p class=\"bodytext\"><strong>Der\u00a0Medientechnische\u00a0Service (MTS) der Bauhaus-Universit\u00e4t Weimar<\/strong> ist f\u00fcr den Betrieb der zentralen H\u00f6rs\u00e4le und Seminarr\u00e4ume zust\u00e4ndig. Zu den Aufgabengebieten geh\u00f6rt unter anderem die Planung und Ausstattung zentraler H\u00f6rs\u00e4le und Seminarr\u00e4ume, die Standardisierung der Medientechnik, -bedienung und -wartung und die Unterst\u00fctzung bei Planung und Vorbereitung von Veranstaltungen. Der MTS hilft Ihnen dabei, die technischen Dinge rund um Ihre Veranstaltung zu organisieren. Dabei suchen wir nach einfachen, unkomplizierten und erfolgversprechenden L\u00f6sungen. Wir bedanken uns ganz herzlich f\u00fcr die technische Begleitung zur eTeach-Jahrestagung 2023!<\/p><p class=\"bodytext\"><strong>Kontakt: <\/strong>\u00fcber die <a class=\"csc-content-link\" title=\"\u00d6ffnet Link\" href=\"https:\/\/www.uni-weimar.de\/de\/universitaet\/struktur\/zentrale-einrichtungen\/scc-rechenzentrum\/medientechnischer-service-mts\/\" target=\"_blank\" rel=\"noopener\">&gt;&gt;&gt; Website<\/a> oder per Mail: <a class=\"csc-content-link\" title=\"\u00d6ffnet Link\">mts[at]uni-weimar.de<\/a><\/p><\/div><\/div><\/div><\/div><\/div><\/div><\/div>\t\t\t\t\t\t\t\t<\/div>\n\t\t\t\t<\/div>\n\t\t\t\t\t<\/div>\n\t\t\t\t<\/div>\n\t\t<div class=\"elementor-element elementor-element-1123de9 e-flex e-con-boxed e-con e-parent\" data-id=\"1123de9\" data-element_type=\"container\" data-e-type=\"container\">\n\t\t\t\t\t<div class=\"e-con-inner\">\n\t\t\t\t<div class=\"elementor-element elementor-element-50f593b elementor-widget elementor-widget-heading\" data-id=\"50f593b\" data-element_type=\"widget\" data-e-type=\"widget\" data-widget_type=\"heading.default\">\n\t\t\t\t<div class=\"elementor-widget-container\">\n\t\t\t\t\t<h3 class=\"elementor-heading-title elementor-size-default\">Koordination<\/h3>\t\t\t\t<\/div>\n\t\t\t\t<\/div>\n\t\t\t\t<div class=\"elementor-element elementor-element-77808d5 elementor-widget elementor-widget-text-editor\" data-id=\"77808d5\" data-element_type=\"widget\" data-e-type=\"widget\" data-widget_type=\"text-editor.default\">\n\t\t\t\t<div class=\"elementor-widget-container\">\n\t\t\t\t\t\t\t\t\t<div id=\"c470896\" class=\"csc-default layout-topheader\"><div class=\"csc-textpic csc-textpic-intext-right\"><div id=\"c470893\" class=\"csc-default layout-topheader\"><div class=\"csc-textpic csc-textpic-intext-right\"><div class=\"csc-textpic-text\"><div id=\"c470884\" class=\"csc-default  layout-topheader\"><div class=\"csc-textpic csc-textpic-intext-right\"><div class=\"csc-textpic-imagewrap\" data-csc-images=\"1\" data-csc-cols=\"2\"><figure class=\"csc-textpic-image csc-textpic-last\"><img loading=\"lazy\" decoding=\"async\" class=\"alignright\" src=\"https:\/\/www.uni-weimar.de\/fileadmin\/_processed_\/f\/8\/csm_LudwigFinster_be3e2e2ca4.jpg\" alt=\"\" width=\"180\" height=\"145\" \/><\/figure><\/div><div class=\"csc-textpic-text\"><p class=\"bodytext\"><strong>Ludwig Finster, eTeach-Kontaktstelle an der Fachhochschule Erfurt:<\/strong>\u00a0Ludwig Finster ist seit Mai 2021 als Kontaktstelle an der FH Erfurt f\u00fcr das eTeach-Netzwerk Th\u00fcringen und seit Oktober 2023 parallel im Bereich Qualit\u00e4tsreporting\/Evaluationen an der FH Erfurt t\u00e4tig. Er hat einen Master in \u201eWeiterbildung und Bildungstechnologie\u201c \u2013 von 2013 bis 2016 war er schon einmal als Mitarbeiter an der FH Erfurt t\u00e4tig, zust\u00e4ndig f\u00fcr die Qualit\u00e4tsarbeit in den Fakult\u00e4ten im damaligen Qualit\u00e4tspakt Lehre-Projekt. Zwischen 2016 und 2021 war er zun\u00e4chst an der Hochschule f\u00fcr Technik, Wirtschaft und Kultur Leipzig im Curricularmanagement (u.a. evidenzbasierte Weiterentwicklung von Studieng\u00e4ngen), sp\u00e4ter an der Hochschule Merseburg f\u00fcr die Umsetzung des \u201eINNOmobils\u201c im Projekt \u201eInnovative Hochschule\u201c t\u00e4tig. F\u00fcr die Daten- bzw. Entscheidungsbasis in beiden T\u00e4tigkeiten hat er sowohl qualitative als auch quantitative Methoden eingesetzt.\u00a0<strong>Kontakt: <\/strong><a class=\"csc-content-link\" title=\"\u00d6ffnet Link\">ludwig.finster[at]fh-erfurt.de<\/a><\/p><\/div><\/div><\/div><\/div><\/div><\/div><\/div><\/div>\t\t\t\t\t\t\t\t<\/div>\n\t\t\t\t<\/div>\n\t\t\t\t<div class=\"elementor-element elementor-element-0da3bb4 elementor-widget elementor-widget-text-editor\" data-id=\"0da3bb4\" data-element_type=\"widget\" data-e-type=\"widget\" data-widget_type=\"text-editor.default\">\n\t\t\t\t<div class=\"elementor-widget-container\">\n\t\t\t\t\t\t\t\t\t<div id=\"c470883\" class=\"csc-default  layout-topheader\"><div class=\"csc-textpic csc-textpic-intext-right\"><div class=\"csc-textpic-imagewrap\" data-csc-images=\"1\" data-csc-cols=\"2\"><figure class=\"csc-textpic-image csc-textpic-last\"><img loading=\"lazy\" decoding=\"async\" class=\"alignright\" src=\"https:\/\/www.uni-weimar.de\/fileadmin\/_processed_\/a\/9\/csm_eTeach_IrenSchulz_1_5f6c39c427.jpg\" alt=\"\" width=\"180\" height=\"228\" \/><\/figure><\/div><div class=\"csc-textpic-text\"><p class=\"bodytext\"><strong>Iren Schulz, Fachstelle Qualifizierung und Kommunikation im eTeach-Netzwerk Th\u00fcringen:<\/strong> Im Koordinationsteam des eTeach-Netzwerks ist Iren f\u00fcr die Organisation des Qualifizierungsprogramms verantwortlich und k\u00fcmmert sich au\u00dferdem um Veranstaltungen des Netzwerks. F\u00fcr die Jahrestagung lagen vor allem die Aufgabenpakete Kommunikation, Website und Social Media sowie Programmgestaltung in ihrem Verantwortungsbereich. Die hybride Umsetzung der diesj\u00e4hrigen Veranstaltung, die Aufspaltung in Messe- und Tagungstag und Organisation von Beitragenden und Teilnehmenden sorgten bei Iren f\u00fcr einige Schwei\u00dftropfen. Aber wir sind uns sicher &#8211; zum Schluss wird alles gut! <strong>Kontakt: <\/strong><a class=\"csc-content-link\" title=\"\u00d6ffnet Link\">iren.schulz[at]uni-weimar.de<\/a><\/p><\/div><\/div><\/div>\t\t\t\t\t\t\t\t<\/div>\n\t\t\t\t<\/div>\n\t\t\t\t\t<\/div>\n\t\t\t\t<\/div>\n\t\t\t\t<\/div>\n\t\t","protected":false},"excerpt":{"rendered":"<p>Caf\u00e9 Aqua Das Studentencaf\u00e9 Aquarium wurde 1999 als Kommunikationszentrum zur Vernetzung der Fachschaften, Studierenden und Professor*Innen gegr\u00fcndet und ist seitdem ein beliebter Treffpunkt f\u00fcr Student*innen der FH Erfurt. Nach und nach entwickelte sich das Studentencaf\u00e9 zu dem, was es heute ist: eine abwechslungsreiche Location f\u00fcr musikinteressierte, und kontaktfreudige Leute. Das Caf\u00e9 versteht sich nicht nur [&hellip;]<\/p>\n","protected":false},"author":15,"featured_media":0,"parent":0,"menu_order":0,"comment_status":"closed","ping_status":"closed","template":"","meta":{"footnotes":""},"class_list":["post-6254","page","type-page","status-publish","hentry"],"yoast_head":"<!-- This site is optimized with the Yoast SEO plugin v27.4 - https:\/\/yoast.com\/product\/yoast-seo-wordpress\/ -->\n<title>eTeach Jahrestagung 2023 - Kultur, Technik und Koordination - eTeach-Netzwerk Th\u00fcringen<\/title>\n<meta name=\"robots\" content=\"index, follow, max-snippet:-1, max-image-preview:large, max-video-preview:-1\" \/>\n<link rel=\"canonical\" href=\"https:\/\/www.eteach-thueringen.de\/en\/elementor-6254\/\" \/>\n<meta property=\"og:locale\" content=\"en_US\" \/>\n<meta property=\"og:type\" content=\"article\" \/>\n<meta property=\"og:title\" content=\"eTeach Jahrestagung 2023 - Kultur, Technik und Koordination - eTeach-Netzwerk Th\u00fcringen\" \/>\n<meta property=\"og:description\" content=\"Caf\u00e9 Aqua Das Studentencaf\u00e9 Aquarium wurde 1999 als Kommunikationszentrum zur Vernetzung der Fachschaften, Studierenden und Professor*Innen gegr\u00fcndet und ist seitdem ein beliebter Treffpunkt f\u00fcr Student*innen der FH Erfurt. Nach und nach entwickelte sich das Studentencaf\u00e9 zu dem, was es heute ist: eine abwechslungsreiche Location f\u00fcr musikinteressierte, und kontaktfreudige Leute. Das Caf\u00e9 versteht sich nicht nur [&hellip;]\" \/>\n<meta property=\"og:url\" content=\"https:\/\/www.eteach-thueringen.de\/en\/elementor-6254\/\" \/>\n<meta property=\"og:site_name\" content=\"eTeach-Netzwerk Th\u00fcringen\" \/>\n<meta property=\"article:modified_time\" content=\"2024-04-23T08:56:52+00:00\" \/>\n<meta property=\"og:image\" content=\"https:\/\/www.uni-weimar.de\/fileadmin\/_processed_\/6\/6\/csm_aqua-logo-circle_388b1b6171.jpg\" \/>\n<meta name=\"twitter:card\" content=\"summary_large_image\" \/>\n<meta name=\"twitter:label1\" content=\"Est. reading time\" \/>\n\t<meta name=\"twitter:data1\" content=\"6 minutes\" \/>\n<script type=\"application\/ld+json\" class=\"yoast-schema-graph\">{\"@context\":\"https:\\\/\\\/schema.org\",\"@graph\":[{\"@type\":\"WebPage\",\"@id\":\"https:\\\/\\\/www.eteach-thueringen.de\\\/elementor-6254\\\/\",\"url\":\"https:\\\/\\\/www.eteach-thueringen.de\\\/elementor-6254\\\/\",\"name\":\"eTeach Jahrestagung 2023 - Kultur, Technik und Koordination - eTeach-Netzwerk Th\u00fcringen\",\"isPartOf\":{\"@id\":\"https:\\\/\\\/www.eteach-thueringen.de\\\/#website\"},\"primaryImageOfPage\":{\"@id\":\"https:\\\/\\\/www.eteach-thueringen.de\\\/elementor-6254\\\/#primaryimage\"},\"image\":{\"@id\":\"https:\\\/\\\/www.eteach-thueringen.de\\\/elementor-6254\\\/#primaryimage\"},\"thumbnailUrl\":\"https:\\\/\\\/www.uni-weimar.de\\\/fileadmin\\\/_processed_\\\/6\\\/6\\\/csm_aqua-logo-circle_388b1b6171.jpg\",\"datePublished\":\"2024-02-06T13:55:14+00:00\",\"dateModified\":\"2024-04-23T08:56:52+00:00\",\"breadcrumb\":{\"@id\":\"https:\\\/\\\/www.eteach-thueringen.de\\\/elementor-6254\\\/#breadcrumb\"},\"inLanguage\":\"en-US\",\"potentialAction\":[{\"@type\":\"ReadAction\",\"target\":[\"https:\\\/\\\/www.eteach-thueringen.de\\\/elementor-6254\\\/\"]}]},{\"@type\":\"ImageObject\",\"inLanguage\":\"en-US\",\"@id\":\"https:\\\/\\\/www.eteach-thueringen.de\\\/elementor-6254\\\/#primaryimage\",\"url\":\"https:\\\/\\\/www.uni-weimar.de\\\/fileadmin\\\/_processed_\\\/6\\\/6\\\/csm_aqua-logo-circle_388b1b6171.jpg\",\"contentUrl\":\"https:\\\/\\\/www.uni-weimar.de\\\/fileadmin\\\/_processed_\\\/6\\\/6\\\/csm_aqua-logo-circle_388b1b6171.jpg\"},{\"@type\":\"BreadcrumbList\",\"@id\":\"https:\\\/\\\/www.eteach-thueringen.de\\\/elementor-6254\\\/#breadcrumb\",\"itemListElement\":[{\"@type\":\"ListItem\",\"position\":1,\"name\":\"Startseite\",\"item\":\"https:\\\/\\\/www.eteach-thueringen.de\\\/\"},{\"@type\":\"ListItem\",\"position\":2,\"name\":\"eTeach Jahrestagung 2023 &#8211; Kultur, Technik und Koordination\"}]},{\"@type\":\"WebSite\",\"@id\":\"https:\\\/\\\/www.eteach-thueringen.de\\\/#website\",\"url\":\"https:\\\/\\\/www.eteach-thueringen.de\\\/\",\"name\":\"eTeach-Netzwerk Th\u00fcringen\",\"description\":\"\",\"publisher\":{\"@id\":\"https:\\\/\\\/www.eteach-thueringen.de\\\/#organization\"},\"potentialAction\":[{\"@type\":\"SearchAction\",\"target\":{\"@type\":\"EntryPoint\",\"urlTemplate\":\"https:\\\/\\\/www.eteach-thueringen.de\\\/?s={search_term_string}\"},\"query-input\":{\"@type\":\"PropertyValueSpecification\",\"valueRequired\":true,\"valueName\":\"search_term_string\"}}],\"inLanguage\":\"en-US\"},{\"@type\":\"Organization\",\"@id\":\"https:\\\/\\\/www.eteach-thueringen.de\\\/#organization\",\"name\":\"eTeach-Netzwerk Th\u00fcringen\",\"url\":\"https:\\\/\\\/www.eteach-thueringen.de\\\/\",\"logo\":{\"@type\":\"ImageObject\",\"inLanguage\":\"en-US\",\"@id\":\"https:\\\/\\\/www.eteach-thueringen.de\\\/#\\\/schema\\\/logo\\\/image\\\/\",\"url\":\"https:\\\/\\\/www.eteach-thueringen.de\\\/wp-content\\\/uploads\\\/2023\\\/01\\\/eTeach_Logo_offblack_offwhite_rund.png\",\"contentUrl\":\"https:\\\/\\\/www.eteach-thueringen.de\\\/wp-content\\\/uploads\\\/2023\\\/01\\\/eTeach_Logo_offblack_offwhite_rund.png\",\"width\":1151,\"height\":1152,\"caption\":\"eTeach-Netzwerk Th\u00fcringen\"},\"image\":{\"@id\":\"https:\\\/\\\/www.eteach-thueringen.de\\\/#\\\/schema\\\/logo\\\/image\\\/\"},\"sameAs\":[\"https:\\\/\\\/www.instagram.com\\\/eteachnetzwerk.thueringen\\\/\",\"https:\\\/\\\/www.linkedin.com\\\/company\\\/eteach-netzwerk-thringen\\\/\"]}]}<\/script>\n<!-- \/ Yoast SEO plugin. -->","yoast_head_json":{"title":"eTeach Annual Conference 2023 - Culture, Technology and Coordination - eTeach-Netzwerk Th\u00fcringen","robots":{"index":"index","follow":"follow","max-snippet":"max-snippet:-1","max-image-preview":"max-image-preview:large","max-video-preview":"max-video-preview:-1"},"canonical":"https:\/\/www.eteach-thueringen.de\/en\/elementor-6254\/","og_locale":"en_US","og_type":"article","og_title":"eTeach Jahrestagung 2023 - Kultur, Technik und Koordination - eTeach-Netzwerk Th\u00fcringen","og_description":"Caf\u00e9 Aqua Das Studentencaf\u00e9 Aquarium wurde 1999 als Kommunikationszentrum zur Vernetzung der Fachschaften, Studierenden und Professor*Innen gegr\u00fcndet und ist seitdem ein beliebter Treffpunkt f\u00fcr Student*innen der FH Erfurt. Nach und nach entwickelte sich das Studentencaf\u00e9 zu dem, was es heute ist: eine abwechslungsreiche Location f\u00fcr musikinteressierte, und kontaktfreudige Leute. Das Caf\u00e9 versteht sich nicht nur [&hellip;]","og_url":"https:\/\/www.eteach-thueringen.de\/en\/elementor-6254\/","og_site_name":"eTeach-Netzwerk Th\u00fcringen","article_modified_time":"2024-04-23T08:56:52+00:00","og_image":[{"url":"https:\/\/www.uni-weimar.de\/fileadmin\/_processed_\/6\/6\/csm_aqua-logo-circle_388b1b6171.jpg","type":"","width":"","height":""}],"twitter_card":"summary_large_image","twitter_misc":{"Est. reading time":"6 minutes"},"schema":{"@context":"https:\/\/schema.org","@graph":[{"@type":"WebPage","@id":"https:\/\/www.eteach-thueringen.de\/elementor-6254\/","url":"https:\/\/www.eteach-thueringen.de\/elementor-6254\/","name":"eTeach Annual Conference 2023 - Culture, Technology and Coordination - eTeach-Netzwerk Th\u00fcringen","isPartOf":{"@id":"https:\/\/www.eteach-thueringen.de\/#website"},"primaryImageOfPage":{"@id":"https:\/\/www.eteach-thueringen.de\/elementor-6254\/#primaryimage"},"image":{"@id":"https:\/\/www.eteach-thueringen.de\/elementor-6254\/#primaryimage"},"thumbnailUrl":"https:\/\/www.uni-weimar.de\/fileadmin\/_processed_\/6\/6\/csm_aqua-logo-circle_388b1b6171.jpg","datePublished":"2024-02-06T13:55:14+00:00","dateModified":"2024-04-23T08:56:52+00:00","breadcrumb":{"@id":"https:\/\/www.eteach-thueringen.de\/elementor-6254\/#breadcrumb"},"inLanguage":"en-US","potentialAction":[{"@type":"ReadAction","target":["https:\/\/www.eteach-thueringen.de\/elementor-6254\/"]}]},{"@type":"ImageObject","inLanguage":"en-US","@id":"https:\/\/www.eteach-thueringen.de\/elementor-6254\/#primaryimage","url":"https:\/\/www.uni-weimar.de\/fileadmin\/_processed_\/6\/6\/csm_aqua-logo-circle_388b1b6171.jpg","contentUrl":"https:\/\/www.uni-weimar.de\/fileadmin\/_processed_\/6\/6\/csm_aqua-logo-circle_388b1b6171.jpg"},{"@type":"BreadcrumbList","@id":"https:\/\/www.eteach-thueringen.de\/elementor-6254\/#breadcrumb","itemListElement":[{"@type":"ListItem","position":1,"name":"Startseite","item":"https:\/\/www.eteach-thueringen.de\/"},{"@type":"ListItem","position":2,"name":"eTeach Jahrestagung 2023 &#8211; Kultur, Technik und Koordination"}]},{"@type":"WebSite","@id":"https:\/\/www.eteach-thueringen.de\/#website","url":"https:\/\/www.eteach-thueringen.de\/","name":"eTeach Network Thuringia","description":"","publisher":{"@id":"https:\/\/www.eteach-thueringen.de\/#organization"},"potentialAction":[{"@type":"SearchAction","target":{"@type":"EntryPoint","urlTemplate":"https:\/\/www.eteach-thueringen.de\/?s={search_term_string}"},"query-input":{"@type":"PropertyValueSpecification","valueRequired":true,"valueName":"search_term_string"}}],"inLanguage":"en-US"},{"@type":"Organization","@id":"https:\/\/www.eteach-thueringen.de\/#organization","name":"eTeach Network Thuringia","url":"https:\/\/www.eteach-thueringen.de\/","logo":{"@type":"ImageObject","inLanguage":"en-US","@id":"https:\/\/www.eteach-thueringen.de\/#\/schema\/logo\/image\/","url":"https:\/\/www.eteach-thueringen.de\/wp-content\/uploads\/2023\/01\/eTeach_Logo_offblack_offwhite_rund.png","contentUrl":"https:\/\/www.eteach-thueringen.de\/wp-content\/uploads\/2023\/01\/eTeach_Logo_offblack_offwhite_rund.png","width":1151,"height":1152,"caption":"eTeach-Netzwerk Th\u00fcringen"},"image":{"@id":"https:\/\/www.eteach-thueringen.de\/#\/schema\/logo\/image\/"},"sameAs":["https:\/\/www.instagram.com\/eteachnetzwerk.thueringen\/","https:\/\/www.linkedin.com\/company\/eteach-netzwerk-thringen\/"]}]}},"_links":{"self":[{"href":"https:\/\/www.eteach-thueringen.de\/en\/wp-json\/wp\/v2\/pages\/6254","targetHints":{"allow":["GET"]}}],"collection":[{"href":"https:\/\/www.eteach-thueringen.de\/en\/wp-json\/wp\/v2\/pages"}],"about":[{"href":"https:\/\/www.eteach-thueringen.de\/en\/wp-json\/wp\/v2\/types\/page"}],"author":[{"embeddable":true,"href":"https:\/\/www.eteach-thueringen.de\/en\/wp-json\/wp\/v2\/users\/15"}],"replies":[{"embeddable":true,"href":"https:\/\/www.eteach-thueringen.de\/en\/wp-json\/wp\/v2\/comments?post=6254"}],"version-history":[{"count":11,"href":"https:\/\/www.eteach-thueringen.de\/en\/wp-json\/wp\/v2\/pages\/6254\/revisions"}],"predecessor-version":[{"id":8913,"href":"https:\/\/www.eteach-thueringen.de\/en\/wp-json\/wp\/v2\/pages\/6254\/revisions\/8913"}],"wp:attachment":[{"href":"https:\/\/www.eteach-thueringen.de\/en\/wp-json\/wp\/v2\/media?parent=6254"}],"curies":[{"name":"wp","href":"https:\/\/api.w.org\/{rel}","templated":true}]}}