{"id":471,"date":"2023-05-16T12:24:01","date_gmt":"2023-05-16T10:24:01","guid":{"rendered":"https:\/\/www.eteach-thueringen.de\/wp\/?page_id=471"},"modified":"2023-05-16T12:24:01","modified_gmt":"2023-05-16T10:24:01","slug":"jt22-culture-technology-coordination","status":"publish","type":"page","link":"https:\/\/www.eteach-thueringen.de\/en\/jt22-kultur-technik-koordination\/","title":{"rendered":"JT22-Culture-Technology-Coordination"},"content":{"rendered":"\n<h3 class=\"wp-block-heading\">Der Illustrationsautomat<\/h3>\n\n\n\n<figure class=\"wp-block-image\"><a href=\"https:\/\/www.illustrationsautomat.de\/\" target=\"_blank\" rel=\"noreferrer noopener\"><img decoding=\"async\" src=\"https:\/\/www.uni-weimar.de\/fileadmin\/_processed_\/d\/7\/csm_illumatkalender_covermotiv-Ganzbild_flat_e5a4cf3f61.png\" alt=\"\"\/><\/a><\/figure>\n\n\n\n<p>Der ILLUMAT ist eine Zeichenmaschine, die im \u00f6ffentlichen Raum auftritt und mit einem breiten Publikum interagiert.&nbsp;Das Publikum schreibt seine W\u00fcnsche auf einen Wunschzettel, wirft Wunsch und M\u00fcnzen in den ILLUMAT, und innerhalb kurzer Zeit wirft der Automatismus eine individuelle Zeichnung aus, die in Minutenschnelle erdacht und umgesetzt wurde. Der Illustrationsautomat wandelt die W\u00fcnsche und Ideen seines Publikums in Bilder um, die \u00fcberraschen und gl\u00fccklich machen. Im Inneren der Maschine verborgen sitzen die Zeichner, die den Wunsch in eine individuelle Zeichnung umsetzen. Der Output der Maschine \u00fcberrascht den Auftraggeber durch die direkte und pers\u00f6nliche Visualisierung seiner Idee. So entsteht ein unmittelbarer Austausch zwischen Mensch und Maschine, zwischen Text und Bild. Der Illumat entstand 2007 in einem Illustrationsprojekt an der Bauhaus-Uni Weimar unter Leitung von <a rel=\"noreferrer noopener\" target=\"_blank\" href=\"http:\/\/jutta-bauer.info\">Jutta Bauer<\/a>. Inzwischen ist er als K\u00fcnstlerkollektiv mit verschiedenen selbstst\u00e4ndigen Illustrator:innen regional, deutschlandweit und international unterwegs.<strong> Infos und Kontakt: <\/strong><a href=\"https:\/\/www.illustrationsautomat.de\" target=\"_blank\" rel=\"noreferrer noopener\">https:\/\/www.illustrationsautomat.de<\/a>&nbsp;<a><\/a><\/p>\n\n\n\n<h3 class=\"wp-block-heading\">Ensemble Katze im Sack<\/h3>\n\n\n\n<figure class=\"wp-block-image\"><a href=\"https:\/\/www.hfm-weimar.de\/studierende\/ensembles\/?L=0&amp;tx_jobase_pi28%5BjoEnsembleDetail%5D=7&amp;tx_jobase_pi28%5Baction%5D=ensembles&amp;tx_jobase_pi28%5Bcontroller%5D=Elements&amp;cHash=6501e3baa3a890a9eeca1ef542523d72\" target=\"_blank\" rel=\"noreferrer noopener\"><img decoding=\"async\" src=\"https:\/\/www.uni-weimar.de\/fileadmin\/_processed_\/7\/7\/csm_0412584B-A98D-4481-A8A1-FE4FA5053E6C_0e8f3a8d8d.jpg\" alt=\"\"\/><\/a><figcaption class=\"wp-element-caption\">Quelle: Vreni R\u00f6der<\/figcaption><\/figure>\n\n\n\n<p>Sie sind die flexiblen Multitalente der Musikhochschule in Weimar. Sie arrangieren Pop\/Jazz-Chors\u00e4tze mit hohem Anforderungsniveau. Sie singen, was Ihnen von Mitstudierenden vorgelegt wird. Sie phonieren mit Mikrophon. Sie \u00fcben sich in Schwarm-Intelligenz und musizieren dennoch selbstbestimmt. Sie sind die optimalen Musiklehrer*innen von morgen. Niemand wei\u00df, was sie als N\u00e4chstes tun. Sie sind die Katze im Sack und wir freuen uns auf ihren Auftritt am 17. November in Ilmenau! <a href=\"https:\/\/www.hfm-weimar.de\/studierende\/ensembles\/?L=0&amp;tx_jobase_pi28%5BjoEnsembleDetail%5D=7&amp;tx_jobase_pi28%5Baction%5D=ensembles&amp;tx_jobase_pi28%5Bcontroller%5D=Elements&amp;cHash=6501e3baa3a890a9eeca1ef542523d72\" target=\"_blank\" rel=\"noreferrer noopener\"><strong>&gt;&gt;&gt; Infos und Kontakt<\/strong><\/a><a><\/a><\/p>\n\n\n\n<h3 class=\"wp-block-heading\">Technische Unterst\u00fctzung<\/h3>\n\n\n\n<figure class=\"wp-block-image\"><img decoding=\"async\" src=\"https:\/\/www.uni-weimar.de\/fileadmin\/_processed_\/7\/b\/csm_MCS_Logo_A6_farbig_240feb66e1.png\" alt=\"\"\/><\/figure>\n\n\n\n<p>Die&nbsp;<strong>Media &amp; Communication Systems (MCS) GmbH Th\u00fcringen<\/strong>&nbsp;ist der gr\u00f6\u00dfte Mediendienstleister f\u00fcr&nbsp; TV, Radio und Online in Mitteldeutschland. Sie sind Spezialisten f\u00fcr den Sendebetrieb von Radio- und TV-Sendern. Als Full Service-Dienstleister bietet MCS die komplette Infrastruktur sowie modernste Technologien f\u00fcr Medienproduktion an. Seit mehr als zwei Jahrzehnten z\u00e4hlen der Mitteldeutsche Rundfunk und der Kinderkanal von ARD und ZDF zu den Kunden. Wir bedanken uns ganz herzlich f\u00fcr die technische Begleitung zur eTeach-Jahrestagung 2022!&nbsp;<strong>Kontakt: <\/strong>\u00fcber die <a href=\"https:\/\/mcs-thueringen.de\/media-communication-systems-mcs-gmbh-thueringen\" target=\"_blank\" rel=\"noreferrer noopener\">&gt;&gt;&gt; Website<\/a> oder per Mail: <a href=\"javascript:linkTo_UnCryptMailto('ocknvq,qhhkegBoeu\\\/vjwgtkpigp0fg');\">office[at]mcs-thueringen.de<\/a><a><\/a><\/p>\n\n\n\n<h3 class=\"wp-block-heading\">Visuelle Gestaltung<\/h3>\n\n\n\n<figure class=\"wp-block-image\"><img decoding=\"async\" src=\"https:\/\/www.uni-weimar.de\/fileadmin\/_processed_\/6\/3\/csm_AntoniaDieti_5059ca2b1e.png\" alt=\"\"\/><\/figure>\n\n\n\n<p><strong>Antonia Dieti | Bauhaus-Universit\u00e4t Weimar:<\/strong>&nbsp;Antonia Dieti ist studentische Assistentin im eTeach-Netzwerk Th\u00fcringen. Ihr obliegen alle gestalterischen Aufgaben entlang des Corporate Identity. Aktuell liegt die Konzeption und Umsetzung des visuellen Auftritts der Jahrestagung in ihrer Hand. Abseits ihrer studentischen T\u00e4tigkeit arbeitet sie freiberuflich als Gestalterin und ist Studentin der Visuellen Kommunikation an der Bauhaus-Universit\u00e4t mit dem Schwerpunkt Typografie.&nbsp;<strong>Kontakt:&nbsp;<\/strong><a href=\"javascript:linkTo_UnCryptMailto('ocknvq,cpvqpkc0fkgvkBwpk\\\/ygkoct0fg');\">antonia.dieti[at]uni-weimar.de<\/a>&nbsp;<a><\/a><\/p>\n\n\n\n<h3 class=\"wp-block-heading\">Koordination<\/h3>\n\n\n\n<figure class=\"wp-block-image\"><img decoding=\"async\" src=\"https:\/\/www.uni-weimar.de\/fileadmin\/_processed_\/0\/b\/csm_eteach_website_martin_720p_1dbaf24f1e.png\" alt=\"\"\/><\/figure>\n\n\n\n<p><strong>Martin Backhaus, eTeach-Kontaktstelle an der Technischen Universit\u00e4t Ilmenau:<\/strong> Als studierter Informatiker mit gro\u00dfem Interesse f\u00fcr effektive, didaktisch sinnvolle Lehrkonzepte ist Martin unser Mann vor Ort in Ilmenau. F\u00fcr die Jahrestagung liegt vor allem der Messetag mit Raumplanung und die Kalkulation der Standkonzepte in seiner Verantwortung. Au\u00dferdem verdanken wir seinem guten Draht zu Kolleg:innen an der Technischen Universit\u00e4t, dass wir spannende lokale Projekte und Beitr\u00e4ge bei der Jahrestagung begr\u00fc\u00dfen d\u00fcrfen. Und zum Gl\u00fcck beh\u00e4lt Martin bei allen spontanen Ideen, \u00c4nderungen und Anpassungen immer einen k\u00fchlen Kopf! <strong>Kontakt: <\/strong><a href=\"javascript:linkTo_UnCryptMailto('ocknvq,octvkp0dcemjcwuBvw\\\/knogpcw0fg');\">martin.backhaus[at]tu-ilmenau.de<\/a><\/p>\n\n\n\n<figure class=\"wp-block-image\"><img decoding=\"async\" src=\"https:\/\/www.uni-weimar.de\/fileadmin\/_processed_\/a\/9\/csm_eTeach_IrenSchulz_1_5f6c39c427.jpg\" alt=\"\"\/><\/figure>\n\n\n\n<p><strong>Iren Schulz, Fachstelle Qualifizierung und Kommunikation im eTeach-Netzwerk Th\u00fcringen:<\/strong> Im Koordinationsteam des eTeach-Netzwerks ist Iren f\u00fcr die Organisation des Qualifizierungsprogramms verantwortlich und k\u00fcmmert sich au\u00dferdem um Veranstaltungen des Netzwerks. F\u00fcr die Jahrestagung lagen vor allem die Aufgabenpakete Kommunikation, Website und Social Media sowie Programmgestaltung in ihrem Verantwortungsbereich. Die hybride Umsetzung der diesj\u00e4hrigen Veranstaltung, die Aufspaltung in Messe- und Tagungstag und Organisation von Beitragenden und Teilnehmenden sorgten bei Iren f\u00fcr einige Schwei\u00dftropfen. Aber wir sind uns sicher &#8211; zum Schluss wird alles gut! <strong>Kontakt: <\/strong><a href=\"javascript:linkTo_UnCryptMailto('ocknvq,ktgp0uejwnbBwpk\\\/ygkoct0fg');\">iren.schulz[at]uni-weimar.de<\/a><\/p>\n\n\n\n<hr class=\"wp-block-separator has-alpha-channel-opacity\"\/>\n\n\n\n<h3 class=\"wp-block-heading\"><a href=\"https:\/\/www.uni-weimar.de\/de\/universitaet\/studium\/elearning-labor\/medienbereichertes-lehren-und-lernen\/veranstaltungen\/jahrestagung-2022\/\">&lt;&lt;&lt; ZUR\u00dcCK ZUR VERANSTALTUNGSSEITE<\/a><\/h3>\n\n\n\n<hr class=\"wp-block-separator has-alpha-channel-opacity\"\/>\n\n\n\n<h3 class=\"wp-block-heading\">Infos zur Tagung<\/h3>\n\n\n\n<p>Datum &amp; Ort: 17. &amp; 18. November 2022. Die Tagung findet hybrid und an der&nbsp;<a href=\"https:\/\/www.tu-ilmenau.de\/\" target=\"_blank\" rel=\"noreferrer noopener\">Technischen Universit\u00e4t Ilmenau<\/a>&nbsp;im Ernst-Abbe-Zentrum statt&nbsp;<a href=\"https:\/\/campusfinder-ilmenau.com\/ernst-abbe-zentrum\/\" target=\"_blank\" rel=\"noreferrer noopener\">&gt;&gt;&gt; zum Lageplan<\/a>.<br>Die Teilnahme an der Veranstaltung ist kostenfrei. Die Veranstaltung wird vom <a href=\"https:\/\/www.uni-weimar.de\/de\/universitaet\/studium\/elearning-labor\/medienbereichertes-lehren-und-lernen\/kontakte\/\">eTeach-Netzwerk Th\u00fcringen<\/a>&nbsp;und gemeinsam mit der <a href=\"https:\/\/www.tu-ilmenau.de\/\" target=\"_blank\" rel=\"noreferrer noopener\">Technischen Universit\u00e4t Ilmenau<\/a> organisiert.<\/p>\n\n\n\n<p><a href=\"https:\/\/www.uni-weimar.de\/de\/universitaet\/studium\/elearning-labor\/medienbereichertes-lehren-und-lernen\/veranstaltungen\/jahrestagung-2021\/\" target=\"_blank\" rel=\"noreferrer noopener\">Zur Jahrestagung 2021 &gt;&gt;&gt;<\/a><\/p>\n\n\n\n<p><a href=\"https:\/\/www.uni-weimar.de\/de\/universitaet\/studium\/elearning-labor\/medienbereichertes-lehren-und-lernen\/veranstaltungen\/arbeitstagung-2020\/\" target=\"_blank\" rel=\"noreferrer noopener\">Zur Jahrestagung 2020 &gt;&gt;&gt;<\/a><\/p>\n\n\n\n<hr class=\"wp-block-separator has-alpha-channel-opacity\"\/>\n\n\n\n<h3 class=\"wp-block-heading\">Updates &amp; Insights<\/h3>\n\n\n\n<p>Kurzfristige Aktualisierungen von Terminen und Programmpunkten sowie spannende Einblicke hinter die Kulissen gibt es auf den Social Media Kan\u00e4len zur Veranstaltung:<br><a href=\"https:\/\/www.linkedin.com\/company\/eteach-netzwerk-th%C3%BCringen\" target=\"_blank\" rel=\"noreferrer noopener\">&gt;&gt;&gt; bei LinkedIn<\/a><br><a href=\"https:\/\/www.instagram.com\/eteachtagung2022\/\" target=\"_blank\" rel=\"noreferrer noopener\">&gt;&gt;&gt; bei Instagram<\/a><br><a href=\"https:\/\/twitter.com\/eteach2022\" target=\"_blank\" rel=\"noreferrer noopener\">&gt;&gt;&gt; bei Twitter<\/a><\/p>\n\n\n\n<hr class=\"wp-block-separator has-alpha-channel-opacity\"\/>\n\n\n\n<h3 class=\"wp-block-heading\">Hinweis zum Infektionsgeschehen<\/h3>\n\n\n\n<p>Die vergangenen Jahre haben wiederholt gezeigt, dass Pr\u00e4senzveranstaltungen aus pandemischen Entwicklungen nicht stattfinden k\u00f6nnen. Idealerweise k\u00f6nnen sich alle Teilnehmenden \u00fcber einen Austausch in Pr\u00e4senz freuen. Sollte dies nicht m\u00f6glich sein, findet die Jahrestagung online statt. \u00dcber entsprechende Anpassungen zu Beitr\u00e4gen und Veranstaltungsformaten setzen wir Sie rechtzeitig in Kenntnis.<\/p>\n\n\n\n<hr class=\"wp-block-separator has-alpha-channel-opacity\"\/>\n\n\n\n<h3 class=\"wp-block-heading\">Tagungsb\u00fcro<\/h3>\n\n\n\n<p>Das Tagungsb\u00fcro wird w\u00e4hrend der beiden Veranstaltungstage im Ernst-Abbe-Zentrum der Technischen Universit\u00e4t Ilmenau sowie online \u00fcber <a href=\"https:\/\/meeting.uni-weimar.de\/b\/jer-3a1-ri8-g3s\" target=\"_blank\" rel=\"noreferrer noopener\">&gt;&gt;&gt; BigBlueButton <\/a>(f\u00fcr Onlineteilnehmende) eingerichtet. Wir beantworten gern Ihre Fragen zu Technik und zum Programm beantwortet. Fragen vorab richten Sie gern an <a href=\"javascript:linkTo_UnCryptMailto('ocknvq,lcjtguvciwpiBgvgcej\\\/vjwgtkpigp0fg');\">jahrestagung[at]eteach-thueringen.de<\/a><\/p>\n\n\n\n<hr class=\"wp-block-separator has-alpha-channel-opacity\"\/>\n\n\n\n<h3 class=\"wp-block-heading\">Call for Participation<\/h3>\n\n\n\n<p><a href=\"https:\/\/www.uni-weimar.de\/fileadmin\/user\/uni\/hauptseiten\/Studium\/Digital_Studieren\/eTeach\/Jahrestagung22\/eTeachNetzwerk_CallJahrestagung2022.pdf\" target=\"_blank\" rel=\"noreferrer noopener\">&gt;&gt;&gt; Download im PDF-Format<\/a><\/p>\n\n\n\n<p>Die Einreichungsfrist endete am 30.09.2022<\/p>\n\n\n\n<hr class=\"wp-block-separator has-alpha-channel-opacity\"\/>\n\n\n\n<h3 class=\"wp-block-heading\">So gelingt die Einwahl in BigBlueButton:<\/h3>\n\n\n\n<p>1. Klicken Sie auf \u201e<strong>Eingang Raum XXX<\/strong>\u201c in dem Programmpunkt&nbsp;und geben Sie anschlie\u00dfend Ihren Namen nach folgendem Muster:<strong> Vorname Name (Einrichtung)<\/strong>&nbsp;in dem daf\u00fcr vorgesehenen Feld ein.<\/p>\n\n\n\n<p>2. Klicken Sie auf \u201e<strong>Start<\/strong>\u201c.<\/p>\n\n\n\n<p>3. Beim Einw\u00e4hlen in den BBB-Raum wird ein so genannter \u201e<strong>Echotest<\/strong>\u201c durchgef\u00fchrt. Bitte absolvieren Sie diesen Test und treten Sie <strong>mit Mikrofon<\/strong> in den Raum ein. Klicken Sie auf \u201eNur zuh\u00f6ren\u201c k\u00f6nnen Sie sich nicht mit einem Redebeitrag an dem Slot beteiligen und m\u00fcssten sich dann noch einmal einloggen.<\/p>\n\n\n\n<p>4. Schalten Sie sich bitte nach dem Echotest <strong>stumm<\/strong>, indem Sie auf das runde \u201eMikrofonsymbol\u201c unten in der Mitte des Bildschirms klicken.<\/p>\n\n\n\n<hr class=\"wp-block-separator has-alpha-channel-opacity\"\/>\n\n\n\n<h3 class=\"wp-block-heading\">Kontakte<\/h3>\n\n\n\n<p><strong>Iren Schulz| Tagungsorganisation<br><\/strong>Telefon:&nbsp;+49 (0) 36 43 \/ 58 12 65&nbsp;<br><\/p>\n\n\n\n<p><strong>Martin Backhaus | Tagungsorganisation<\/strong><br>Telefon +49 (0)&nbsp;36 77 69-4781<\/p>\n\n\n\n<p><a href=\"javascript:linkTo_UnCryptMailto('ocknvq,lcjtguvciwpiBgvgcej\\\/vjwgtkpigp0fg');\">jahrestagung[at]eteach-thueringen.de<\/a><\/p>\n","protected":false},"excerpt":{"rendered":"<p>Der Illustrationsautomat Der ILLUMAT ist eine Zeichenmaschine, die im \u00f6ffentlichen Raum auftritt und mit einem breiten Publikum interagiert.&nbsp;Das Publikum schreibt seine W\u00fcnsche auf einen Wunschzettel, wirft Wunsch und M\u00fcnzen in den ILLUMAT, und innerhalb kurzer Zeit wirft der Automatismus eine individuelle Zeichnung aus, die in Minutenschnelle erdacht und umgesetzt wurde. Der Illustrationsautomat wandelt die W\u00fcnsche [&hellip;]<\/p>\n","protected":false},"author":15,"featured_media":0,"parent":0,"menu_order":0,"comment_status":"closed","ping_status":"closed","template":"","meta":{"footnotes":""},"class_list":["post-471","page","type-page","status-publish","hentry"],"yoast_head":"<!-- This site is optimized with the Yoast SEO plugin v27.4 - https:\/\/yoast.com\/product\/yoast-seo-wordpress\/ -->\n<title>JT22-Kultur-Technik-Koordination - eTeach-Netzwerk Th\u00fcringen<\/title>\n<meta name=\"robots\" content=\"index, follow, max-snippet:-1, max-image-preview:large, max-video-preview:-1\" \/>\n<link rel=\"canonical\" href=\"https:\/\/www.eteach-thueringen.de\/en\/jt22-culture-technology-coordination\/\" \/>\n<meta property=\"og:locale\" content=\"en_US\" \/>\n<meta property=\"og:type\" content=\"article\" \/>\n<meta property=\"og:title\" content=\"JT22-Kultur-Technik-Koordination - eTeach-Netzwerk Th\u00fcringen\" \/>\n<meta property=\"og:description\" content=\"Der Illustrationsautomat Der ILLUMAT ist eine Zeichenmaschine, die im \u00f6ffentlichen Raum auftritt und mit einem breiten Publikum interagiert.&nbsp;Das Publikum schreibt seine W\u00fcnsche auf einen Wunschzettel, wirft Wunsch und M\u00fcnzen in den ILLUMAT, und innerhalb kurzer Zeit wirft der Automatismus eine individuelle Zeichnung aus, die in Minutenschnelle erdacht und umgesetzt wurde. Der Illustrationsautomat wandelt die W\u00fcnsche [&hellip;]\" \/>\n<meta property=\"og:url\" content=\"https:\/\/www.eteach-thueringen.de\/en\/jt22-culture-technology-coordination\/\" \/>\n<meta property=\"og:site_name\" content=\"eTeach-Netzwerk Th\u00fcringen\" \/>\n<meta property=\"og:image\" content=\"https:\/\/www.uni-weimar.de\/fileadmin\/_processed_\/d\/7\/csm_illumatkalender_covermotiv-Ganzbild_flat_e5a4cf3f61.png\" \/>\n<meta name=\"twitter:card\" content=\"summary_large_image\" \/>\n<meta name=\"twitter:label1\" content=\"Est. reading time\" \/>\n\t<meta name=\"twitter:data1\" content=\"5 minutes\" \/>\n<script type=\"application\/ld+json\" class=\"yoast-schema-graph\">{\"@context\":\"https:\\\/\\\/schema.org\",\"@graph\":[{\"@type\":\"WebPage\",\"@id\":\"https:\\\/\\\/www.eteach-thueringen.de\\\/jt22-kultur-technik-koordination\\\/\",\"url\":\"https:\\\/\\\/www.eteach-thueringen.de\\\/jt22-kultur-technik-koordination\\\/\",\"name\":\"JT22-Kultur-Technik-Koordination - eTeach-Netzwerk Th\u00fcringen\",\"isPartOf\":{\"@id\":\"https:\\\/\\\/www.eteach-thueringen.de\\\/#website\"},\"primaryImageOfPage\":{\"@id\":\"https:\\\/\\\/www.eteach-thueringen.de\\\/jt22-kultur-technik-koordination\\\/#primaryimage\"},\"image\":{\"@id\":\"https:\\\/\\\/www.eteach-thueringen.de\\\/jt22-kultur-technik-koordination\\\/#primaryimage\"},\"thumbnailUrl\":\"https:\\\/\\\/www.uni-weimar.de\\\/fileadmin\\\/_processed_\\\/d\\\/7\\\/csm_illumatkalender_covermotiv-Ganzbild_flat_e5a4cf3f61.png\",\"datePublished\":\"2023-05-16T10:24:01+00:00\",\"breadcrumb\":{\"@id\":\"https:\\\/\\\/www.eteach-thueringen.de\\\/jt22-kultur-technik-koordination\\\/#breadcrumb\"},\"inLanguage\":\"en-US\",\"potentialAction\":[{\"@type\":\"ReadAction\",\"target\":[\"https:\\\/\\\/www.eteach-thueringen.de\\\/jt22-kultur-technik-koordination\\\/\"]}]},{\"@type\":\"ImageObject\",\"inLanguage\":\"en-US\",\"@id\":\"https:\\\/\\\/www.eteach-thueringen.de\\\/jt22-kultur-technik-koordination\\\/#primaryimage\",\"url\":\"https:\\\/\\\/www.uni-weimar.de\\\/fileadmin\\\/_processed_\\\/d\\\/7\\\/csm_illumatkalender_covermotiv-Ganzbild_flat_e5a4cf3f61.png\",\"contentUrl\":\"https:\\\/\\\/www.uni-weimar.de\\\/fileadmin\\\/_processed_\\\/d\\\/7\\\/csm_illumatkalender_covermotiv-Ganzbild_flat_e5a4cf3f61.png\"},{\"@type\":\"BreadcrumbList\",\"@id\":\"https:\\\/\\\/www.eteach-thueringen.de\\\/jt22-kultur-technik-koordination\\\/#breadcrumb\",\"itemListElement\":[{\"@type\":\"ListItem\",\"position\":1,\"name\":\"Startseite\",\"item\":\"https:\\\/\\\/www.eteach-thueringen.de\\\/\"},{\"@type\":\"ListItem\",\"position\":2,\"name\":\"JT22-Kultur-Technik-Koordination\"}]},{\"@type\":\"WebSite\",\"@id\":\"https:\\\/\\\/www.eteach-thueringen.de\\\/#website\",\"url\":\"https:\\\/\\\/www.eteach-thueringen.de\\\/\",\"name\":\"eTeach-Netzwerk Th\u00fcringen\",\"description\":\"\",\"publisher\":{\"@id\":\"https:\\\/\\\/www.eteach-thueringen.de\\\/#organization\"},\"potentialAction\":[{\"@type\":\"SearchAction\",\"target\":{\"@type\":\"EntryPoint\",\"urlTemplate\":\"https:\\\/\\\/www.eteach-thueringen.de\\\/?s={search_term_string}\"},\"query-input\":{\"@type\":\"PropertyValueSpecification\",\"valueRequired\":true,\"valueName\":\"search_term_string\"}}],\"inLanguage\":\"en-US\"},{\"@type\":\"Organization\",\"@id\":\"https:\\\/\\\/www.eteach-thueringen.de\\\/#organization\",\"name\":\"eTeach-Netzwerk Th\u00fcringen\",\"url\":\"https:\\\/\\\/www.eteach-thueringen.de\\\/\",\"logo\":{\"@type\":\"ImageObject\",\"inLanguage\":\"en-US\",\"@id\":\"https:\\\/\\\/www.eteach-thueringen.de\\\/#\\\/schema\\\/logo\\\/image\\\/\",\"url\":\"https:\\\/\\\/www.eteach-thueringen.de\\\/wp-content\\\/uploads\\\/2023\\\/01\\\/eTeach_Logo_offblack_offwhite_rund.png\",\"contentUrl\":\"https:\\\/\\\/www.eteach-thueringen.de\\\/wp-content\\\/uploads\\\/2023\\\/01\\\/eTeach_Logo_offblack_offwhite_rund.png\",\"width\":1151,\"height\":1152,\"caption\":\"eTeach-Netzwerk Th\u00fcringen\"},\"image\":{\"@id\":\"https:\\\/\\\/www.eteach-thueringen.de\\\/#\\\/schema\\\/logo\\\/image\\\/\"},\"sameAs\":[\"https:\\\/\\\/www.instagram.com\\\/eteachnetzwerk.thueringen\\\/\",\"https:\\\/\\\/www.linkedin.com\\\/company\\\/eteach-netzwerk-thringen\\\/\"]}]}<\/script>\n<!-- \/ Yoast SEO plugin. -->","yoast_head_json":{"title":"JT22-Culture-Technology-Coordination - eTeach-Network Thuringia","robots":{"index":"index","follow":"follow","max-snippet":"max-snippet:-1","max-image-preview":"max-image-preview:large","max-video-preview":"max-video-preview:-1"},"canonical":"https:\/\/www.eteach-thueringen.de\/en\/jt22-culture-technology-coordination\/","og_locale":"en_US","og_type":"article","og_title":"JT22-Kultur-Technik-Koordination - eTeach-Netzwerk Th\u00fcringen","og_description":"Der Illustrationsautomat Der ILLUMAT ist eine Zeichenmaschine, die im \u00f6ffentlichen Raum auftritt und mit einem breiten Publikum interagiert.&nbsp;Das Publikum schreibt seine W\u00fcnsche auf einen Wunschzettel, wirft Wunsch und M\u00fcnzen in den ILLUMAT, und innerhalb kurzer Zeit wirft der Automatismus eine individuelle Zeichnung aus, die in Minutenschnelle erdacht und umgesetzt wurde. Der Illustrationsautomat wandelt die W\u00fcnsche [&hellip;]","og_url":"https:\/\/www.eteach-thueringen.de\/en\/jt22-culture-technology-coordination\/","og_site_name":"eTeach-Netzwerk Th\u00fcringen","og_image":[{"url":"https:\/\/www.uni-weimar.de\/fileadmin\/_processed_\/d\/7\/csm_illumatkalender_covermotiv-Ganzbild_flat_e5a4cf3f61.png","type":"","width":"","height":""}],"twitter_card":"summary_large_image","twitter_misc":{"Est. reading time":"5 minutes"},"schema":{"@context":"https:\/\/schema.org","@graph":[{"@type":"WebPage","@id":"https:\/\/www.eteach-thueringen.de\/jt22-kultur-technik-koordination\/","url":"https:\/\/www.eteach-thueringen.de\/jt22-kultur-technik-koordination\/","name":"JT22-Culture-Technology-Coordination - eTeach-Network Thuringia","isPartOf":{"@id":"https:\/\/www.eteach-thueringen.de\/#website"},"primaryImageOfPage":{"@id":"https:\/\/www.eteach-thueringen.de\/jt22-kultur-technik-koordination\/#primaryimage"},"image":{"@id":"https:\/\/www.eteach-thueringen.de\/jt22-kultur-technik-koordination\/#primaryimage"},"thumbnailUrl":"https:\/\/www.uni-weimar.de\/fileadmin\/_processed_\/d\/7\/csm_illumatkalender_covermotiv-Ganzbild_flat_e5a4cf3f61.png","datePublished":"2023-05-16T10:24:01+00:00","breadcrumb":{"@id":"https:\/\/www.eteach-thueringen.de\/jt22-kultur-technik-koordination\/#breadcrumb"},"inLanguage":"en-US","potentialAction":[{"@type":"ReadAction","target":["https:\/\/www.eteach-thueringen.de\/jt22-kultur-technik-koordination\/"]}]},{"@type":"ImageObject","inLanguage":"en-US","@id":"https:\/\/www.eteach-thueringen.de\/jt22-kultur-technik-koordination\/#primaryimage","url":"https:\/\/www.uni-weimar.de\/fileadmin\/_processed_\/d\/7\/csm_illumatkalender_covermotiv-Ganzbild_flat_e5a4cf3f61.png","contentUrl":"https:\/\/www.uni-weimar.de\/fileadmin\/_processed_\/d\/7\/csm_illumatkalender_covermotiv-Ganzbild_flat_e5a4cf3f61.png"},{"@type":"BreadcrumbList","@id":"https:\/\/www.eteach-thueringen.de\/jt22-kultur-technik-koordination\/#breadcrumb","itemListElement":[{"@type":"ListItem","position":1,"name":"Startseite","item":"https:\/\/www.eteach-thueringen.de\/"},{"@type":"ListItem","position":2,"name":"JT22-Kultur-Technik-Koordination"}]},{"@type":"WebSite","@id":"https:\/\/www.eteach-thueringen.de\/#website","url":"https:\/\/www.eteach-thueringen.de\/","name":"eTeach Network Thuringia","description":"","publisher":{"@id":"https:\/\/www.eteach-thueringen.de\/#organization"},"potentialAction":[{"@type":"SearchAction","target":{"@type":"EntryPoint","urlTemplate":"https:\/\/www.eteach-thueringen.de\/?s={search_term_string}"},"query-input":{"@type":"PropertyValueSpecification","valueRequired":true,"valueName":"search_term_string"}}],"inLanguage":"en-US"},{"@type":"Organization","@id":"https:\/\/www.eteach-thueringen.de\/#organization","name":"eTeach Network Thuringia","url":"https:\/\/www.eteach-thueringen.de\/","logo":{"@type":"ImageObject","inLanguage":"en-US","@id":"https:\/\/www.eteach-thueringen.de\/#\/schema\/logo\/image\/","url":"https:\/\/www.eteach-thueringen.de\/wp-content\/uploads\/2023\/01\/eTeach_Logo_offblack_offwhite_rund.png","contentUrl":"https:\/\/www.eteach-thueringen.de\/wp-content\/uploads\/2023\/01\/eTeach_Logo_offblack_offwhite_rund.png","width":1151,"height":1152,"caption":"eTeach-Netzwerk Th\u00fcringen"},"image":{"@id":"https:\/\/www.eteach-thueringen.de\/#\/schema\/logo\/image\/"},"sameAs":["https:\/\/www.instagram.com\/eteachnetzwerk.thueringen\/","https:\/\/www.linkedin.com\/company\/eteach-netzwerk-thringen\/"]}]}},"_links":{"self":[{"href":"https:\/\/www.eteach-thueringen.de\/en\/wp-json\/wp\/v2\/pages\/471","targetHints":{"allow":["GET"]}}],"collection":[{"href":"https:\/\/www.eteach-thueringen.de\/en\/wp-json\/wp\/v2\/pages"}],"about":[{"href":"https:\/\/www.eteach-thueringen.de\/en\/wp-json\/wp\/v2\/types\/page"}],"author":[{"embeddable":true,"href":"https:\/\/www.eteach-thueringen.de\/en\/wp-json\/wp\/v2\/users\/15"}],"replies":[{"embeddable":true,"href":"https:\/\/www.eteach-thueringen.de\/en\/wp-json\/wp\/v2\/comments?post=471"}],"version-history":[{"count":1,"href":"https:\/\/www.eteach-thueringen.de\/en\/wp-json\/wp\/v2\/pages\/471\/revisions"}],"predecessor-version":[{"id":472,"href":"https:\/\/www.eteach-thueringen.de\/en\/wp-json\/wp\/v2\/pages\/471\/revisions\/472"}],"wp:attachment":[{"href":"https:\/\/www.eteach-thueringen.de\/en\/wp-json\/wp\/v2\/media?parent=471"}],"curies":[{"name":"wp","href":"https:\/\/api.w.org\/{rel}","templated":true}]}}