{"id":451,"date":"2023-05-16T11:32:21","date_gmt":"2023-05-16T09:32:21","guid":{"rendered":"https:\/\/www.eteach-thueringen.de\/wp\/?page_id=451"},"modified":"2023-07-02T18:37:16","modified_gmt":"2023-07-02T16:37:16","slug":"digital-day-2021-page","status":"publish","type":"page","link":"https:\/\/www.eteach-thueringen.de\/en\/digitaltag-2021-seite\/","title":{"rendered":"Digital Day 2021 page"},"content":{"rendered":"\n<h2 class=\"wp-block-heading\" id=\"microsite_content_title\">H\u00f6rsaal nur vom H\u00f6rensagen?! Wie Onlinestudieren gut gelingen kann.<\/h2>\n\n\n\n<p>Studieren hei\u00dft &#8211; einen Schritt in die Welt wagen, Horizonte weiten, neue Menschen kennenlernen, sich Themen erschlie\u00dfen und ausprobieren. Unter Pandemiebedingungen ist Studieren allerdings zu einer neuen Herausforderung f\u00fcr junge Menschen und ihre Familien, aber auch f\u00fcr Lehrende an Hochschulen geworden. In der Online-Veranstaltung am <strong>18. Juni um 15 bis 16 Uhr<\/strong> ging es um Erkenntnisse, Tipps und Tricks, wie Onlinestudieren gut gelingen und welche Vorteile damit verbunden sein k\u00f6nnen. Dabei diskutierten wir nicht nur \u00fcber die M\u00f6glichkeiten, sondern probierten sie auch gleich beispielhaft aus (u.a. digitales Whiteboard f\u00fcr Brainstorming, Digitale Umfragen und Pinnw\u00e4nde, Flipped Classroom f\u00fcr hybrides Lernen etc.). Veranstalter war das eTeach-Netzwerk Th\u00fcringen, das anwenderorientierte&nbsp;Qualifizierungsformate anbietet, kooperative Impulsprojekte bef\u00f6rdert und Tools und Anwendungen f\u00fcrs digitale Lehren und Lernen b\u00fcndelt.<\/p>\n\n\n\n<h3 class=\"wp-block-heading\">Wortwolken als Einstieg ins Thema Onlinestudieren<\/h3>\n\n\n\n<figure class=\"wp-block-image\"><a href=\"https:\/\/www.uni-weimar.de\/fileadmin\/user\/uni\/hauptseiten\/Studium\/Digital_Studieren\/eTeach\/MentiOnlinestudieren.jpg\" target=\"_blank\" rel=\"noreferrer noopener\"><img decoding=\"async\" src=\"https:\/\/www.uni-weimar.de\/fileadmin\/_processed_\/e\/e\/csm_MentiOnlinestudieren_3a547b8434.jpg\" alt=\"\"\/><\/a><\/figure>\n\n\n\n<figure class=\"wp-block-image\"><a href=\"https:\/\/www.uni-weimar.de\/fileadmin\/user\/uni\/hauptseiten\/Studium\/Digital_Studieren\/eTeach\/MentiBeibehalten.jpg\" target=\"_blank\" rel=\"noreferrer noopener\"><img decoding=\"async\" src=\"https:\/\/www.uni-weimar.de\/fileadmin\/_processed_\/2\/3\/csm_MentiBeibehalten_719c924afc.jpg\" alt=\"\"\/><\/a><\/figure>\n\n\n\n<h3 class=\"wp-block-heading\">Whitboard-Einsichten in der Onlinelehre von Frau Sirtl<\/h3>\n\n\n\n<figure class=\"wp-block-image\"><a href=\"https:\/\/www.uni-weimar.de\/fileadmin\/user\/uni\/hauptseiten\/Studium\/Digital_Studieren\/eTeach\/FotosBilder\/bild1.PNG\" target=\"_blank\" rel=\"noreferrer noopener\"><img decoding=\"async\" src=\"https:\/\/www.uni-weimar.de\/fileadmin\/_processed_\/c\/8\/csm_bild1_cd1ab45c61.png\" alt=\"\"\/><\/a><\/figure>\n\n\n\n<figure class=\"wp-block-image\"><a href=\"https:\/\/www.uni-weimar.de\/fileadmin\/user\/uni\/hauptseiten\/Studium\/Digital_Studieren\/eTeach\/FotosBilder\/Bild2.PNG\" target=\"_blank\" rel=\"noreferrer noopener\"><img decoding=\"async\" src=\"https:\/\/www.uni-weimar.de\/fileadmin\/_processed_\/b\/9\/csm_Bild2_1824755e6c.png\" alt=\"\"\/><\/a><\/figure>\n\n\n\n<figure class=\"wp-block-image\"><a href=\"https:\/\/www.uni-weimar.de\/fileadmin\/user\/uni\/hauptseiten\/Studium\/Digital_Studieren\/eTeach\/FotosBilder\/Bild3.PNG\" target=\"_blank\" rel=\"noreferrer noopener\"><img decoding=\"async\" src=\"https:\/\/www.uni-weimar.de\/fileadmin\/_processed_\/4\/f\/csm_Bild3_1484d1bd32.png\" alt=\"\"\/><\/a><\/figure>\n\n\n\n<h3 class=\"wp-block-heading\">Das waren Programm &amp; Ablauf<\/h3>\n\n\n\n<p><strong>Herzlich Willkommen!<br><\/strong>Begr\u00fc\u00dfung und Zurechtfinden im BigBlueButton-Raum<br>(Iren Schulz, eTeach-Netzwerk Th\u00fcringen)<\/p>\n\n\n\n<p><strong>Alles halb so schlimm?!<br><\/strong>Meinungen und Fakten zum Studieren unter Pandemiebedingungen<br>(Iren Schulz, eTeach-Netzwerk Th\u00fcringen)<\/p>\n\n\n\n<p><strong>Eine Frage der Perspektive?<\/strong><br>Einblick in die Onlinelehre zum Thema Architektur und Perspektive.<\/p>\n\n\n\n<p><strong>Abwechslung und Transparenz!<\/strong><br>Einblick in eine Lehrveranstaltung zum Thema Glasbau am Beispiel der digitalen Whiteboard-Nutzung<br>(<a href=\"https:\/\/www.uni-weimar.de\/en\/civil-engineering\/chairs\/stahl-und-hybridbau\/professur\/sirtl\/\" target=\"_blank\" rel=\"noreferrer noopener\">Christin Sirtl<\/a>, wissenschaftliche Mitarbeiterin an der Professur Stahl- und Hybridbau der Bauhaus-Uni Weimar und <a href=\"https:\/\/www.uni-weimar.de\/de\/universitaet\/aktuell\/jaehrliche-veranstaltungen\/jaehrliche-veranstaltungen-2021\/tag-der-lehre-2021\/\" target=\"_blank\" rel=\"noreferrer noopener\">Lehrpreistr\u00e4gerin 2021<\/a>)<\/p>\n\n\n\n<p><strong>Alone at home oder WG mal anders?<\/strong><br>Studieren, Leben, Lachen in der Pandemiezeit<br>(Laura Simon, <a href=\"https:\/\/www.uni-weimar.de\/de\/universitaet\/studium\/kennenlernangebote\/campusfuehrungen-von-studierenden\/\" target=\"_blank\" rel=\"noreferrer noopener\">Bauhaus.Botschafterin an der Bauhaus-Universit\u00e4t Weimar<\/a>)<\/p>\n\n\n\n<p><strong>Fragen, Tipps und Austausch mit den Teilnehmenden<\/strong><\/p>\n\n\n\n<p>Schluss gegen 16 Uhr<\/p>\n\n\n\n<hr class=\"wp-block-separator has-alpha-channel-opacity\"\/>\n\n\n\n<figure class=\"wp-block-image\"><a href=\"https:\/\/digitaltag.eu\/hoersaal-nur-vom-hoerensagen-wie-onlinestudieren-gelingen-kann\" target=\"_blank\" rel=\"noreferrer noopener\"><img decoding=\"async\" src=\"https:\/\/www.uni-weimar.de\/fileadmin\/_processed_\/3\/b\/csm_Digitaltag2021_Mitdabei_RGB_mitEcke_trans_a46039b7c7.png\" alt=\"\"\/><\/a><\/figure>\n\n\n\n<hr class=\"wp-block-separator has-alpha-channel-opacity\"\/>\n\n\n\n<h3 class=\"wp-block-heading\">Downloads<\/h3>\n\n\n\n<p><a href=\"https:\/\/www.uni-weimar.de\/fileadmin\/user\/uni\/hauptseiten\/Studium\/Digital_Studieren\/eTeach\/Menti_Digitaltag.pdf\" target=\"_blank\" rel=\"noreferrer noopener\">Alle Ergebnisse der Online-Umfrage (Beteiligung alle Anwesenden)<\/a><\/p>\n\n\n\n<p><a href=\"https:\/\/www.uni-weimar.de\/fileadmin\/user\/uni\/hauptseiten\/Studium\/Digital_Studieren\/eTeach\/eTeach_Digitaltag_Final.pdf\" target=\"_blank\" rel=\"noreferrer noopener\">Vortrag &#8222;Alles halb so schlimm?&#8220; (Pr\u00e4sentation Iren Schulz)<\/a><\/p>\n\n\n\n<p><a rel=\"noreferrer noopener\" href=\"https:\/\/www.uni-weimar.de\/fileadmin\/user\/uni\/hauptseiten\/Studium\/Digital_Studieren\/eTeach\/Bauhauswg.PNG\" target=\"_blank\">Flyer Bauhaus-WG (Pr\u00e4sentation Laura Simon)<\/a><\/p>\n\n\n\n<hr class=\"wp-block-separator has-alpha-channel-opacity\"\/>\n\n\n\n<h2 class=\"wp-block-heading\">Kontakt<\/h2>\n\n\n\n<figure class=\"wp-block-image\"><img decoding=\"async\" src=\"https:\/\/www.uni-weimar.de\/fileadmin\/_processed_\/b\/0\/csm_eTeach_IrenSchulz_1_089ea7924d.jpg\" alt=\"\"\/><\/figure>\n\n\n\n<p>Dr. Iren Schulz<\/p>\n\n\n\n<p>Telefon +49 (0) 36 43 \/ 58 12 65&nbsp;<br>E-Mail <a href=\"javascript:linkTo_UnCryptMailto('ocknvq,mqpvcmvBgvgcej\\\/vjwgtkpigp0fg');\">kontakt[at]eteach-thueringen.de<\/a><\/p>\n","protected":false},"excerpt":{"rendered":"<p>H\u00f6rsaal nur vom H\u00f6rensagen?! Wie Onlinestudieren gut gelingen kann. Studieren hei\u00dft &#8211; einen Schritt in die Welt wagen, Horizonte weiten, neue Menschen kennenlernen, sich Themen erschlie\u00dfen und ausprobieren. Unter Pandemiebedingungen ist Studieren allerdings zu einer neuen Herausforderung f\u00fcr junge Menschen und ihre Familien, aber auch f\u00fcr Lehrende an Hochschulen geworden. In der Online-Veranstaltung am 18. [&hellip;]<\/p>\n","protected":false},"author":15,"featured_media":0,"parent":0,"menu_order":0,"comment_status":"closed","ping_status":"closed","template":"","meta":{"footnotes":""},"class_list":["post-451","page","type-page","status-publish","hentry"],"yoast_head":"<!-- This site is optimized with the Yoast SEO plugin v27.4 - https:\/\/yoast.com\/product\/yoast-seo-wordpress\/ -->\n<title>Digitaltag 2021-Seite - eTeach-Netzwerk Th\u00fcringen<\/title>\n<meta name=\"robots\" content=\"index, follow, max-snippet:-1, max-image-preview:large, max-video-preview:-1\" \/>\n<link rel=\"canonical\" href=\"https:\/\/www.eteach-thueringen.de\/en\/digital-day-2021-page\/\" \/>\n<meta property=\"og:locale\" content=\"en_US\" \/>\n<meta property=\"og:type\" content=\"article\" \/>\n<meta property=\"og:title\" content=\"Digitaltag 2021-Seite - eTeach-Netzwerk Th\u00fcringen\" \/>\n<meta property=\"og:description\" content=\"H\u00f6rsaal nur vom H\u00f6rensagen?! Wie Onlinestudieren gut gelingen kann. Studieren hei\u00dft &#8211; einen Schritt in die Welt wagen, Horizonte weiten, neue Menschen kennenlernen, sich Themen erschlie\u00dfen und ausprobieren. Unter Pandemiebedingungen ist Studieren allerdings zu einer neuen Herausforderung f\u00fcr junge Menschen und ihre Familien, aber auch f\u00fcr Lehrende an Hochschulen geworden. In der Online-Veranstaltung am 18. [&hellip;]\" \/>\n<meta property=\"og:url\" content=\"https:\/\/www.eteach-thueringen.de\/en\/digital-day-2021-page\/\" \/>\n<meta property=\"og:site_name\" content=\"eTeach-Netzwerk Th\u00fcringen\" \/>\n<meta property=\"article:modified_time\" content=\"2023-07-02T16:37:16+00:00\" \/>\n<meta property=\"og:image\" content=\"https:\/\/www.uni-weimar.de\/fileadmin\/_processed_\/e\/e\/csm_MentiOnlinestudieren_3a547b8434.jpg\" \/>\n<meta name=\"twitter:card\" content=\"summary_large_image\" \/>\n<meta name=\"twitter:label1\" content=\"Est. reading time\" \/>\n\t<meta name=\"twitter:data1\" content=\"2 minutes\" \/>\n<script type=\"application\/ld+json\" class=\"yoast-schema-graph\">{\"@context\":\"https:\\\/\\\/schema.org\",\"@graph\":[{\"@type\":\"WebPage\",\"@id\":\"https:\\\/\\\/www.eteach-thueringen.de\\\/digitaltag-2021-seite\\\/\",\"url\":\"https:\\\/\\\/www.eteach-thueringen.de\\\/digitaltag-2021-seite\\\/\",\"name\":\"Digitaltag 2021-Seite - eTeach-Netzwerk Th\u00fcringen\",\"isPartOf\":{\"@id\":\"https:\\\/\\\/www.eteach-thueringen.de\\\/#website\"},\"primaryImageOfPage\":{\"@id\":\"https:\\\/\\\/www.eteach-thueringen.de\\\/digitaltag-2021-seite\\\/#primaryimage\"},\"image\":{\"@id\":\"https:\\\/\\\/www.eteach-thueringen.de\\\/digitaltag-2021-seite\\\/#primaryimage\"},\"thumbnailUrl\":\"https:\\\/\\\/www.uni-weimar.de\\\/fileadmin\\\/_processed_\\\/e\\\/e\\\/csm_MentiOnlinestudieren_3a547b8434.jpg\",\"datePublished\":\"2023-05-16T09:32:21+00:00\",\"dateModified\":\"2023-07-02T16:37:16+00:00\",\"breadcrumb\":{\"@id\":\"https:\\\/\\\/www.eteach-thueringen.de\\\/digitaltag-2021-seite\\\/#breadcrumb\"},\"inLanguage\":\"en-US\",\"potentialAction\":[{\"@type\":\"ReadAction\",\"target\":[\"https:\\\/\\\/www.eteach-thueringen.de\\\/digitaltag-2021-seite\\\/\"]}]},{\"@type\":\"ImageObject\",\"inLanguage\":\"en-US\",\"@id\":\"https:\\\/\\\/www.eteach-thueringen.de\\\/digitaltag-2021-seite\\\/#primaryimage\",\"url\":\"https:\\\/\\\/www.uni-weimar.de\\\/fileadmin\\\/_processed_\\\/e\\\/e\\\/csm_MentiOnlinestudieren_3a547b8434.jpg\",\"contentUrl\":\"https:\\\/\\\/www.uni-weimar.de\\\/fileadmin\\\/_processed_\\\/e\\\/e\\\/csm_MentiOnlinestudieren_3a547b8434.jpg\"},{\"@type\":\"BreadcrumbList\",\"@id\":\"https:\\\/\\\/www.eteach-thueringen.de\\\/digitaltag-2021-seite\\\/#breadcrumb\",\"itemListElement\":[{\"@type\":\"ListItem\",\"position\":1,\"name\":\"Startseite\",\"item\":\"https:\\\/\\\/www.eteach-thueringen.de\\\/\"},{\"@type\":\"ListItem\",\"position\":2,\"name\":\"Digitaltag 2021-Seite\"}]},{\"@type\":\"WebSite\",\"@id\":\"https:\\\/\\\/www.eteach-thueringen.de\\\/#website\",\"url\":\"https:\\\/\\\/www.eteach-thueringen.de\\\/\",\"name\":\"eTeach-Netzwerk Th\u00fcringen\",\"description\":\"\",\"publisher\":{\"@id\":\"https:\\\/\\\/www.eteach-thueringen.de\\\/#organization\"},\"potentialAction\":[{\"@type\":\"SearchAction\",\"target\":{\"@type\":\"EntryPoint\",\"urlTemplate\":\"https:\\\/\\\/www.eteach-thueringen.de\\\/?s={search_term_string}\"},\"query-input\":{\"@type\":\"PropertyValueSpecification\",\"valueRequired\":true,\"valueName\":\"search_term_string\"}}],\"inLanguage\":\"en-US\"},{\"@type\":\"Organization\",\"@id\":\"https:\\\/\\\/www.eteach-thueringen.de\\\/#organization\",\"name\":\"eTeach-Netzwerk Th\u00fcringen\",\"url\":\"https:\\\/\\\/www.eteach-thueringen.de\\\/\",\"logo\":{\"@type\":\"ImageObject\",\"inLanguage\":\"en-US\",\"@id\":\"https:\\\/\\\/www.eteach-thueringen.de\\\/#\\\/schema\\\/logo\\\/image\\\/\",\"url\":\"https:\\\/\\\/www.eteach-thueringen.de\\\/wp-content\\\/uploads\\\/2023\\\/01\\\/eTeach_Logo_offblack_offwhite_rund.png\",\"contentUrl\":\"https:\\\/\\\/www.eteach-thueringen.de\\\/wp-content\\\/uploads\\\/2023\\\/01\\\/eTeach_Logo_offblack_offwhite_rund.png\",\"width\":1151,\"height\":1152,\"caption\":\"eTeach-Netzwerk Th\u00fcringen\"},\"image\":{\"@id\":\"https:\\\/\\\/www.eteach-thueringen.de\\\/#\\\/schema\\\/logo\\\/image\\\/\"},\"sameAs\":[\"https:\\\/\\\/www.instagram.com\\\/eteachnetzwerk.thueringen\\\/\",\"https:\\\/\\\/www.linkedin.com\\\/company\\\/eteach-netzwerk-thringen\\\/\"]}]}<\/script>\n<!-- \/ Yoast SEO plugin. -->","yoast_head_json":{"title":"Digital Day 2021 page - eTeach Network Thuringia","robots":{"index":"index","follow":"follow","max-snippet":"max-snippet:-1","max-image-preview":"max-image-preview:large","max-video-preview":"max-video-preview:-1"},"canonical":"https:\/\/www.eteach-thueringen.de\/en\/digital-day-2021-page\/","og_locale":"en_US","og_type":"article","og_title":"Digitaltag 2021-Seite - eTeach-Netzwerk Th\u00fcringen","og_description":"H\u00f6rsaal nur vom H\u00f6rensagen?! Wie Onlinestudieren gut gelingen kann. Studieren hei\u00dft &#8211; einen Schritt in die Welt wagen, Horizonte weiten, neue Menschen kennenlernen, sich Themen erschlie\u00dfen und ausprobieren. Unter Pandemiebedingungen ist Studieren allerdings zu einer neuen Herausforderung f\u00fcr junge Menschen und ihre Familien, aber auch f\u00fcr Lehrende an Hochschulen geworden. In der Online-Veranstaltung am 18. [&hellip;]","og_url":"https:\/\/www.eteach-thueringen.de\/en\/digital-day-2021-page\/","og_site_name":"eTeach-Netzwerk Th\u00fcringen","article_modified_time":"2023-07-02T16:37:16+00:00","og_image":[{"url":"https:\/\/www.uni-weimar.de\/fileadmin\/_processed_\/e\/e\/csm_MentiOnlinestudieren_3a547b8434.jpg","type":"","width":"","height":""}],"twitter_card":"summary_large_image","twitter_misc":{"Est. reading time":"2 minutes"},"schema":{"@context":"https:\/\/schema.org","@graph":[{"@type":"WebPage","@id":"https:\/\/www.eteach-thueringen.de\/digitaltag-2021-seite\/","url":"https:\/\/www.eteach-thueringen.de\/digitaltag-2021-seite\/","name":"Digital Day 2021 page - eTeach Network Thuringia","isPartOf":{"@id":"https:\/\/www.eteach-thueringen.de\/#website"},"primaryImageOfPage":{"@id":"https:\/\/www.eteach-thueringen.de\/digitaltag-2021-seite\/#primaryimage"},"image":{"@id":"https:\/\/www.eteach-thueringen.de\/digitaltag-2021-seite\/#primaryimage"},"thumbnailUrl":"https:\/\/www.uni-weimar.de\/fileadmin\/_processed_\/e\/e\/csm_MentiOnlinestudieren_3a547b8434.jpg","datePublished":"2023-05-16T09:32:21+00:00","dateModified":"2023-07-02T16:37:16+00:00","breadcrumb":{"@id":"https:\/\/www.eteach-thueringen.de\/digitaltag-2021-seite\/#breadcrumb"},"inLanguage":"en-US","potentialAction":[{"@type":"ReadAction","target":["https:\/\/www.eteach-thueringen.de\/digitaltag-2021-seite\/"]}]},{"@type":"ImageObject","inLanguage":"en-US","@id":"https:\/\/www.eteach-thueringen.de\/digitaltag-2021-seite\/#primaryimage","url":"https:\/\/www.uni-weimar.de\/fileadmin\/_processed_\/e\/e\/csm_MentiOnlinestudieren_3a547b8434.jpg","contentUrl":"https:\/\/www.uni-weimar.de\/fileadmin\/_processed_\/e\/e\/csm_MentiOnlinestudieren_3a547b8434.jpg"},{"@type":"BreadcrumbList","@id":"https:\/\/www.eteach-thueringen.de\/digitaltag-2021-seite\/#breadcrumb","itemListElement":[{"@type":"ListItem","position":1,"name":"Startseite","item":"https:\/\/www.eteach-thueringen.de\/"},{"@type":"ListItem","position":2,"name":"Digitaltag 2021-Seite"}]},{"@type":"WebSite","@id":"https:\/\/www.eteach-thueringen.de\/#website","url":"https:\/\/www.eteach-thueringen.de\/","name":"eTeach Network Thuringia","description":"","publisher":{"@id":"https:\/\/www.eteach-thueringen.de\/#organization"},"potentialAction":[{"@type":"SearchAction","target":{"@type":"EntryPoint","urlTemplate":"https:\/\/www.eteach-thueringen.de\/?s={search_term_string}"},"query-input":{"@type":"PropertyValueSpecification","valueRequired":true,"valueName":"search_term_string"}}],"inLanguage":"en-US"},{"@type":"Organization","@id":"https:\/\/www.eteach-thueringen.de\/#organization","name":"eTeach Network Thuringia","url":"https:\/\/www.eteach-thueringen.de\/","logo":{"@type":"ImageObject","inLanguage":"en-US","@id":"https:\/\/www.eteach-thueringen.de\/#\/schema\/logo\/image\/","url":"https:\/\/www.eteach-thueringen.de\/wp-content\/uploads\/2023\/01\/eTeach_Logo_offblack_offwhite_rund.png","contentUrl":"https:\/\/www.eteach-thueringen.de\/wp-content\/uploads\/2023\/01\/eTeach_Logo_offblack_offwhite_rund.png","width":1151,"height":1152,"caption":"eTeach-Netzwerk Th\u00fcringen"},"image":{"@id":"https:\/\/www.eteach-thueringen.de\/#\/schema\/logo\/image\/"},"sameAs":["https:\/\/www.instagram.com\/eteachnetzwerk.thueringen\/","https:\/\/www.linkedin.com\/company\/eteach-netzwerk-thringen\/"]}]}},"_links":{"self":[{"href":"https:\/\/www.eteach-thueringen.de\/en\/wp-json\/wp\/v2\/pages\/451","targetHints":{"allow":["GET"]}}],"collection":[{"href":"https:\/\/www.eteach-thueringen.de\/en\/wp-json\/wp\/v2\/pages"}],"about":[{"href":"https:\/\/www.eteach-thueringen.de\/en\/wp-json\/wp\/v2\/types\/page"}],"author":[{"embeddable":true,"href":"https:\/\/www.eteach-thueringen.de\/en\/wp-json\/wp\/v2\/users\/15"}],"replies":[{"embeddable":true,"href":"https:\/\/www.eteach-thueringen.de\/en\/wp-json\/wp\/v2\/comments?post=451"}],"version-history":[{"count":2,"href":"https:\/\/www.eteach-thueringen.de\/en\/wp-json\/wp\/v2\/pages\/451\/revisions"}],"predecessor-version":[{"id":1007,"href":"https:\/\/www.eteach-thueringen.de\/en\/wp-json\/wp\/v2\/pages\/451\/revisions\/1007"}],"wp:attachment":[{"href":"https:\/\/www.eteach-thueringen.de\/en\/wp-json\/wp\/v2\/media?parent=451"}],"curies":[{"name":"wp","href":"https:\/\/api.w.org\/{rel}","templated":true}]}}